{"id":696875,"date":"2025-08-27T14:37:04","date_gmt":"2025-08-27T11:37:04","guid":{"rendered":"https:\/\/roveyayinevi.com.tr\/index.php\/urun\/sivil-itaatsizlik-kamu-vicdanina-cagri\/"},"modified":"2026-04-16T02:06:46","modified_gmt":"2026-04-15T23:06:46","slug":"sivil-itaatsizlik-kamu-vicdanina-cagri","status":"publish","type":"product","link":"https:\/\/roveyayinevi.com.tr\/index.php\/urun\/sivil-itaatsizlik-kamu-vicdanina-cagri\/","title":{"rendered":"Sivil \u0130taatsizlik Kamu Vicdan\u0131na \u00c7a\u011fr\u0131"},"content":{"rendered":"<p>Tam bir \u00e7\u00fcr\u00fcme d\u00f6nemi ya\u015f\u0131yoruz. Devlet bireylere, \u201comlet yapmak i\u00e7in k\u0131r\u0131lmas\u0131 gereken yumurtalar\u201d olarak bak\u0131yor. Yeni bir toplumsal mutabakat ihtiyac\u0131 var; devlet istemiyor. Mevcut hukuk sistemi zevahiri kurtarm\u0131yor. B\u00fct\u00fcn insani de\u011ferler g\u00f6recele\u015fmeye ba\u015flad\u0131. Peki, b\u00fct\u00fcn bunlara ra\u011fmen, vicdan\u0131 s\u0131zlayan, adalet duygusuna sahip, herkes i\u00e7in haks\u0131zl\u0131\u011fa kar\u015f\u0131 \u00e7\u0131kan ve haks\u0131zl\u0131\u011fa kar\u015f\u0131 \u00e7\u0131kan herkesle birlikte davranmay\u0131 beceren ki\u015fi(lik)ler\/ birliktelikler imk\u00e2ns\u0131z m\u0131?Sivil itaatsizlik, haks\u0131zl\u0131klara kar\u015f\u0131 b\u00fct\u00fcn yasal yollar\u0131n t\u00fckendi\u011fi noktada kamu vicdan\u0131na \u00e7a\u011fr\u0131y\u0131 ama\u00e7layan bir eylem t\u00fcr\u00fc. D\u00fc\u015f\u00fcnen, kendisiyle bar\u0131\u015f\u0131k ya\u015famak isteyen, \u201conur\u201ddan h\u00e2l\u00e2 haberdar olan insanlar\u0131n daha vahim toplumsal felaketlerin \u00f6n\u00fcne ge\u00e7mek i\u00e7in ba\u015fvurabilecekleri bir \u00e7are. Bireyin, ki\u015fisel \u00e7\u0131karlar, parti, grup ve \u00e7evre \u00e7\u0131karlar\u0131ndan ba\u011f\u0131ms\u0131z olarak, kendisiyle vicdani hesapla\u015fmas\u0131n\u0131n sonunda giri\u015fti\u011fi \u201cdemokratik bir isyan t\u00fcr\u00fc\u201d. Vicdan\u0131n zorlad\u0131\u011f\u0131 bu isyana ba\u015fka insanlar\u0131n da kat\u0131lmas\u0131 i\u00e7in d\u00fc\u015f\u00fcnsel ortakl\u0131\u011fa, ideolojik birli\u011fe gerek yoktur. Kar\u015f\u0131 olunan konuyu i\u00e7eren bir ortak anlay\u0131\u015f\u0131n olu\u015fmas\u0131, yani k\u0131smi bir d\u00fc\u015f\u00fcnsel \u00e7ak\u0131\u015fman\u0131n varl\u0131\u011f\u0131 yeterlidir.Ba\u015fka bir ifadeyle sivil itaatsizlik, g\u00fcndelik ili\u015fkilerimizde bizi bir arada tutan ahl\u00e2ki ilkeleri (haks\u0131zl\u0131klara kar\u015f\u0131 \u00e7\u0131kmak, yalan s\u00f6ylememek, sahtek\u00e2rl\u0131k yapmamak, s\u00f6z\u00fcm\u00fcz\u00fc tutmak, yapt\u0131\u011f\u0131m\u0131z\u0131 sahiplenmek&#8230; vb.) politik d\u00fczeye ta\u015f\u0131ma, o d\u00fczeyde ge\u00e7erli k\u0131lma \u00e7abas\u0131d\u0131r. Sistemin geneline de\u011fil tekil haks\u0131zl\u0131klara y\u00f6neliktir. Alenidir. Politik ve hukuki sorumluluk \u00fcstlenilerek kamu vicdan\u0131n\u0131 k\u0131p\u0131rdatmay\u0131 hedefleyen, \u015fiddet i\u00e7ermeyen, mevcut yasal yollar t\u00fckendikten sonra ba\u015fvurmak zorunda kal\u0131nan, bu nedenle yasad\u0131\u015f\u0131, ama me\u015fru bir eylem bi\u00e7imidir.Elinizdeki kitap konu ile ilgili farkl\u0131 deneyimlerden yola \u00e7\u0131k\u0131larak yaz\u0131lm\u0131\u015f \u00f6nemli teorik metinleri bir araya getiriyor. Bu metinler, sivil itaatsizli\u011fin Bat\u0131\u2019da, yani az \u00e7ok adil ili\u015fkilerin var oldu\u011fu \u00fclkelerdeki d\u00fczeltici yan\u0131na; demokratik ili\u015fkilerin yerle\u015fmedi\u011fi \u00fclkelerde ise yap\u0131c\u0131\/kurucu yan\u0131na da ayr\u0131ca dikkat \u00e7ekiyor. Demokrasi k\u00fclt\u00fcr\u00fcn\u00fcn geli\u015fmedi\u011fi \u00fclkelerde kendine g\u00fcvenmedi\u011fi i\u00e7in \u201czor\u201dla varl\u0131\u011f\u0131n\u0131 s\u00fcrd\u00fcren devlete kar\u015f\u0131 direnmeyi i\u00e7erirken, ayn\u0131 zamanda, anti-totaliter yeni bir k\u00fclt\u00fcr\u00fcn olu\u015fmas\u0131n\u0131n da \u00f6n\u00fcn\u00fc a\u00e7\u0131yor sivil itaatsizlik. \u201cD\u00fczen\u201d yerine \u201cadalet\u201dten, \u201conursuz bir suskunluk\u201d yerine \u201cinsana sayg\u0131 g\u00f6steren tart\u0131\u015fmac\u0131 bir \u00e7okseslilikten\u201d yana olanlar i\u00e7in&#8230; \ufffcTan\u0131t\u0131m Metni<\/p>\n","protected":false},"excerpt":{"rendered":"<p>Tam bir \u00e7\u00fcr\u00fcme d\u00f6nemi ya\u015f\u0131yoruz. Devlet bireylere, \u201comlet yapmak i\u00e7in k\u0131r\u0131lmas\u0131 gereken yumurtalar\u201d olarak bak\u0131yor. Yeni bir toplumsal mutabakat ihtiyac\u0131 var; devlet istemiyor. Mevcut hukuk sistemi<span class=\"excerpt-hellip\"> [\u2026]<\/span><\/p>\n","protected":false},"featured_media":0,"template":"","meta":{"_monsterinsights_skip_tracking":false,"_monsterinsights_sitenote_active":false,"_monsterinsights_sitenote_note":"","_monsterinsights_sitenote_category":0},"product_brand":[],"product_cat":[13633,12324],"product_tag":[],"class_list":{"0":"post-696875","1":"product","2":"type-product","3":"status-publish","5":"product_cat-kultur-ve-bilim","6":"product_cat-sosyoloji","7":"pa_cilt-ciltsiz","8":"pa_tur-kitap","9":"pa_yayinevi-ayrinti-yayinlari","10":"pa_yazar-kollektif","12":"first","13":"instock","14":"sale","15":"shipping-taxable","16":"purchasable","17":"product-type-simple"},"_links":{"self":[{"href":"https:\/\/roveyayinevi.com.tr\/index.php\/wp-json\/wp\/v2\/product\/696875","targetHints":{"allow":["GET"]}}],"collection":[{"href":"https:\/\/roveyayinevi.com.tr\/index.php\/wp-json\/wp\/v2\/product"}],"about":[{"href":"https:\/\/roveyayinevi.com.tr\/index.php\/wp-json\/wp\/v2\/types\/product"}],"wp:attachment":[{"href":"https:\/\/roveyayinevi.com.tr\/index.php\/wp-json\/wp\/v2\/media?parent=696875"}],"wp:term":[{"taxonomy":"product_brand","embeddable":true,"href":"https:\/\/roveyayinevi.com.tr\/index.php\/wp-json\/wp\/v2\/product_brand?post=696875"},{"taxonomy":"product_cat","embeddable":true,"href":"https:\/\/roveyayinevi.com.tr\/index.php\/wp-json\/wp\/v2\/product_cat?post=696875"},{"taxonomy":"product_tag","embeddable":true,"href":"https:\/\/roveyayinevi.com.tr\/index.php\/wp-json\/wp\/v2\/product_tag?post=696875"}],"curies":[{"name":"wp","href":"https:\/\/api.w.org\/{rel}","templated":true}]}}