{"id":696873,"date":"2025-08-27T14:37:03","date_gmt":"2025-08-27T11:37:03","guid":{"rendered":"https:\/\/roveyayinevi.com.tr\/index.php\/urun\/ilkcag-dusunce-tarihi\/"},"modified":"2026-04-16T02:06:46","modified_gmt":"2026-04-15T23:06:46","slug":"ilkcag-dusunce-tarihi","status":"publish","type":"product","link":"https:\/\/roveyayinevi.com.tr\/index.php\/urun\/ilkcag-dusunce-tarihi\/","title":{"rendered":"\u0130lk\u00e7a\u011f D\u00fc\u015f\u00fcnce Tarihi"},"content":{"rendered":"<p>\u0130lk bas\u0131m\u0131n\u0131 \u0130lk\u00e7a\u011f D\u00fc\u015f\u00fcnce Tarihi ad\u0131yla 1995 y\u0131l\u0131nda Birle\u015fik Yay\u0131nlar\u0131 \u0130lk\u00e7a\u011f D\u00fc\u015f\u00fcnce ve Uygarl\u0131k Tarihi ad\u0131yla K\u00f6pr\u00fc Yay\u0131nc\u0131l\u0131k taraf\u0131ndan 2. kez yay\u0131nlanan bu \u00e7al\u0131\u015fmam\u0131z, klasik tarzda yaz\u0131lm\u0131\u015f bir ilk\u00e7a\u011f felsefe ve uygarl\u0131k tarihi de\u011fildir. \u0130nsan\u0131n ya\u015fad\u0131\u011f\u0131 do\u011fan\u0131n tasviri ve do\u011fa kar\u015f\u0131s\u0131nda insan\u0131n konumunu tespitle i\u015fe ba\u015flay\u0131p, ilk insan uygarl\u0131klar\u0131 \u00fczerinde ku\u015f u\u00e7u\u015fu tespitlerde bulunduk. <\/p>\n","protected":false},"excerpt":{"rendered":"<p>\u0130lk bas\u0131m\u0131n\u0131 \u0130lk\u00e7a\u011f D\u00fc\u015f\u00fcnce Tarihi ad\u0131yla 1995 y\u0131l\u0131nda Birle\u015fik Yay\u0131nlar\u0131 \u0130lk\u00e7a\u011f D\u00fc\u015f\u00fcnce ve Uygarl\u0131k Tarihi ad\u0131yla K\u00f6pr\u00fc Yay\u0131nc\u0131l\u0131k taraf\u0131ndan 2. kez yay\u0131nlanan bu \u00e7al\u0131\u015fmam\u0131z, klasik tarzda<span class=\"excerpt-hellip\"> [\u2026]<\/span><\/p>\n","protected":false},"featured_media":0,"template":"","meta":{"_monsterinsights_skip_tracking":false,"_monsterinsights_sitenote_active":false,"_monsterinsights_sitenote_note":"","_monsterinsights_sitenote_category":0},"product_brand":[],"product_cat":[12312,12304],"product_tag":[],"class_list":{"0":"post-696873","1":"product","2":"type-product","3":"status-publish","5":"product_cat-diger","6":"product_cat-tarih","7":"pa_tur-kitap","8":"pa_yayinevi-berikan-yayinlari","9":"pa_yazar-faruk-yilmaz","11":"first","12":"instock","13":"sale","14":"shipping-taxable","15":"purchasable","16":"product-type-simple"},"_links":{"self":[{"href":"https:\/\/roveyayinevi.com.tr\/index.php\/wp-json\/wp\/v2\/product\/696873","targetHints":{"allow":["GET"]}}],"collection":[{"href":"https:\/\/roveyayinevi.com.tr\/index.php\/wp-json\/wp\/v2\/product"}],"about":[{"href":"https:\/\/roveyayinevi.com.tr\/index.php\/wp-json\/wp\/v2\/types\/product"}],"wp:attachment":[{"href":"https:\/\/roveyayinevi.com.tr\/index.php\/wp-json\/wp\/v2\/media?parent=696873"}],"wp:term":[{"taxonomy":"product_brand","embeddable":true,"href":"https:\/\/roveyayinevi.com.tr\/index.php\/wp-json\/wp\/v2\/product_brand?post=696873"},{"taxonomy":"product_cat","embeddable":true,"href":"https:\/\/roveyayinevi.com.tr\/index.php\/wp-json\/wp\/v2\/product_cat?post=696873"},{"taxonomy":"product_tag","embeddable":true,"href":"https:\/\/roveyayinevi.com.tr\/index.php\/wp-json\/wp\/v2\/product_tag?post=696873"}],"curies":[{"name":"wp","href":"https:\/\/api.w.org\/{rel}","templated":true}]}}