{"id":696797,"date":"2025-08-27T14:36:35","date_gmt":"2025-08-27T11:36:35","guid":{"rendered":"https:\/\/roveyayinevi.com.tr\/index.php\/urun\/ciceklerin-meryem-anasi\/"},"modified":"2026-04-16T02:06:43","modified_gmt":"2026-04-15T23:06:43","slug":"ciceklerin-meryem-anasi","status":"publish","type":"product","link":"https:\/\/roveyayinevi.com.tr\/index.php\/urun\/ciceklerin-meryem-anasi\/","title":{"rendered":"\u00c7i\u00e7eklerin Meryem Anas\u0131"},"content":{"rendered":"<p>16 ya\u015f\u0131ndaki bir katilin \u00f6yk\u00fcs\u00fcn\u00fc, geriye d\u00f6n\u00fc\u015flerle, onu Genet\u2019te \u00f6zg\u00fc bir dille kutsayarak anlat\u0131yor bu kitap. Frans\u0131z edebiyat\u0131nda Villon\u2019dan Rimbaud\u2019a toplumd\u0131\u015f\u0131 ki\u015filiklerin \u00f6n plana ge\u00e7ti\u011fi olmu\u015ftur. Ama takma ad\u0131 Notre-Dame-Des Fleurs (\u00c7i\u00e7eklerin Meryem Anas\u0131) olan bu ki\u015filik \u00f6n\u00fcm\u00fczde -okuyucu i\u00e7in- sadece aklanmakla kalm\u0131yor, gitgide mutlak bir azize, \u00fcst d\u00fczeydeki bir ermi\u015fe d\u00f6n\u00fc\u015f\u00fcyor. Oysa toplum i\u00e7in hep ayn\u0131 katil olarak kalmas\u0131, sonunda da g\u00fcl\u00fcn\u00e7 bir mahkemede yarg\u0131lanmas\u0131 hepimizi derinden sars\u0131yor. Toplumd\u0131\u015f\u0131 bir kesimin, h\u0131rs\u0131zlar, katiller, ka\u00e7ak\u00e7\u0131lar, fahi\u015feler, e\u015fcinsellerle dolu bir d\u00fcnyan\u0131n olanca karanl\u0131\u011f\u0131 ve \u015fiddeti Genet\u2019nin g\u00fc\u00e7l\u00fc anlat\u0131m\u0131yla \u015fa\u015f\u0131rt\u0131c\u0131 bir g\u00fczellik kazan\u0131rken, arada bir a\u011fdal\u0131, arada bir kendini ciddiye almayan bir savunma dizisi i\u00e7erisinde edebiyat\u0131n doruk noktalar\u0131na ula\u015f\u0131yoruz. Genet\u2019nin toplumla anla\u015fmazl\u0131\u011f\u0131n\u0131n uzla\u015fmazl\u0131\u011fa d\u00f6n\u00fc\u015ft\u00fc\u011f\u00fc nokta i\u015fte bu. Onun i\u00e7in Meryem Ana Kilise\u2019nin arad\u0131\u011f\u0131 yerde de\u011fildir, 16 ya\u015f\u0131ndaki bir katilin su\u00e7lu gibi g\u00f6r\u00fcnen, kirlendik\u00e7e aklanan \u00e7i\u00e7e\u011findedir. Edebiyat, bu ba\u011flamda art\u0131k bir durumu anlatma, bir \u00e7izgiye yerle\u015fip hesap verme de\u011fil; d\u00fcped\u00fcz bir \u00e7\u0131\u011fl\u0131\u011fa yakla\u015f\u0131yor. Tam \u00e7\u0131\u011fl\u0131k atacakken, yazmaya ba\u015flarsan\u0131z ne olur? \u0130\u015fte bu kitab\u0131n sizi davet etti\u011fi \u00e7\u0131\u011f\u0131r\u0131ndan \u00e7\u0131km\u0131\u015f maceralar dizisi. Genet\u2019nin, hapishanedeki arkada\u015flar\u0131ndan ka\u011f\u0131t kalem dilenerek neredeyse kan\u0131yla yazd\u0131\u011f\u0131 kimi zaman \u015fa\u015f\u0131rt\u0131c\u0131 olan, hatta mant\u0131ks\u0131z, anlams\u0131z gibi g\u00f6r\u00fcnen, ama yine de \u015fiirsel t\u00fcmcelerle y\u00fckl\u00fc bu yap\u0131t \u00f6nce epey yad\u0131rganm\u0131\u015ft\u0131. \u0130lk okurlar\u0131ndan Sartre, Genet\u2019yi ki\u015fi olarak savunmas\u0131na ra\u011fmen, romanda bo\u015funa i\u015fleyen bir mekanizmadan ba\u015fka bir \u015fey bulamam\u0131\u015f, bu anlat\u0131ya mast\u00fcrbasyon etiketini yak\u0131\u015ft\u0131rm\u0131\u015ft\u0131. Art\u0131k bu kadar saf de\u011filiz. Bu anlat\u0131y\u0131 g\u00f6\u011f\u00fcsleyecek cesur okuyucular\u0131n varl\u0131\u011f\u0131na inan\u0131yoruz. Bu \u00e7eviriyi onlara ad\u0131yoruz. <\/p>\n","protected":false},"excerpt":{"rendered":"<p>16 ya\u015f\u0131ndaki bir katilin \u00f6yk\u00fcs\u00fcn\u00fc, geriye d\u00f6n\u00fc\u015flerle, onu Genet\u2019te \u00f6zg\u00fc bir dille kutsayarak anlat\u0131yor bu kitap. Frans\u0131z edebiyat\u0131nda Villon\u2019dan Rimbaud\u2019a toplumd\u0131\u015f\u0131 ki\u015filiklerin \u00f6n plana ge\u00e7ti\u011fi olmu\u015ftur.<span class=\"excerpt-hellip\"> [\u2026]<\/span><\/p>\n","protected":false},"featured_media":0,"template":"","meta":{"_monsterinsights_skip_tracking":false,"_monsterinsights_sitenote_active":false,"_monsterinsights_sitenote_note":"","_monsterinsights_sitenote_category":0},"product_brand":[],"product_cat":[12291,13376],"product_tag":[],"class_list":{"0":"post-696797","1":"product","2":"type-product","3":"status-publish","5":"product_cat-edebiyat","6":"product_cat-fransiz-edebiyati","7":"pa_cilt-ciltsiz","8":"pa_tur-kitap","9":"pa_yayinevi-ayrinti-yayinlari","10":"pa_yazar-jean-genet","12":"first","13":"instock","14":"sale","15":"shipping-taxable","16":"purchasable","17":"product-type-simple"},"_links":{"self":[{"href":"https:\/\/roveyayinevi.com.tr\/index.php\/wp-json\/wp\/v2\/product\/696797","targetHints":{"allow":["GET"]}}],"collection":[{"href":"https:\/\/roveyayinevi.com.tr\/index.php\/wp-json\/wp\/v2\/product"}],"about":[{"href":"https:\/\/roveyayinevi.com.tr\/index.php\/wp-json\/wp\/v2\/types\/product"}],"wp:attachment":[{"href":"https:\/\/roveyayinevi.com.tr\/index.php\/wp-json\/wp\/v2\/media?parent=696797"}],"wp:term":[{"taxonomy":"product_brand","embeddable":true,"href":"https:\/\/roveyayinevi.com.tr\/index.php\/wp-json\/wp\/v2\/product_brand?post=696797"},{"taxonomy":"product_cat","embeddable":true,"href":"https:\/\/roveyayinevi.com.tr\/index.php\/wp-json\/wp\/v2\/product_cat?post=696797"},{"taxonomy":"product_tag","embeddable":true,"href":"https:\/\/roveyayinevi.com.tr\/index.php\/wp-json\/wp\/v2\/product_tag?post=696797"}],"curies":[{"name":"wp","href":"https:\/\/api.w.org\/{rel}","templated":true}]}}