{"id":696590,"date":"2025-08-27T14:35:35","date_gmt":"2025-08-27T11:35:35","guid":{"rendered":"https:\/\/roveyayinevi.com.tr\/index.php\/urun\/modern-devlet-biyoiktidar-ve-soykirim\/"},"modified":"2026-04-16T02:06:23","modified_gmt":"2026-04-15T23:06:23","slug":"modern-devlet-biyoiktidar-ve-soykirim","status":"publish","type":"product","link":"https:\/\/roveyayinevi.com.tr\/index.php\/urun\/modern-devlet-biyoiktidar-ve-soykirim\/","title":{"rendered":"Modern Devlet, Biyoiktidar ve Soyk\u0131r\u0131m"},"content":{"rendered":"<p>Soyk\u0131r\u0131m en ac\u0131mas\u0131z \u015fiddet eylemlerinden birisi olarak nadir \u00f6rneklerde kar\u015f\u0131m\u0131za \u00e7\u0131kmaktad\u0131r. Eylemlerin ger\u00e7ekle\u015fti\u011fi yerler tarih boyunca \u015fiddetle \u00f6zde\u015f bi\u00e7imde haf\u0131zalarda yer almaktad\u0131r. Soyk\u0131r\u0131m moderniteyle i\u00e7 i\u00e7e olan bir \u015fiddet t\u00fcr\u00fcd\u00fcr ve modern kategorizasyonlar ve kategorik alg\u0131lar, modern devlet, modern devletin ideolojik ve b\u00fcrokratik ayg\u0131tlar\u0131, devletin yapt\u0131r\u0131m g\u00fcc\u00fc, g\u00f6zetim ve biyoiktidar gibi sosyopolitik s\u00fcre\u00e7ler ve yap\u0131lar var oldu\u011fu takdirde bu \u015fiddet t\u00fcr\u00fcn\u00fcn ortaya \u00e7\u0131kma olas\u0131\u011f\u0131 do\u011fmaktad\u0131r. <\/p>\n","protected":false},"excerpt":{"rendered":"<p>Soyk\u0131r\u0131m en ac\u0131mas\u0131z \u015fiddet eylemlerinden birisi olarak nadir \u00f6rneklerde kar\u015f\u0131m\u0131za \u00e7\u0131kmaktad\u0131r. Eylemlerin ger\u00e7ekle\u015fti\u011fi yerler tarih boyunca \u015fiddetle \u00f6zde\u015f bi\u00e7imde haf\u0131zalarda yer almaktad\u0131r. Soyk\u0131r\u0131m moderniteyle i\u00e7 i\u00e7e<span class=\"excerpt-hellip\"> [\u2026]<\/span><\/p>\n","protected":false},"featured_media":0,"template":"","meta":{"_monsterinsights_skip_tracking":false,"_monsterinsights_sitenote_active":false,"_monsterinsights_sitenote_note":"","_monsterinsights_sitenote_category":0},"product_brand":[],"product_cat":[12338,12337],"product_tag":[],"class_list":{"0":"post-696590","1":"product","2":"type-product","3":"status-publish","5":"product_cat-dunya-siyaseti-ve-politikasi","6":"product_cat-politika-siyaset","7":"pa_cilt-ciltsiz","8":"pa_tur-kitap","9":"pa_yayinevi-adres-yayinlari","10":"pa_yazar-ebru-coban-ozturk","12":"first","13":"instock","14":"sale","15":"shipping-taxable","16":"purchasable","17":"product-type-simple"},"_links":{"self":[{"href":"https:\/\/roveyayinevi.com.tr\/index.php\/wp-json\/wp\/v2\/product\/696590","targetHints":{"allow":["GET"]}}],"collection":[{"href":"https:\/\/roveyayinevi.com.tr\/index.php\/wp-json\/wp\/v2\/product"}],"about":[{"href":"https:\/\/roveyayinevi.com.tr\/index.php\/wp-json\/wp\/v2\/types\/product"}],"wp:attachment":[{"href":"https:\/\/roveyayinevi.com.tr\/index.php\/wp-json\/wp\/v2\/media?parent=696590"}],"wp:term":[{"taxonomy":"product_brand","embeddable":true,"href":"https:\/\/roveyayinevi.com.tr\/index.php\/wp-json\/wp\/v2\/product_brand?post=696590"},{"taxonomy":"product_cat","embeddable":true,"href":"https:\/\/roveyayinevi.com.tr\/index.php\/wp-json\/wp\/v2\/product_cat?post=696590"},{"taxonomy":"product_tag","embeddable":true,"href":"https:\/\/roveyayinevi.com.tr\/index.php\/wp-json\/wp\/v2\/product_tag?post=696590"}],"curies":[{"name":"wp","href":"https:\/\/api.w.org\/{rel}","templated":true}]}}