{"id":696586,"date":"2025-08-27T14:35:34","date_gmt":"2025-08-27T11:35:34","guid":{"rendered":"https:\/\/roveyayinevi.com.tr\/index.php\/urun\/avrupa-birligi-ve-turkiyede-azinliklar\/"},"modified":"2026-04-16T02:06:23","modified_gmt":"2026-04-15T23:06:23","slug":"avrupa-birligi-ve-turkiyede-azinliklar","status":"publish","type":"product","link":"https:\/\/roveyayinevi.com.tr\/index.php\/urun\/avrupa-birligi-ve-turkiyede-azinliklar\/","title":{"rendered":"Avrupa Birli\u011fi ve T\u00fcrkiye\u2019de Az\u0131nl\u0131klar"},"content":{"rendered":"<p>K\u00fclt\u00fcr gibi m\u00e2sum ve ehil bir alan\u0131n bile, biyolojik \u0131rk\u00e7\u0131l\u0131ktan bo\u015falan alan\u0131 tek ba\u015f\u0131na doldurmas\u0131, tart\u0131\u015ft\u0131\u011f\u0131m\u0131z konunun ne kadar muhataral\u0131 ve ince n\u00fcanslara s\u00e2hip oldu\u011funa dair bir fikir veriyor. Az\u0131nl\u0131klardan bahsederken ince n\u00fcanslar\u0131, kavramlar aras\u0131ndaki ge\u00e7i\u015fkenli\u011fi, \u00e7ak\u0131\u015fmalar\u0131 ve farkl\u0131 anlamlar\u0131 dikkate almal\u0131y\u0131z. Bunun yolu da kavram d\u00fcnyas\u0131n\u0131n arkas\u0131ndaki ger\u00e7ekli\u011fe dair keskin ve ku\u015fat\u0131c\u0131 bir g\u00f6r\u00fc\u015fe ve anlay\u0131\u015fa s\u00e2hip olmak.Murat Sara\u00e7l\u0131, bu ger\u00e7eklik duygusuna s\u00e2hip gelece\u011fi parlak gen\u00e7 akademisyenlerden biri. Az\u0131nl\u0131k sorunlar\u0131n\u0131 bir insan haklar\u0131 sorunu olarak ele al\u0131yor ve konuyla ilgili evrensel literat\u00fcr\u00fc ve tarihsel \u00e7abay\u0131, anla\u015f\u0131l\u0131r bir dil ile \u00f6zetliyor. \u00d6fkenin ve d\u00fc\u015fmanl\u0131klar\u0131n hakim oldu\u011fu bu tart\u0131\u015fmal\u0131 alan\u0131, T\u00fcrkiye i\u00e7in \u00e7ok de\u011ferli bir \u00e7abayla, anla\u015f\u0131l\u0131r ve ula\u015f\u0131l\u0131r hale getiriyor. Sakin bir kafayla d\u00fc\u015f\u00fcnebilmek, birbirimizi anlayabilmek i\u00e7in bu \u00e7abalara \u00e7ok ihtiyac\u0131m\u0131z var.Murat Sara\u00e7l\u0131&#8217;n\u0131n &#8220;Avrupa Birli\u011fi ve T\u00fcrkiye&#8217;de Az\u0131nl\u0131klar&#8221; ba\u015fl\u0131kl\u0131 \u00e7al\u0131\u015fmas\u0131, T\u00fcrkiye&#8217;nin en temel problemi olan &#8220;K\u00fcrt Sorunu&#8221;na akl-\u0131 selimle yakla\u015fmak i\u00e7in ba\u015flang\u0131\u00e7 niteli\u011finde okunmas\u0131 gereken \u00e7al\u0131\u015fmalar\u0131n ba\u015f\u0131nda geliyor. U\u00e7urum b\u00fcy\u00fck; bu mesafenin doldurulabilmesi i\u00e7in ilk yapmam\u0131z gereken \u015fey ayn\u0131 dili konu\u015fmak. Ayn\u0131 dili konu\u015fabilmek i\u00e7in \u00fczerinde uzla\u015fabilece\u011fimiz bir evrensel dil bulunuyor. Evrensel dil kulland\u0131\u011f\u0131 kavramlar ve varsay\u0131mlarla bize uluslararas\u0131 tecr\u00fcbeyi de aktar\u0131yor. Murat Sara\u00e7l\u0131, titiz bir \u00e7al\u0131\u015fma ile T\u00fcrkiye&#8217;yi merkeze alarak bu evrensel dili ve tecr\u00fcbeyi bizim alg\u0131 menzilimizin i\u00e7ine yerle\u015ftiriyor. <\/p>\n","protected":false},"excerpt":{"rendered":"<p>K\u00fclt\u00fcr gibi m\u00e2sum ve ehil bir alan\u0131n bile, biyolojik \u0131rk\u00e7\u0131l\u0131ktan bo\u015falan alan\u0131 tek ba\u015f\u0131na doldurmas\u0131, tart\u0131\u015ft\u0131\u011f\u0131m\u0131z konunun ne kadar muhataral\u0131 ve ince n\u00fcanslara s\u00e2hip oldu\u011funa dair<span class=\"excerpt-hellip\"> [\u2026]<\/span><\/p>\n","protected":false},"featured_media":0,"template":"","meta":{"_monsterinsights_skip_tracking":false,"_monsterinsights_sitenote_active":false,"_monsterinsights_sitenote_note":"","_monsterinsights_sitenote_category":0},"product_brand":[],"product_cat":[12338,12337],"product_tag":[],"class_list":{"0":"post-696586","1":"product","2":"type-product","3":"status-publish","5":"product_cat-dunya-siyaseti-ve-politikasi","6":"product_cat-politika-siyaset","7":"pa_cilt-ciltsiz","8":"pa_tur-kitap","9":"pa_yayinevi-adres-yayinlari","10":"pa_yazar-murat-saracli","12":"first","13":"instock","14":"sale","15":"shipping-taxable","16":"purchasable","17":"product-type-simple"},"_links":{"self":[{"href":"https:\/\/roveyayinevi.com.tr\/index.php\/wp-json\/wp\/v2\/product\/696586","targetHints":{"allow":["GET"]}}],"collection":[{"href":"https:\/\/roveyayinevi.com.tr\/index.php\/wp-json\/wp\/v2\/product"}],"about":[{"href":"https:\/\/roveyayinevi.com.tr\/index.php\/wp-json\/wp\/v2\/types\/product"}],"wp:attachment":[{"href":"https:\/\/roveyayinevi.com.tr\/index.php\/wp-json\/wp\/v2\/media?parent=696586"}],"wp:term":[{"taxonomy":"product_brand","embeddable":true,"href":"https:\/\/roveyayinevi.com.tr\/index.php\/wp-json\/wp\/v2\/product_brand?post=696586"},{"taxonomy":"product_cat","embeddable":true,"href":"https:\/\/roveyayinevi.com.tr\/index.php\/wp-json\/wp\/v2\/product_cat?post=696586"},{"taxonomy":"product_tag","embeddable":true,"href":"https:\/\/roveyayinevi.com.tr\/index.php\/wp-json\/wp\/v2\/product_tag?post=696586"}],"curies":[{"name":"wp","href":"https:\/\/api.w.org\/{rel}","templated":true}]}}