{"id":695967,"date":"2025-08-27T14:32:05","date_gmt":"2025-08-27T11:32:05","guid":{"rendered":"https:\/\/roveyayinevi.com.tr\/index.php\/urun\/kiliclarin-firtinasi-kisim-1\/"},"modified":"2026-04-16T02:05:49","modified_gmt":"2026-04-15T23:05:49","slug":"kiliclarin-firtinasi-kisim-1","status":"publish","type":"product","link":"https:\/\/roveyayinevi.com.tr\/index.php\/urun\/kiliclarin-firtinasi-kisim-1\/","title":{"rendered":"K\u0131l\u0131\u00e7lar\u0131n F\u0131rt\u0131nas\u0131 K\u0131s\u0131m 1"},"content":{"rendered":"<p>George R. R. Martin\u2019in muhte\u015fem serisi, K\u0131l\u0131\u00e7lar\u0131n F\u0131rt\u0131nas\u0131 ile modern fantastik edebiyat\u0131n istisnai ba\u015fyap\u0131tlar\u0131ndan biri konumuna geliyor, imgesel kurgunun b\u00fcy\u00fck eserleri aras\u0131ndaki yerini sa\u011flamla\u015ft\u0131r\u0131yor. \u0130ktidar m\u00fccadelesindeki be\u015f sava\u015f\u00e7\u0131dan birinin \u00f6lm\u00fc\u015f, bir di\u011ferinin g\u00f6zden d\u00fc\u015fm\u00fc\u015f olmas\u0131na ra\u011fmen sava\u015f t\u00fcm \u015fiddetiyle s\u00fcrmektedir. Yedi Krall\u0131k\u2019\u0131n zor durumdaki h\u00fck\u00fcmdar\u0131 Joffrey, Demir Taht\u2019ta oturmaya devam etmektedir. En amans\u0131z d\u00fc\u015fman\u0131 Stannis, takip etti\u011fi b\u00fcy\u00fcc\u00fc kad\u0131n\u0131n kurban\u0131 olmu\u015f ve bozguna u\u011fram\u0131\u015ft\u0131r. Nehirova\u2019daki Gen\u00e7 Robb, Kuzey\u2019e h\u00fckmetmekte; Daenerys ya\u015fayan son ejderhalarla beraber kana bulanm\u0131\u015f bir k\u0131tay\u0131 katetmektedir. Rakipler son hesapla\u015fma i\u00e7in harekete ge\u00e7erken b\u00fcy\u00fck bir yaban\u0131l ordusu, efsanevi \u00d6tekiler\u2019le birlikte medeniyetin merkezine do\u011fru ilerlemektedir. Diyarda s\u00fck\u00fbnet, Yedi Krall\u0131k\u2019\u0131n k\u0131l\u0131\u00e7lar\u0131n f\u0131rt\u0131nas\u0131 ile sars\u0131lmas\u0131yla m\u00fcmk\u00fcnd\u00fcr&#8230; Zengin bir hayal d\u00fcnyas\u0131n\u0131n \u00fcr\u00fcn\u00fc&#8230; boyutuyla \u00e7a\u011fda\u015f fantastik edebiyat\u0131n \u00fcmit verici \u00f6rneklerinden. -Publishers Weekly- \ufffcTan\u0131t\u0131m Metni<\/p>\n","protected":false},"excerpt":{"rendered":"<p>George R. R. Martin\u2019in muhte\u015fem serisi, K\u0131l\u0131\u00e7lar\u0131n F\u0131rt\u0131nas\u0131 ile modern fantastik edebiyat\u0131n istisnai ba\u015fyap\u0131tlar\u0131ndan biri konumuna geliyor, imgesel kurgunun b\u00fcy\u00fck eserleri aras\u0131ndaki yerini sa\u011flamla\u015ft\u0131r\u0131yor. \u0130ktidar m\u00fccadelesindeki<span class=\"excerpt-hellip\"> [\u2026]<\/span><\/p>\n","protected":false},"featured_media":0,"template":"","meta":{"_monsterinsights_skip_tracking":false,"_monsterinsights_sitenote_active":false,"_monsterinsights_sitenote_note":"","_monsterinsights_sitenote_category":0},"product_brand":[],"product_cat":[12540,12291],"product_tag":[],"class_list":{"0":"post-695967","1":"product","2":"type-product","3":"status-publish","5":"product_cat-bilim-kurgu","6":"product_cat-edebiyat","7":"pa_cilt-ciltsiz","8":"pa_tur-kitap","9":"pa_yayinevi-epsilon-yayinlari","10":"pa_yazar-george-r-r-martin","12":"first","13":"instock","14":"sale","15":"shipping-taxable","16":"purchasable","17":"product-type-simple"},"_links":{"self":[{"href":"https:\/\/roveyayinevi.com.tr\/index.php\/wp-json\/wp\/v2\/product\/695967","targetHints":{"allow":["GET"]}}],"collection":[{"href":"https:\/\/roveyayinevi.com.tr\/index.php\/wp-json\/wp\/v2\/product"}],"about":[{"href":"https:\/\/roveyayinevi.com.tr\/index.php\/wp-json\/wp\/v2\/types\/product"}],"wp:attachment":[{"href":"https:\/\/roveyayinevi.com.tr\/index.php\/wp-json\/wp\/v2\/media?parent=695967"}],"wp:term":[{"taxonomy":"product_brand","embeddable":true,"href":"https:\/\/roveyayinevi.com.tr\/index.php\/wp-json\/wp\/v2\/product_brand?post=695967"},{"taxonomy":"product_cat","embeddable":true,"href":"https:\/\/roveyayinevi.com.tr\/index.php\/wp-json\/wp\/v2\/product_cat?post=695967"},{"taxonomy":"product_tag","embeddable":true,"href":"https:\/\/roveyayinevi.com.tr\/index.php\/wp-json\/wp\/v2\/product_tag?post=695967"}],"curies":[{"name":"wp","href":"https:\/\/api.w.org\/{rel}","templated":true}]}}