{"id":695951,"date":"2025-08-27T14:32:01","date_gmt":"2025-08-27T11:32:01","guid":{"rendered":"https:\/\/roveyayinevi.com.tr\/index.php\/urun\/osmanli-ve-balkanlar-bir-tarihyazimi-arastirmasi\/"},"modified":"2026-04-16T02:05:49","modified_gmt":"2026-04-15T23:05:49","slug":"osmanli-ve-balkanlar-bir-tarihyazimi-arastirmasi","status":"publish","type":"product","link":"https:\/\/roveyayinevi.com.tr\/index.php\/urun\/osmanli-ve-balkanlar-bir-tarihyazimi-arastirmasi\/","title":{"rendered":"Osmanl\u0131 ve Balkanlar: Bir Tarihyaz\u0131m\u0131 Ara\u015ft\u0131rmas\u0131"},"content":{"rendered":"<p>Fikret Adan\u0131r ve Suraiya Faroqhi\u2019nin derledi\u011fi Osmanl\u0131 ve Balkanlar kitab\u0131 kendi alanlar\u0131nda uzman on ayr\u0131 tarih\u00e7inin incelemelerinden olu\u015fuyor. Her bir makale, farkl\u0131 dillere dayal\u0131 ar\u015fivlere ve tarih yaz\u0131m\u0131na bakarak Osmanl\u0131 tarihini ve Balkanlar\u0131n ge\u00e7mi\u015fini irdeliyor. Tarih yaz\u0131m\u0131 sorunsal\u0131 kadar, kli\u015feler, s\u00fcregelen ve tart\u0131\u015f\u0131lmayan olgular\u0131 yeniden d\u00fc\u015f\u00fcnmeye sevk eden zihin a\u00e7\u0131c\u0131 yorumlar bunlar. Hepsinin ortak noktas\u0131n\u0131, milliyet\u00e7i ve tahrif edilmi\u015f bir kronolojik tarih\u00e7ili\u011fe kar\u015f\u0131 verilen bir m\u00fccadele belirliyor. Ge\u00e7mi\u015fi y\u00fcceltmekten ka\u00e7\u0131nan, nostaljik de\u011ferlendirmelere kap\u0131lmayan ve bir alt\u0131n \u00e7a\u011f yaratmaya \u00e7al\u0131\u015fmayan bir \u00fcslup birli\u011finden de s\u00f6z edilebilir. Balkanlar\u0131n bitimsiz bir \u00e7at\u0131\u015fma ekseninde de\u011fil aksine olduk\u00e7a yak\u0131n tarihlerde ortaya \u00e7\u0131kan \u00e7e\u015fitli siyasi, dini ve ekonomik olumsall\u0131klar taraf\u0131ndan \u015fekillendirildi\u011fini d\u00fc\u015f\u00fcn\u00fcyorlar. Chr\u0131stoph K. Neumann, Klaus-Peter Matschke, B\u00fc\u015fra Ersanl\u0131, Herk\u00fcl Milas, Johann Strauus, Antonina Zhelyazkova, Fikret Adan\u0131r, G\u00e9za D\u00e1v\u0131d, P\u00e1l Fodor, Suraiya Faroqhi\u2019nin katk\u0131lar\u0131yla Osmanl\u0131 ve Balkanlar, merkezile\u015ftirme, me\u015fruiyet, iktidar payla\u015f\u0131m\u0131, kimlik ve milliyet\u00e7ili\u011fin bi\u00e7imleni\u015fine a\u011f\u0131rl\u0131k veren ara\u015ft\u0131rma ba\u011flam\u0131yla g\u00fc\u00e7l\u00fc bir ba\u015fvuru kitab\u0131. \ufffcTan\u0131t\u0131m Metni<\/p>\n","protected":false},"excerpt":{"rendered":"<p>Fikret Adan\u0131r ve Suraiya Faroqhi\u2019nin derledi\u011fi Osmanl\u0131 ve Balkanlar kitab\u0131 kendi alanlar\u0131nda uzman on ayr\u0131 tarih\u00e7inin incelemelerinden olu\u015fuyor. Her bir makale, farkl\u0131 dillere dayal\u0131 ar\u015fivlere ve<span class=\"excerpt-hellip\"> [\u2026]<\/span><\/p>\n","protected":false},"featured_media":0,"template":"","meta":{"_monsterinsights_skip_tracking":false,"_monsterinsights_sitenote_active":false,"_monsterinsights_sitenote_note":"","_monsterinsights_sitenote_category":0},"product_brand":[],"product_cat":[13517,12304],"product_tag":[],"class_list":{"0":"post-695951","1":"product","2":"type-product","3":"status-publish","5":"product_cat-osmanli-tarihi","6":"product_cat-tarih","7":"pa_cilt-ciltsiz","8":"pa_tur-kitap","9":"pa_yayinevi-iletisim-yayinlari","10":"pa_yazar-fikret-adanir","11":"pa_yazar-suraiya-faroqh","13":"first","14":"instock","15":"sale","16":"shipping-taxable","17":"purchasable","18":"product-type-simple"},"_links":{"self":[{"href":"https:\/\/roveyayinevi.com.tr\/index.php\/wp-json\/wp\/v2\/product\/695951","targetHints":{"allow":["GET"]}}],"collection":[{"href":"https:\/\/roveyayinevi.com.tr\/index.php\/wp-json\/wp\/v2\/product"}],"about":[{"href":"https:\/\/roveyayinevi.com.tr\/index.php\/wp-json\/wp\/v2\/types\/product"}],"wp:attachment":[{"href":"https:\/\/roveyayinevi.com.tr\/index.php\/wp-json\/wp\/v2\/media?parent=695951"}],"wp:term":[{"taxonomy":"product_brand","embeddable":true,"href":"https:\/\/roveyayinevi.com.tr\/index.php\/wp-json\/wp\/v2\/product_brand?post=695951"},{"taxonomy":"product_cat","embeddable":true,"href":"https:\/\/roveyayinevi.com.tr\/index.php\/wp-json\/wp\/v2\/product_cat?post=695951"},{"taxonomy":"product_tag","embeddable":true,"href":"https:\/\/roveyayinevi.com.tr\/index.php\/wp-json\/wp\/v2\/product_tag?post=695951"}],"curies":[{"name":"wp","href":"https:\/\/api.w.org\/{rel}","templated":true}]}}