{"id":695788,"date":"2025-08-27T14:31:10","date_gmt":"2025-08-27T11:31:10","guid":{"rendered":"https:\/\/roveyayinevi.com.tr\/index.php\/urun\/avrupa-birligi-ve-turkiye-iliskileri\/"},"modified":"2026-04-16T02:05:45","modified_gmt":"2026-04-15T23:05:45","slug":"avrupa-birligi-ve-turkiye-iliskileri","status":"publish","type":"product","link":"https:\/\/roveyayinevi.com.tr\/index.php\/urun\/avrupa-birligi-ve-turkiye-iliskileri\/","title":{"rendered":"Avrupa Birli\u011fi ve T\u00fcrkiye \u0130li\u015fkileri"},"content":{"rendered":"<p>Avrupa Birli\u011fi, T\u00fcrkiye ile \u00fcyelik m\u00fczakerelerine ba\u015flamas\u0131na ra\u011fmen T\u00fcrkiye\u2019nin AB \u00fcyeli\u011fine siyasal se\u00e7kinler d\u00fczeyinde hem AB i\u00e7inde hem de T\u00fcrkiye\u2019de kar\u015f\u0131t sesler y\u00fckselmeye ba\u015flam\u0131\u015ft\u0131r. Son y\u0131llarda T\u00fcrkiye-AB ili\u015fkilerine g\u00fcvensizlik ve belirsizlik damgas\u0131n\u0131 vurmu\u015ftur. Bunun bir sonucu olarak da hem T\u00fcrkiye\u2019de hem AB \u00fclkelerinde toplumsal d\u00fczeyde de bir \u015f\u00fcphe ve k\u0131zg\u0131nl\u0131k h\u00e2kim olmaya ba\u015flam\u0131\u015ft\u0131r.  Avrupa Birli\u011fi-T\u00fcrkiye \u0130li\u015fkileri: Beklentiler ve Kayg\u0131lar , ya\u015fanan bu gerilimlerin arkas\u0131nda yatan dinamikleri, hem T\u00fcrkiye\u2019de kamuoyu ve siyasal se\u00e7kinlerinin AB ile ilgili tutumlar\u0131n\u0131 hem de AB\u2019de kamuoyu ve siyasal se\u00e7kinlerin T\u00fcrkiye ile ilgili tutumlar\u0131n\u0131 \u00e7\u00f6z\u00fcmlemeyi ama\u00e7layan makaleleri i\u00e7ermektedir. O\u011fuz Esen ve Filiz Ba\u015fkan taraf\u0131ndan yay\u0131na haz\u0131rlanan Avrupa Birli\u011fi-T\u00fcrkiye \u0130li\u015fkileri: Beklentiler ve Kayg\u0131lar, T\u00fcrkler ve Avrupal\u0131lar birbirlerine nas\u0131l bakmaktad\u0131rlar; birbirleri hakk\u0131ndaki tutumlar\u0131n\u0131 etkileyen fakt\u00f6rler nelerdir; bu konuda siyasi se\u00e7kinler ve genel kamuoyu aras\u0131nda farkl\u0131l\u0131klar var m\u0131d\u0131r gibi sorulara cevap arayan, alan\u0131nda uzman akademisyenlerin \u00f6zg\u00fcn makalelerini bir araya getirerek AB-T\u00fcrkiye ili\u015fkilerinin son y\u0131llar\u0131na \u0131\u015f\u0131k tutacak bir \u00e7al\u0131\u015fmad\u0131r. <\/p>\n","protected":false},"excerpt":{"rendered":"<p>Avrupa Birli\u011fi, T\u00fcrkiye ile \u00fcyelik m\u00fczakerelerine ba\u015flamas\u0131na ra\u011fmen T\u00fcrkiye\u2019nin AB \u00fcyeli\u011fine siyasal se\u00e7kinler d\u00fczeyinde hem AB i\u00e7inde hem de T\u00fcrkiye\u2019de kar\u015f\u0131t sesler y\u00fckselmeye ba\u015flam\u0131\u015ft\u0131r. Son y\u0131llarda<span class=\"excerpt-hellip\"> [\u2026]<\/span><\/p>\n","protected":false},"featured_media":0,"template":"","meta":{"_monsterinsights_skip_tracking":false,"_monsterinsights_sitenote_active":false,"_monsterinsights_sitenote_note":"","_monsterinsights_sitenote_category":0},"product_brand":[],"product_cat":[13059,12337],"product_tag":[],"class_list":{"0":"post-695788","1":"product","2":"type-product","3":"status-publish","5":"product_cat-diger-politika-siyaset","6":"product_cat-politika-siyaset","7":"pa_tur-kitap","8":"pa_yayinevi-efil-yayinevi","9":"pa_yazar-ebru-canan","11":"first","12":"instock","13":"sale","14":"shipping-taxable","15":"purchasable","16":"product-type-simple"},"_links":{"self":[{"href":"https:\/\/roveyayinevi.com.tr\/index.php\/wp-json\/wp\/v2\/product\/695788","targetHints":{"allow":["GET"]}}],"collection":[{"href":"https:\/\/roveyayinevi.com.tr\/index.php\/wp-json\/wp\/v2\/product"}],"about":[{"href":"https:\/\/roveyayinevi.com.tr\/index.php\/wp-json\/wp\/v2\/types\/product"}],"wp:attachment":[{"href":"https:\/\/roveyayinevi.com.tr\/index.php\/wp-json\/wp\/v2\/media?parent=695788"}],"wp:term":[{"taxonomy":"product_brand","embeddable":true,"href":"https:\/\/roveyayinevi.com.tr\/index.php\/wp-json\/wp\/v2\/product_brand?post=695788"},{"taxonomy":"product_cat","embeddable":true,"href":"https:\/\/roveyayinevi.com.tr\/index.php\/wp-json\/wp\/v2\/product_cat?post=695788"},{"taxonomy":"product_tag","embeddable":true,"href":"https:\/\/roveyayinevi.com.tr\/index.php\/wp-json\/wp\/v2\/product_tag?post=695788"}],"curies":[{"name":"wp","href":"https:\/\/api.w.org\/{rel}","templated":true}]}}