{"id":695783,"date":"2025-08-27T14:31:09","date_gmt":"2025-08-27T11:31:09","guid":{"rendered":"https:\/\/roveyayinevi.com.tr\/index.php\/urun\/siyasi-ilahiyat\/"},"modified":"2026-02-03T02:08:44","modified_gmt":"2026-02-02T23:08:44","slug":"siyasi-ilahiyat","status":"publish","type":"product","link":"https:\/\/roveyayinevi.com.tr\/index.php\/urun\/siyasi-ilahiyat\/","title":{"rendered":"Siyasi \u0130lahiyat"},"content":{"rendered":"<p>Siyasi \u0130lahiyat\u2019\u0131n konusu, alt ba\u015fl\u0131\u011f\u0131ndan da anla\u015f\u0131laca\u011f\u0131 \u00fczere, egemenlik kuram\u0131d\u0131r. Yazar\u0131, Almanya\u2019n\u0131n XX. Y\u00fczy\u0131lda yeti\u015ftirdi\u011fi en \u00f6nemli birka\u00e7 hukuk\u00e7u-d\u00fc\u015f\u00fcn\u00fcrden biri olan, otoriter g\u00f6r\u00fc\u015fleri ve III. Reich\u2019la yapt\u0131\u011f\u0131 i\u015fbirli\u011fi nedeniyle de ilgin\u00e7 bir konum sunan Carl Schmitt\u2019tir Kitaplar\u0131n\u0131n \u00f6zellikle \u0130ngilizce\u2019ye \u00e7evrilmesiyle yo\u011fun bir \u015fekilde tart\u0131\u015f\u0131lmaya ba\u015flayan ve kar\u015f\u0131tlar\u0131ndan da b\u00fcy\u00fck sayg\u0131 g\u00f6ren parlak bir d\u00fc\u015f\u00fcn\u00fcrd\u00fcr. <\/p>\n","protected":false},"excerpt":{"rendered":"<p>Siyasi \u0130lahiyat\u2019\u0131n konusu, alt ba\u015fl\u0131\u011f\u0131ndan da anla\u015f\u0131laca\u011f\u0131 \u00fczere, egemenlik kuram\u0131d\u0131r. Yazar\u0131, Almanya\u2019n\u0131n XX. Y\u00fczy\u0131lda yeti\u015ftirdi\u011fi en \u00f6nemli birka\u00e7 hukuk\u00e7u-d\u00fc\u015f\u00fcn\u00fcrden biri olan, otoriter g\u00f6r\u00fc\u015fleri ve III. Reich\u2019la<span class=\"excerpt-hellip\"> [\u2026]<\/span><\/p>\n","protected":false},"featured_media":0,"template":"","meta":{"_monsterinsights_skip_tracking":false,"_monsterinsights_sitenote_active":false,"_monsterinsights_sitenote_note":"","_monsterinsights_sitenote_category":0},"product_brand":[],"product_cat":[13656,12337],"product_tag":[],"class_list":{"0":"post-695783","1":"product","2":"type-product","3":"status-publish","5":"product_cat-azinliklar-etnik-sorunlar","6":"product_cat-politika-siyaset","7":"pa_cilt-ciltsiz","8":"pa_tur-kitap","9":"pa_yayinevi-dost-kitabevi-yayinlari","10":"pa_yazar-carl-schmitt","12":"first","13":"instock","14":"sale","15":"shipping-taxable","16":"purchasable","17":"product-type-simple"},"_links":{"self":[{"href":"https:\/\/roveyayinevi.com.tr\/index.php\/wp-json\/wp\/v2\/product\/695783","targetHints":{"allow":["GET"]}}],"collection":[{"href":"https:\/\/roveyayinevi.com.tr\/index.php\/wp-json\/wp\/v2\/product"}],"about":[{"href":"https:\/\/roveyayinevi.com.tr\/index.php\/wp-json\/wp\/v2\/types\/product"}],"wp:attachment":[{"href":"https:\/\/roveyayinevi.com.tr\/index.php\/wp-json\/wp\/v2\/media?parent=695783"}],"wp:term":[{"taxonomy":"product_brand","embeddable":true,"href":"https:\/\/roveyayinevi.com.tr\/index.php\/wp-json\/wp\/v2\/product_brand?post=695783"},{"taxonomy":"product_cat","embeddable":true,"href":"https:\/\/roveyayinevi.com.tr\/index.php\/wp-json\/wp\/v2\/product_cat?post=695783"},{"taxonomy":"product_tag","embeddable":true,"href":"https:\/\/roveyayinevi.com.tr\/index.php\/wp-json\/wp\/v2\/product_tag?post=695783"}],"curies":[{"name":"wp","href":"https:\/\/api.w.org\/{rel}","templated":true}]}}