{"id":695732,"date":"2025-08-27T14:30:57","date_gmt":"2025-08-27T11:30:57","guid":{"rendered":"https:\/\/roveyayinevi.com.tr\/index.php\/urun\/ikinci-cumhuriyetciligin-temelleri\/"},"modified":"2026-04-16T02:05:44","modified_gmt":"2026-04-15T23:05:44","slug":"ikinci-cumhuriyetciligin-temelleri","status":"publish","type":"product","link":"https:\/\/roveyayinevi.com.tr\/index.php\/urun\/ikinci-cumhuriyetciligin-temelleri\/","title":{"rendered":"\u0130kinci Cumhuriyet\u00e7ili\u011fin Temelleri"},"content":{"rendered":"<p>Z\u00fcl\u00e2l Kalkandelen, \u00fclkemizde \u201cSivil Toplumculuk\u201d, \u201c\u0130kinci Cumhuriyet\u00e7ilik\u201d ya da \u201cNeoliberalizm\u201d olarak adland\u0131r\u0131lan siyasi ak\u0131m\u0131n fikir babas\u0131 Prof. Dr. \u0130dris K\u00fc\u00e7\u00fck\u00f6mer\u2019in tezleriyle tarihsel bir hesapla\u015fma i\u00e7ine giriyor. 1960\u2019lardan itibaren, Kurtulu\u015f Sava\u015f\u0131\u2019n\u0131n emperyalizme kar\u015f\u0131 verilmedi\u011fi ve yaln\u0131zca T\u00fcrk-Yunan sava\u015f\u0131ndan ibaret oldu\u011fu; Cumhuriyet\u2019in kurulu\u015funun bir devrim olmad\u0131\u011f\u0131, aksine b\u00fcrokratik egemenlik yaratt\u0131\u011f\u0131; T\u00fcrkiye\u2019de solun \u201cgerici\u201d, sa\u011f\u0131n \u201cilerici\u201d oldu\u011fu vb., tamam\u0131na yak\u0131n\u0131 g\u00fcn\u00fcm\u00fczde ge\u00e7ersiz k\u0131l\u0131nm\u0131\u015f g\u00f6r\u00fc\u015fler, Kalkandelen taraf\u0131ndan otopsi masas\u0131na yat\u0131r\u0131l\u0131yor. \u201cBat\u0131l\u0131la\u015fma\u201d sorunu ve emperyalizmden Ergenekon ve Balyoz davalar\u0131na, Il\u0131ml\u0131 \u0130slam\u2019dan \u201cYetmez ama Evet\u201de, \u201cKand\u0131r\u0131ld\u0131r!\u201d s\u00f6ylemlerinden darbelere a\u00e7\u0131lan yelpazede sa\u011flam bir politik zemin olu\u015fturan Kalkandelen, Cumhuriyet ve Ayd\u0131nlanma\u2019n\u0131n sesini y\u00fckseltiyor. <\/p>\n","protected":false},"excerpt":{"rendered":"<p>Z\u00fcl\u00e2l Kalkandelen, \u00fclkemizde \u201cSivil Toplumculuk\u201d, \u201c\u0130kinci Cumhuriyet\u00e7ilik\u201d ya da \u201cNeoliberalizm\u201d olarak adland\u0131r\u0131lan siyasi ak\u0131m\u0131n fikir babas\u0131 Prof. Dr. \u0130dris K\u00fc\u00e7\u00fck\u00f6mer\u2019in tezleriyle tarihsel bir hesapla\u015fma i\u00e7ine giriyor.<span class=\"excerpt-hellip\"> [\u2026]<\/span><\/p>\n","protected":false},"featured_media":0,"template":"","meta":{"_monsterinsights_skip_tracking":false,"_monsterinsights_sitenote_active":false,"_monsterinsights_sitenote_note":"","_monsterinsights_sitenote_category":0},"product_brand":[],"product_cat":[12337,14706],"product_tag":[],"class_list":{"0":"post-695732","1":"product","2":"type-product","3":"status-publish","5":"product_cat-politika-siyaset","6":"product_cat-siyaset-bilimi","7":"pa_cilt-ciltsiz","8":"pa_tur-kitap","9":"pa_yayinevi-cumhuriyet-kitaplari","10":"pa_yazar-zulal-kalkandelen","12":"first","13":"instock","14":"sale","15":"shipping-taxable","16":"purchasable","17":"product-type-simple"},"_links":{"self":[{"href":"https:\/\/roveyayinevi.com.tr\/index.php\/wp-json\/wp\/v2\/product\/695732","targetHints":{"allow":["GET"]}}],"collection":[{"href":"https:\/\/roveyayinevi.com.tr\/index.php\/wp-json\/wp\/v2\/product"}],"about":[{"href":"https:\/\/roveyayinevi.com.tr\/index.php\/wp-json\/wp\/v2\/types\/product"}],"wp:attachment":[{"href":"https:\/\/roveyayinevi.com.tr\/index.php\/wp-json\/wp\/v2\/media?parent=695732"}],"wp:term":[{"taxonomy":"product_brand","embeddable":true,"href":"https:\/\/roveyayinevi.com.tr\/index.php\/wp-json\/wp\/v2\/product_brand?post=695732"},{"taxonomy":"product_cat","embeddable":true,"href":"https:\/\/roveyayinevi.com.tr\/index.php\/wp-json\/wp\/v2\/product_cat?post=695732"},{"taxonomy":"product_tag","embeddable":true,"href":"https:\/\/roveyayinevi.com.tr\/index.php\/wp-json\/wp\/v2\/product_tag?post=695732"}],"curies":[{"name":"wp","href":"https:\/\/api.w.org\/{rel}","templated":true}]}}