{"id":695707,"date":"2025-08-27T14:30:51","date_gmt":"2025-08-27T11:30:51","guid":{"rendered":"https:\/\/roveyayinevi.com.tr\/index.php\/urun\/egitimciler-icin-insan-haklari-ve-vatandaslik\/"},"modified":"2026-04-16T02:05:43","modified_gmt":"2026-04-15T23:05:43","slug":"egitimciler-icin-insan-haklari-ve-vatandaslik","status":"publish","type":"product","link":"https:\/\/roveyayinevi.com.tr\/index.php\/urun\/egitimciler-icin-insan-haklari-ve-vatandaslik\/","title":{"rendered":"E\u011fitimciler \u0130\u00e7in \u0130nsan Haklar\u0131 ve Vatanda\u015fl\u0131k"},"content":{"rendered":"<p>Sosyal bilimler i\u00e7inde de\u011ferlendirilebilecek olan \u0130nsan Haklar\u0131 ve Vatanda\u015fl\u0131k alan\u0131n\u0131n \u00f6nemi her ge\u00e7en g\u00fcn artmaktad\u0131r. Bu alanla hukuk\u00e7ular, felsefeciler, tarih\u00e7iler, sosyologlar, siyaset bilimciler ve e\u011fitimciler ilgilenmi\u015fler ve eserler vermi\u015flerdir. Daha \u00e7ok e\u011fitimci hedef kitlesi i\u00e7in (\u00f6zellikle sosyal bilgiler \u00f6\u011fretmenli\u011fi b\u00f6l\u00fcm\u00fc \u00f6\u011frencileri i\u00e7in) yaz\u0131lm\u0131\u015f olan bu kitaba ili\u015fkin, ilk bask\u0131n\u0131n yap\u0131ld\u0131\u011f\u0131 g\u00fcnden bug\u00fcne kadar bir\u00e7ok geri bildirim ald\u0131m. Bu geri bildirimlerin hemen hemen t\u00fcm\u00fc kitab\u0131n yaz\u0131l\u0131\u015f amac\u0131na hizmet etti\u011fi y\u00f6n\u00fcndeydi ve beni \u00e7ok mutlu etti. Baz\u0131 geri bildirimler de kitab\u0131n geli\u015ftirilmesine ili\u015fkin de\u011ferli g\u00f6r\u00fc\u015fler i\u00e7ermekteydi. \u0130lk bask\u0131s\u0131 t\u00fckenen ve ikinci bask\u0131s\u0131 yap\u0131lmak istenen kitapta bu g\u00f6r\u00fc\u015fleri ve \u00f6zellikle 1982 Anayasas\u0131&#8217;nda 12 Eyl\u00fcl 2010 tarihli halkoylamas\u0131yla yap\u0131lan de\u011fi\u015fiklikleri dikkate alarak baz\u0131 eklemeler ve d\u00fczeltmeler yapt\u0131m. Ama yal\u0131nl\u0131k, anla\u015f\u0131l\u0131rl\u0131k, T\u00fcrk\u00e7e yaz\u0131m kurallar\u0131na ve hedef kitleye uygunluk gibi \u00f6l\u00e7\u00fctlerindeki kararl\u0131l\u0131\u011f\u0131m\u0131 kitab\u0131n ikinci bask\u0131s\u0131nda da korumaya \u00f6zen g\u00f6sterdim. Kitab\u0131n ikinci bask\u0131s\u0131n\u0131n da t\u00fcm okuyuculara yararl\u0131 olmas\u0131n\u0131 dilerim. \ufffcTan\u0131t\u0131m Metni<\/p>\n","protected":false},"excerpt":{"rendered":"<p>Sosyal bilimler i\u00e7inde de\u011ferlendirilebilecek olan \u0130nsan Haklar\u0131 ve Vatanda\u015fl\u0131k alan\u0131n\u0131n \u00f6nemi her ge\u00e7en g\u00fcn artmaktad\u0131r. Bu alanla hukuk\u00e7ular, felsefeciler, tarih\u00e7iler, sosyologlar, siyaset bilimciler ve e\u011fitimciler ilgilenmi\u015fler<span class=\"excerpt-hellip\"> [\u2026]<\/span><\/p>\n","protected":false},"featured_media":0,"template":"","meta":{"_monsterinsights_skip_tracking":false,"_monsterinsights_sitenote_active":false,"_monsterinsights_sitenote_note":"","_monsterinsights_sitenote_category":0},"product_brand":[],"product_cat":[12573,12566],"product_tag":[],"class_list":{"0":"post-695707","1":"product","2":"type-product","3":"status-publish","5":"product_cat-akademik-kitaplar","6":"product_cat-egitim","7":"pa_tur-kitap","8":"pa_yayinevi-siyasal-kitabevi-akademik-kitaplar","9":"pa_yazar-yasemin-karaman-kepenekci","11":"first","12":"instock","13":"sale","14":"shipping-taxable","15":"purchasable","16":"product-type-simple"},"_links":{"self":[{"href":"https:\/\/roveyayinevi.com.tr\/index.php\/wp-json\/wp\/v2\/product\/695707","targetHints":{"allow":["GET"]}}],"collection":[{"href":"https:\/\/roveyayinevi.com.tr\/index.php\/wp-json\/wp\/v2\/product"}],"about":[{"href":"https:\/\/roveyayinevi.com.tr\/index.php\/wp-json\/wp\/v2\/types\/product"}],"wp:attachment":[{"href":"https:\/\/roveyayinevi.com.tr\/index.php\/wp-json\/wp\/v2\/media?parent=695707"}],"wp:term":[{"taxonomy":"product_brand","embeddable":true,"href":"https:\/\/roveyayinevi.com.tr\/index.php\/wp-json\/wp\/v2\/product_brand?post=695707"},{"taxonomy":"product_cat","embeddable":true,"href":"https:\/\/roveyayinevi.com.tr\/index.php\/wp-json\/wp\/v2\/product_cat?post=695707"},{"taxonomy":"product_tag","embeddable":true,"href":"https:\/\/roveyayinevi.com.tr\/index.php\/wp-json\/wp\/v2\/product_tag?post=695707"}],"curies":[{"name":"wp","href":"https:\/\/api.w.org\/{rel}","templated":true}]}}