{"id":695600,"date":"2025-08-27T14:29:43","date_gmt":"2025-08-27T11:29:43","guid":{"rendered":"https:\/\/roveyayinevi.com.tr\/index.php\/urun\/marx-ve-hegel-uzerine-calismalar\/"},"modified":"2026-04-16T02:05:41","modified_gmt":"2026-04-15T23:05:41","slug":"marx-ve-hegel-uzerine-calismalar","status":"publish","type":"product","link":"https:\/\/roveyayinevi.com.tr\/index.php\/urun\/marx-ve-hegel-uzerine-calismalar\/","title":{"rendered":"Marx ve Hegel \u00dczerine \u00c7al\u0131\u015fmalar"},"content":{"rendered":"<p>Jean Wahl ve Alexandre Kojeve ile birlikte, Fransa\u2019da Hegel\u2019in felsefesinin yay\u0131lmas\u0131n\u0131 ve uzun denebilecek bir s\u00fcre boyunca d\u00fc\u015f\u00fcnce d\u00fcnyas\u0131na h\u00fckmetmesini sa\u011flam\u0131\u015f olan 20. y\u00fczy\u0131l\u0131n \u00f6nemli d\u00fc\u015f\u00fcn\u00fcrlerinden biridir Jean Hyppolite. Onu bu derece \u00f6nemli k\u0131lan, Hegel\u2019in Fenomenoloji\u2019sini 1946 y\u0131l\u0131nda Frans\u0131zcaya \u00e7evirmi\u015f olmas\u0131n\u0131n yan\u0131s\u0131ra, Hegel \u00e7al\u0131\u015fmalar\u0131 a\u00e7\u0131s\u0131ndan halen vazge\u00e7ilmez bir nitelik ta\u015f\u0131yan 1947 y\u0131l\u0131nda yay\u0131mlad\u0131\u011f\u0131 Genese et structure de la Phenomenologie de I\u2019esprit de Hegel ba\u015fl\u0131kl\u0131 \u00e7al\u0131\u015fmas\u0131d\u0131r. Ba\u015fyap\u0131t\u0131 olan Kapital\u2019de kendisini a\u00e7\u0131k\u00e7a Hegel\u2019in \u00f6\u011frencisi olarak ilan eden ve d\u00fc\u015f\u00fcnceleriyle neredeyse y\u00fcz elli y\u0131ld\u0131r d\u00fcnyay\u0131 hem d\u00fc\u015f\u00fcnsel anlamda hem de pratik anlamda son derece etkilemi\u015f bir d\u00fc\u015f\u00fcn\u00fcr olan Marx\u2019\u0131n eserlerinin kaynaklar\u0131, felsefeyle ili\u015fkisi halen \u00f6nemli bir tart\u0131\u015fma konusudur. Bu t\u00fcrden tart\u0131\u015fmalar\u0131n gelip dayand\u0131\u011f\u0131 as\u0131l nokta da Hegel\u2019in felsefesidir, Marx\u2019\u0131n Hegel\u2019le olan ili\u015fkisidir. Jean Hyppolite, Marx ve Hegel \u00dczerine \u00c7al\u0131\u015fmalar\u2019da (1955), Hegel\u2019in felsefesindeki Marksizme kaynakl\u0131k etmi\u015f olabilecek \u00f6\u011feleri, Marx\u2019\u0131n olgunluk d\u00f6nemi eserlerinin ard\u0131nda yatan felsefi varsay\u0131mlar\u0131, Marx\u2019\u0131n Hegel ele\u015ftirisinin i\u00e7erimlerini ve bu ele\u015ftirilerde hakl\u0131 olup olmad\u0131\u011f\u0131n\u0131 ve ayr\u0131ca hem Hegel\u2019in hem de Marx\u2019\u0131n d\u00fc\u015f\u00fcncesinin varolu\u015f\u00e7u felsefe i\u00e7inde de\u011ferlendirilebilecek y\u00f6nlerini tart\u0131\u015fmaya a\u00e7\u0131yor. Hyppolite\u2019in eseri, bu anlamda, Herbert Marcuse\u2019nin Us ve Devrim\u2019i (1941) ve Georg Lukacs\u2019\u0131n Gen\u00e7 Hegel\u2019inin (1948) yan\u0131nda Marx ve Hegel ili\u015fkisine dair \u00fc\u00e7\u00fcnc\u00fc b\u00fcy\u00fck ana kaynak olarak g\u00f6r\u00fclebilir. Hegel\u2019in Fenomenoloji\u2019sini okumu\u015f olmadan Kapital\u2019i okumak ka\u00e7\u0131n\u0131lmaz bir \u015fekilde bir dizi yanl\u0131\u015f yoruma g\u00f6t\u00fcrecektir. Hyppolite\u2019in, Marx\u2019\u0131n Hegel\u2019le olan ili\u015fkisine dair s\u00f6yledikleri halen \u00fczerinde d\u00fc\u015f\u00fcn\u00fclmeye de\u011fer ve Marx ve Hegel \u00dczerine \u00c7al\u0131\u015fmalar bu anlamda hem Hegel\u2019in hem de Marx\u2019\u0131n d\u00fc\u015f\u00fcncelerini kavramak a\u00e7\u0131s\u0131ndan \u00f6nemli bir ba\u015fvuru kayna\u011f\u0131 sunuyor. \ufffcTan\u0131t\u0131m Metni<\/p>\n","protected":false},"excerpt":{"rendered":"<p>Jean Wahl ve Alexandre Kojeve ile birlikte, Fransa\u2019da Hegel\u2019in felsefesinin yay\u0131lmas\u0131n\u0131 ve uzun denebilecek bir s\u00fcre boyunca d\u00fc\u015f\u00fcnce d\u00fcnyas\u0131na h\u00fckmetmesini sa\u011flam\u0131\u015f olan 20. y\u00fczy\u0131l\u0131n \u00f6nemli d\u00fc\u015f\u00fcn\u00fcrlerinden<span class=\"excerpt-hellip\"> [\u2026]<\/span><\/p>\n","protected":false},"featured_media":0,"template":"","meta":{"_monsterinsights_skip_tracking":false,"_monsterinsights_sitenote_active":false,"_monsterinsights_sitenote_note":"","_monsterinsights_sitenote_category":0},"product_brand":[],"product_cat":[12388,15309],"product_tag":[],"class_list":{"0":"post-695600","1":"product","2":"type-product","3":"status-publish","5":"product_cat-felsefe","6":"product_cat-felsefi-akimlar","7":"pa_cilt-ciltsiz","8":"pa_tur-kitap","9":"pa_yayinevi-dogu-bati-yayinlari","10":"pa_yazar-jean-hyppolite","12":"first","13":"instock","14":"sale","15":"shipping-taxable","16":"purchasable","17":"product-type-simple"},"_links":{"self":[{"href":"https:\/\/roveyayinevi.com.tr\/index.php\/wp-json\/wp\/v2\/product\/695600","targetHints":{"allow":["GET"]}}],"collection":[{"href":"https:\/\/roveyayinevi.com.tr\/index.php\/wp-json\/wp\/v2\/product"}],"about":[{"href":"https:\/\/roveyayinevi.com.tr\/index.php\/wp-json\/wp\/v2\/types\/product"}],"wp:attachment":[{"href":"https:\/\/roveyayinevi.com.tr\/index.php\/wp-json\/wp\/v2\/media?parent=695600"}],"wp:term":[{"taxonomy":"product_brand","embeddable":true,"href":"https:\/\/roveyayinevi.com.tr\/index.php\/wp-json\/wp\/v2\/product_brand?post=695600"},{"taxonomy":"product_cat","embeddable":true,"href":"https:\/\/roveyayinevi.com.tr\/index.php\/wp-json\/wp\/v2\/product_cat?post=695600"},{"taxonomy":"product_tag","embeddable":true,"href":"https:\/\/roveyayinevi.com.tr\/index.php\/wp-json\/wp\/v2\/product_tag?post=695600"}],"curies":[{"name":"wp","href":"https:\/\/api.w.org\/{rel}","templated":true}]}}