{"id":695523,"date":"2025-08-27T14:29:24","date_gmt":"2025-08-27T11:29:24","guid":{"rendered":"https:\/\/roveyayinevi.com.tr\/index.php\/urun\/seytan-yemini\/"},"modified":"2026-04-16T02:05:11","modified_gmt":"2026-04-15T23:05:11","slug":"seytan-yemini","status":"publish","type":"product","link":"https:\/\/roveyayinevi.com.tr\/index.php\/urun\/seytan-yemini\/","title":{"rendered":"\u015eeytan Yemini"},"content":{"rendered":"<p>Birbirinin benzeri cinayetler i\u015flenmektedir. Bu cinayetlerin ortak noktalar\u0131, katillerinin \u00f6ld\u00fckten sonra hayata d\u00f6nd\u00fcr\u00fclm\u00fc\u015f ve uzun s\u00fcre komada kalm\u0131\u015f insanlar olmas\u0131d\u0131r. \u00d6ld\u00fcr\u00fclen ki\u015filer de, onlar\u0131n komaya girmesine sebep olan ki\u015filerdir. Bir t\u00fcr intikam cinayetleridir bunlar. Ancak bu ki\u015filer ger\u00e7ekten katil midir? Yoksa sadece verilen emirleri uygulayan birer piyon mudurlar? Avrupa&#8217;n\u0131n birbirinden uzak kentlerinde i\u015flenen bu cinayetler nas\u0131l bu denli benzerlik i\u00e7ermektedir? Yoksa katil tek bir ki\u015fi midir? Kendini \u015feytan\u0131n yerine koyan, kendini \u015feytan sanan biri. Belki de \u015feytan ger\u00e7ekten yery\u00fcz\u00fcne inmi\u015ftir.<\/p>\n","protected":false},"excerpt":{"rendered":"<p>Birbirinin benzeri cinayetler i\u015flenmektedir. Bu cinayetlerin ortak noktalar\u0131, katillerinin \u00f6ld\u00fckten sonra hayata d\u00f6nd\u00fcr\u00fclm\u00fc\u015f ve uzun s\u00fcre komada kalm\u0131\u015f insanlar olmas\u0131d\u0131r. \u00d6ld\u00fcr\u00fclen ki\u015filer de, onlar\u0131n komaya girmesine<span class=\"excerpt-hellip\"> [\u2026]<\/span><\/p>\n","protected":false},"featured_media":0,"template":"","meta":{"_monsterinsights_skip_tracking":false,"_monsterinsights_sitenote_active":false,"_monsterinsights_sitenote_note":"","_monsterinsights_sitenote_category":0},"product_brand":[],"product_cat":[12803,12291],"product_tag":[],"class_list":{"0":"post-695523","1":"product","2":"type-product","3":"status-publish","5":"product_cat-aksiyon-macera","6":"product_cat-edebiyat","7":"pa_cilt-ciltsiz","8":"pa_tur-kitap","9":"pa_yayinevi-dogan-kitap","10":"pa_yazar-jean-christophe-grange","12":"first","13":"instock","14":"sale","15":"shipping-taxable","16":"purchasable","17":"product-type-simple"},"_links":{"self":[{"href":"https:\/\/roveyayinevi.com.tr\/index.php\/wp-json\/wp\/v2\/product\/695523","targetHints":{"allow":["GET"]}}],"collection":[{"href":"https:\/\/roveyayinevi.com.tr\/index.php\/wp-json\/wp\/v2\/product"}],"about":[{"href":"https:\/\/roveyayinevi.com.tr\/index.php\/wp-json\/wp\/v2\/types\/product"}],"wp:attachment":[{"href":"https:\/\/roveyayinevi.com.tr\/index.php\/wp-json\/wp\/v2\/media?parent=695523"}],"wp:term":[{"taxonomy":"product_brand","embeddable":true,"href":"https:\/\/roveyayinevi.com.tr\/index.php\/wp-json\/wp\/v2\/product_brand?post=695523"},{"taxonomy":"product_cat","embeddable":true,"href":"https:\/\/roveyayinevi.com.tr\/index.php\/wp-json\/wp\/v2\/product_cat?post=695523"},{"taxonomy":"product_tag","embeddable":true,"href":"https:\/\/roveyayinevi.com.tr\/index.php\/wp-json\/wp\/v2\/product_tag?post=695523"}],"curies":[{"name":"wp","href":"https:\/\/api.w.org\/{rel}","templated":true}]}}