{"id":695515,"date":"2025-08-27T14:29:23","date_gmt":"2025-08-27T11:29:23","guid":{"rendered":"https:\/\/roveyayinevi.com.tr\/index.php\/urun\/okyanus-otesindeki-vaiz\/"},"modified":"2026-04-06T02:10:25","modified_gmt":"2026-04-05T23:10:25","slug":"okyanus-otesindeki-vaiz","status":"publish","type":"product","link":"https:\/\/roveyayinevi.com.tr\/index.php\/urun\/okyanus-otesindeki-vaiz\/","title":{"rendered":"Okyanus \u00d6tesindeki Vaiz"},"content":{"rendered":"<p>Sayg\u0131 \u00d6zt\u00fcrk\u2019\u00fcn Fet*hullah G\u00fclen ile ilgili bu \u00e7ok \u00f6zel ve ayr\u0131nt\u0131l\u0131 ara\u015ft\u0131rmas\u0131yla ezberiniz bozulacak, T\u00fcrkiye ger\u00e7eklerine bamba\u015fka bir a\u00e7\u0131dan bakacaks\u0131n\u0131z. Kimdir bu Fet*hullah G\u00fclen? Yetene\u011fi, niteli\u011fi, \u00f6zelli\u011fi nedir? \u0130lkokul mezunu bir emekli vaiz nas\u0131l olur da b\u00f6ylesine bir organizasyonla birlikte milyarlarca dolarl\u0131k bir para g\u00fcc\u00fcn\u00fc eline ge\u00e7irmi\u015f olabilir? Bu de\u011firmenin suyu nereden gelmektedir? Kimdir, para g\u00fcc\u00fcyle birlikte devleti de ele ge\u00e7irmeyi b\u00fcy\u00fck \u00f6l\u00e7\u00fcde ba\u015faran bu \u015fah\u0131s? Bu korkun\u00e7 paralar\u0131n arkas\u0131nda kim, kimler vard\u0131r? Ni\u00e7in y\u0131llard\u0131r ABD\u2019de ya\u015f\u0131yor? ABD, bu \u015fahs\u0131 \u00fclkesinde hangi gerek\u00e7elerle tutuyor, koruyor ve kolluyor? <\/p>\n","protected":false},"excerpt":{"rendered":"<p>Sayg\u0131 \u00d6zt\u00fcrk\u2019\u00fcn Fet*hullah G\u00fclen ile ilgili bu \u00e7ok \u00f6zel ve ayr\u0131nt\u0131l\u0131 ara\u015ft\u0131rmas\u0131yla ezberiniz bozulacak, T\u00fcrkiye ger\u00e7eklerine bamba\u015fka bir a\u00e7\u0131dan bakacaks\u0131n\u0131z. Kimdir bu Fet*hullah G\u00fclen? Yetene\u011fi, niteli\u011fi,<span class=\"excerpt-hellip\"> [\u2026]<\/span><\/p>\n","protected":false},"featured_media":0,"template":"","meta":{"_monsterinsights_skip_tracking":false,"_monsterinsights_sitenote_active":false,"_monsterinsights_sitenote_note":"","_monsterinsights_sitenote_category":0},"product_brand":[],"product_cat":[13059,12337],"product_tag":[],"class_list":{"0":"post-695515","1":"product","2":"type-product","3":"status-publish","5":"product_cat-diger-politika-siyaset","6":"product_cat-politika-siyaset","7":"pa_cilt-ciltsiz","8":"pa_tur-kitap","9":"pa_yayinevi-dogan-kitap","10":"pa_yazar-saygi-ozturk","12":"first","13":"instock","14":"sale","15":"shipping-taxable","16":"purchasable","17":"product-type-simple"},"_links":{"self":[{"href":"https:\/\/roveyayinevi.com.tr\/index.php\/wp-json\/wp\/v2\/product\/695515","targetHints":{"allow":["GET"]}}],"collection":[{"href":"https:\/\/roveyayinevi.com.tr\/index.php\/wp-json\/wp\/v2\/product"}],"about":[{"href":"https:\/\/roveyayinevi.com.tr\/index.php\/wp-json\/wp\/v2\/types\/product"}],"wp:attachment":[{"href":"https:\/\/roveyayinevi.com.tr\/index.php\/wp-json\/wp\/v2\/media?parent=695515"}],"wp:term":[{"taxonomy":"product_brand","embeddable":true,"href":"https:\/\/roveyayinevi.com.tr\/index.php\/wp-json\/wp\/v2\/product_brand?post=695515"},{"taxonomy":"product_cat","embeddable":true,"href":"https:\/\/roveyayinevi.com.tr\/index.php\/wp-json\/wp\/v2\/product_cat?post=695515"},{"taxonomy":"product_tag","embeddable":true,"href":"https:\/\/roveyayinevi.com.tr\/index.php\/wp-json\/wp\/v2\/product_tag?post=695515"}],"curies":[{"name":"wp","href":"https:\/\/api.w.org\/{rel}","templated":true}]}}