{"id":695465,"date":"2025-08-27T14:29:11","date_gmt":"2025-08-27T11:29:11","guid":{"rendered":"https:\/\/roveyayinevi.com.tr\/index.php\/urun\/surdurulebilir-cocuk-gelisimi\/"},"modified":"2026-04-16T02:05:10","modified_gmt":"2026-04-15T23:05:10","slug":"surdurulebilir-cocuk-gelisimi","status":"publish","type":"product","link":"https:\/\/roveyayinevi.com.tr\/index.php\/urun\/surdurulebilir-cocuk-gelisimi\/","title":{"rendered":"S\u00fcrd\u00fcr\u00fclebilir \u00c7ocuk Geli\u015fimi"},"content":{"rendered":"<p>Toplumsal geli\u015fimin, ekonominin ve kalk\u0131nman\u0131n s\u00fcreklili\u011fini vurgulamak i\u00e7in son y\u0131llarda daha \u00e7ok ifade edilir hale gelen &#8216;s\u00fcrd\u00fcr\u00fclebilirlik&#8217; teriminin bireysel d\u00fczeyde insan\u0131n geli\u015fimi i\u00e7in de merkez\u00ee bir terim olarak kullan\u0131lmas\u0131 gerekti\u011fine vurgu yapan eser, \u00f6zellikle okul \u00f6ncesi d\u00f6nem \u00e7ocuklar\u0131n\u0131n s\u00fcrd\u00fcr\u00fclebilir geli\u015fimini sa\u011flayacak ko\u015fullar\u0131 ve buna y\u00f6nelik e\u011fitimi ele al\u0131yor. Kitap geli\u015fimin s\u00fcreklili\u011fine hem fiziksel hem sosyal \u00e7evrenin iyile\u015ftirilmesi ve s\u00fcreklili\u011finin sa\u011flanmas\u0131 \u00e7abalar\u0131na dikkati \u00e7ekerken gerek \u00e7evresel iyile\u015ftirmeler, gerekse bireyin bu alandaki e\u011fitimi a\u00e7\u0131s\u0131ndan neler yap\u0131labilece\u011finin alt\u0131n\u0131 \u00e7iziyor. <\/p>\n","protected":false},"excerpt":{"rendered":"<p>Toplumsal geli\u015fimin, ekonominin ve kalk\u0131nman\u0131n s\u00fcreklili\u011fini vurgulamak i\u00e7in son y\u0131llarda daha \u00e7ok ifade edilir hale gelen &#8216;s\u00fcrd\u00fcr\u00fclebilirlik&#8217; teriminin bireysel d\u00fczeyde insan\u0131n geli\u015fimi i\u00e7in de merkez\u00ee bir<span class=\"excerpt-hellip\"> [\u2026]<\/span><\/p>\n","protected":false},"featured_media":0,"template":"","meta":{"_monsterinsights_skip_tracking":false,"_monsterinsights_sitenote_active":false,"_monsterinsights_sitenote_note":"","_monsterinsights_sitenote_category":0},"product_brand":[],"product_cat":[12831,12324],"product_tag":[],"class_list":{"0":"post-695465","1":"product","2":"type-product","3":"status-publish","5":"product_cat-aile-ve-cocuk","6":"product_cat-sosyoloji","7":"pa_cilt-ciltsiz","8":"pa_tur-kitap","9":"pa_yayinevi-ani-yayincilik","10":"pa_yazar-alev-onder","12":"first","13":"instock","14":"sale","15":"shipping-taxable","16":"purchasable","17":"product-type-simple"},"_links":{"self":[{"href":"https:\/\/roveyayinevi.com.tr\/index.php\/wp-json\/wp\/v2\/product\/695465","targetHints":{"allow":["GET"]}}],"collection":[{"href":"https:\/\/roveyayinevi.com.tr\/index.php\/wp-json\/wp\/v2\/product"}],"about":[{"href":"https:\/\/roveyayinevi.com.tr\/index.php\/wp-json\/wp\/v2\/types\/product"}],"wp:attachment":[{"href":"https:\/\/roveyayinevi.com.tr\/index.php\/wp-json\/wp\/v2\/media?parent=695465"}],"wp:term":[{"taxonomy":"product_brand","embeddable":true,"href":"https:\/\/roveyayinevi.com.tr\/index.php\/wp-json\/wp\/v2\/product_brand?post=695465"},{"taxonomy":"product_cat","embeddable":true,"href":"https:\/\/roveyayinevi.com.tr\/index.php\/wp-json\/wp\/v2\/product_cat?post=695465"},{"taxonomy":"product_tag","embeddable":true,"href":"https:\/\/roveyayinevi.com.tr\/index.php\/wp-json\/wp\/v2\/product_tag?post=695465"}],"curies":[{"name":"wp","href":"https:\/\/api.w.org\/{rel}","templated":true}]}}