{"id":695464,"date":"2025-08-27T14:29:11","date_gmt":"2025-08-27T11:29:11","guid":{"rendered":"https:\/\/roveyayinevi.com.tr\/index.php\/urun\/apo-olayinin-perde-arkasi\/"},"modified":"2026-04-16T02:05:10","modified_gmt":"2026-04-15T23:05:10","slug":"apo-olayinin-perde-arkasi","status":"publish","type":"product","link":"https:\/\/roveyayinevi.com.tr\/index.php\/urun\/apo-olayinin-perde-arkasi\/","title":{"rendered":"Apo Olay\u0131n\u0131n Perde Arkas\u0131"},"content":{"rendered":"<p>Sayg\u0131 \u00d6zt\u00fcrk\u2019ten \u00e7ok \u00e7ok ilgin\u00e7 belgeler&#8230; Sayg\u0131 \u00d6zt\u00fcrk bu kitab\u0131nda Ab*dullah \u00d6*calan\u2019\u0131n yakalan\u0131\u015f\u0131n\u0131n sonras\u0131n\u0131, Apo olay\u0131n\u0131n bir ba\u015fka kesitini daha belgelerle anlat\u0131yor. K\u00fcrt\u00e7\u00fcl\u00fck hareketini hortlatan, ama en b\u00fcy\u00fck zarar\u0131 T\u00fcrkiye\u2019deki K\u00fcrt k\u00f6kenli insanlar\u0131m\u0131za veren Apo, 1970\u2019li y\u0131llarda da yakalan\u0131p yarg\u0131lanm\u0131\u015ft\u0131. \u0130\u015fte o dosya ve yakalanmas\u0131 sonras\u0131ndan bir kesiti de bu kitapta bulacaks\u0131n\u0131z, \u00e7ok ilgin\u00e7 belgelerle&#8230; Sayg\u0131 \u00d6zt\u00fcrk ara\u015ft\u0131rmac\u0131 gazetecili\u011fin g\u00fcn\u00fcm\u00fczdeki \u00f6nderlerinden biri. Ar\u015fivlere giriyor. Belgeler buluyor ve onlar\u0131 bize sunup ayd\u0131nlat\u0131yor. Bu kitab\u0131nda K\u00fcrt\u00e7\u00fcl\u00fck a\u00e7\u0131s\u0131ndan yak\u0131n tarihi g\u00f6zler \u00f6n\u00fcne seriyor, bilinmeyen belgeleri a\u00e7\u0131kl\u0131yor. Sayg\u0131\u2019ya \u2018Ellerine sa\u011fl\u0131k arkada\u015f\u0131m\u2019 diyorum ve onu kutluyorum. -Emin \u00c7\u00f6la\u015fan- <\/p>\n","protected":false},"excerpt":{"rendered":"<p>Sayg\u0131 \u00d6zt\u00fcrk\u2019ten \u00e7ok \u00e7ok ilgin\u00e7 belgeler&#8230; Sayg\u0131 \u00d6zt\u00fcrk bu kitab\u0131nda Ab*dullah \u00d6*calan\u2019\u0131n yakalan\u0131\u015f\u0131n\u0131n sonras\u0131n\u0131, Apo olay\u0131n\u0131n bir ba\u015fka kesitini daha belgelerle anlat\u0131yor. K\u00fcrt\u00e7\u00fcl\u00fck hareketini hortlatan, ama<span class=\"excerpt-hellip\"> [\u2026]<\/span><\/p>\n","protected":false},"featured_media":0,"template":"","meta":{"_monsterinsights_skip_tracking":false,"_monsterinsights_sitenote_active":false,"_monsterinsights_sitenote_note":"","_monsterinsights_sitenote_category":0},"product_brand":[],"product_cat":[13059,12337],"product_tag":[],"class_list":{"0":"post-695464","1":"product","2":"type-product","3":"status-publish","5":"product_cat-diger-politika-siyaset","6":"product_cat-politika-siyaset","7":"pa_cilt-ciltsiz","8":"pa_tur-kitap","9":"pa_yayinevi-dogan-kitap","10":"pa_yazar-saygi-ozturk","12":"first","13":"instock","14":"sale","15":"shipping-taxable","16":"purchasable","17":"product-type-simple"},"_links":{"self":[{"href":"https:\/\/roveyayinevi.com.tr\/index.php\/wp-json\/wp\/v2\/product\/695464","targetHints":{"allow":["GET"]}}],"collection":[{"href":"https:\/\/roveyayinevi.com.tr\/index.php\/wp-json\/wp\/v2\/product"}],"about":[{"href":"https:\/\/roveyayinevi.com.tr\/index.php\/wp-json\/wp\/v2\/types\/product"}],"wp:attachment":[{"href":"https:\/\/roveyayinevi.com.tr\/index.php\/wp-json\/wp\/v2\/media?parent=695464"}],"wp:term":[{"taxonomy":"product_brand","embeddable":true,"href":"https:\/\/roveyayinevi.com.tr\/index.php\/wp-json\/wp\/v2\/product_brand?post=695464"},{"taxonomy":"product_cat","embeddable":true,"href":"https:\/\/roveyayinevi.com.tr\/index.php\/wp-json\/wp\/v2\/product_cat?post=695464"},{"taxonomy":"product_tag","embeddable":true,"href":"https:\/\/roveyayinevi.com.tr\/index.php\/wp-json\/wp\/v2\/product_tag?post=695464"}],"curies":[{"name":"wp","href":"https:\/\/api.w.org\/{rel}","templated":true}]}}