{"id":695329,"date":"2025-08-27T14:27:58","date_gmt":"2025-08-27T11:27:58","guid":{"rendered":"https:\/\/roveyayinevi.com.tr\/index.php\/urun\/bergson\/"},"modified":"2026-04-16T02:05:07","modified_gmt":"2026-04-15T23:05:07","slug":"bergson","status":"publish","type":"product","link":"https:\/\/roveyayinevi.com.tr\/index.php\/urun\/bergson\/","title":{"rendered":"Bergson"},"content":{"rendered":"<p>Ya\u015fad\u0131\u011f\u0131 d\u00f6nemde, hem Fransa\u2019da hem Fransa d\u0131\u015f\u0131nda hakl\u0131 bir \u00fcne kavu\u015fmu\u015f olan Bergson, ele ald\u0131\u011f\u0131 konulara yakla\u015fma bi\u00e7imi ve yaz\u0131lar\u0131nda kulland\u0131\u011f\u0131 \u00fcslup dolay\u0131s\u0131yla meslekten felsefecilerden farkl\u0131, benzetmelerle y\u00fckl\u00fc, sanat de\u011feri de felsefi de\u011feri kadar y\u00fcksek denebilecek eserler \u00fcretmi\u015ftir. Bergson\u2019un bu tavr\u0131, ona olan ilgiyi art\u0131rm\u0131\u015f, k\u0131sa s\u00fcre i\u00e7erisinde eserleri, T\u00fcrk\u00e7e de dahil olmak \u00fczere pek \u00e7ok dile \u00e7evrilmi\u015ftir. Yazma ve konu\u015fma tarz\u0131n\u0131n \u00e7ekicili\u011fi yan\u0131nda, i\u00e7inde ya\u015fad\u0131\u011f\u0131 d\u00f6nemin b\u00fcy\u00fck toplumsal-siyasal olaylar\u0131 kar\u015f\u0131s\u0131nda da bir eylem adam\u0131 olarak tav\u0131r tak\u0131nan Bergson, felsefe tarihi hakk\u0131ndaki derin bilgisi, biyoloji ve psikoloji alanlar\u0131nda spesifik denebilecek bir derinli\u011fe sahip olmas\u0131, disiplinler aras\u0131 ba\u011flant\u0131lar\u0131 kurma yetene\u011fi sayesinde sadece felsefe alan\u0131nda de\u011fil, pek \u00e7ok alanda ba\u015fvurulan bir d\u00fc\u015f\u00fcn insan\u0131 olmu\u015ftur. <\/p>\n","protected":false},"excerpt":{"rendered":"<p>Ya\u015fad\u0131\u011f\u0131 d\u00f6nemde, hem Fransa\u2019da hem Fransa d\u0131\u015f\u0131nda hakl\u0131 bir \u00fcne kavu\u015fmu\u015f olan Bergson, ele ald\u0131\u011f\u0131 konulara yakla\u015fma bi\u00e7imi ve yaz\u0131lar\u0131nda kulland\u0131\u011f\u0131 \u00fcslup dolay\u0131s\u0131yla meslekten felsefecilerden farkl\u0131,<span class=\"excerpt-hellip\"> [\u2026]<\/span><\/p>\n","protected":false},"featured_media":0,"template":"","meta":{"_monsterinsights_skip_tracking":false,"_monsterinsights_sitenote_active":false,"_monsterinsights_sitenote_note":"","_monsterinsights_sitenote_category":0},"product_brand":[],"product_cat":[12389,12388],"product_tag":[],"class_list":{"0":"post-695329","1":"product","2":"type-product","3":"status-publish","5":"product_cat-diger-felsefe","6":"product_cat-felsefe","7":"pa_cilt-ciltsiz","8":"pa_tur-kitap","9":"pa_yayinevi-say-yayinlari","10":"pa_yazar-ali-osman-gundogan","12":"first","13":"instock","14":"sale","15":"shipping-taxable","16":"purchasable","17":"product-type-simple"},"_links":{"self":[{"href":"https:\/\/roveyayinevi.com.tr\/index.php\/wp-json\/wp\/v2\/product\/695329","targetHints":{"allow":["GET"]}}],"collection":[{"href":"https:\/\/roveyayinevi.com.tr\/index.php\/wp-json\/wp\/v2\/product"}],"about":[{"href":"https:\/\/roveyayinevi.com.tr\/index.php\/wp-json\/wp\/v2\/types\/product"}],"wp:attachment":[{"href":"https:\/\/roveyayinevi.com.tr\/index.php\/wp-json\/wp\/v2\/media?parent=695329"}],"wp:term":[{"taxonomy":"product_brand","embeddable":true,"href":"https:\/\/roveyayinevi.com.tr\/index.php\/wp-json\/wp\/v2\/product_brand?post=695329"},{"taxonomy":"product_cat","embeddable":true,"href":"https:\/\/roveyayinevi.com.tr\/index.php\/wp-json\/wp\/v2\/product_cat?post=695329"},{"taxonomy":"product_tag","embeddable":true,"href":"https:\/\/roveyayinevi.com.tr\/index.php\/wp-json\/wp\/v2\/product_tag?post=695329"}],"curies":[{"name":"wp","href":"https:\/\/api.w.org\/{rel}","templated":true}]}}