{"id":695233,"date":"2025-08-27T14:26:45","date_gmt":"2025-08-27T11:26:45","guid":{"rendered":"https:\/\/roveyayinevi.com.tr\/index.php\/urun\/turkoloji-icin-dilbilim\/"},"modified":"2026-04-16T02:05:05","modified_gmt":"2026-04-15T23:05:05","slug":"turkoloji-icin-dilbilim","status":"publish","type":"product","link":"https:\/\/roveyayinevi.com.tr\/index.php\/urun\/turkoloji-icin-dilbilim\/","title":{"rendered":"T\u00fcrkoloji i\u00e7in Dilbilim"},"content":{"rendered":"<p>T\u00fcrkolojiye y\u00f6nelik ara\u015ft\u0131rma ve inceleme kaynaklar\u0131n\u0131n yetersizli\u011finden yola \u00e7\u0131karak alana ili\u015fkin var olan eksikli\u011fi giderme amac\u0131n\u0131 ta\u015f\u0131yan eser, bu anlamda genellikle dilbilimi yerine dilbilgisini temel alan \u00e7al\u0131\u015fmalar sebebiyle beliren metodolojik bir yanl\u0131\u015fa dikkat \u00e7ekme \u00e7abas\u0131n\u0131 da ifade ediyor.  Kerim Demirci esasl\u0131 bir dilbilim hakimiyeti ile T\u00fcrkoloji \u00fczerine \u00e7al\u0131\u015fman\u0131n zorunlu oldu\u011funu vurgularken kuramsal \u00e7er\u00e7evenin ve \u00f6rneklendirilmi\u015f a\u00e7\u0131klamalar\u0131n birbirine paralel olarak ilerledi\u011fi \u00e7al\u0131\u015fmas\u0131yla hem T\u00fcrkolojiye hem de dilbilim \u00e7al\u0131\u015fmalar\u0131na ilgi duyanlar i\u00e7in \u00f6nemli bir ba\u015fucu eseri yarat\u0131yor. <\/p>\n","protected":false},"excerpt":{"rendered":"<p>T\u00fcrkolojiye y\u00f6nelik ara\u015ft\u0131rma ve inceleme kaynaklar\u0131n\u0131n yetersizli\u011finden yola \u00e7\u0131karak alana ili\u015fkin var olan eksikli\u011fi giderme amac\u0131n\u0131 ta\u015f\u0131yan eser, bu anlamda genellikle dilbilimi yerine dilbilgisini temel alan<span class=\"excerpt-hellip\"> [\u2026]<\/span><\/p>\n","protected":false},"featured_media":0,"template":"","meta":{"_monsterinsights_skip_tracking":false,"_monsterinsights_sitenote_active":false,"_monsterinsights_sitenote_note":"","_monsterinsights_sitenote_category":0},"product_brand":[],"product_cat":[20225,12291],"product_tag":[],"class_list":{"0":"post-695233","1":"product","2":"type-product","3":"status-publish","5":"product_cat-dil-bilim","6":"product_cat-edebiyat","7":"pa_cilt-ciltsiz","8":"pa_tur-kitap","9":"pa_yayinevi-ani-yayincilik","10":"pa_yazar-kerim-demirci","12":"first","13":"instock","14":"sale","15":"shipping-taxable","16":"purchasable","17":"product-type-simple"},"_links":{"self":[{"href":"https:\/\/roveyayinevi.com.tr\/index.php\/wp-json\/wp\/v2\/product\/695233","targetHints":{"allow":["GET"]}}],"collection":[{"href":"https:\/\/roveyayinevi.com.tr\/index.php\/wp-json\/wp\/v2\/product"}],"about":[{"href":"https:\/\/roveyayinevi.com.tr\/index.php\/wp-json\/wp\/v2\/types\/product"}],"wp:attachment":[{"href":"https:\/\/roveyayinevi.com.tr\/index.php\/wp-json\/wp\/v2\/media?parent=695233"}],"wp:term":[{"taxonomy":"product_brand","embeddable":true,"href":"https:\/\/roveyayinevi.com.tr\/index.php\/wp-json\/wp\/v2\/product_brand?post=695233"},{"taxonomy":"product_cat","embeddable":true,"href":"https:\/\/roveyayinevi.com.tr\/index.php\/wp-json\/wp\/v2\/product_cat?post=695233"},{"taxonomy":"product_tag","embeddable":true,"href":"https:\/\/roveyayinevi.com.tr\/index.php\/wp-json\/wp\/v2\/product_tag?post=695233"}],"curies":[{"name":"wp","href":"https:\/\/api.w.org\/{rel}","templated":true}]}}