{"id":695193,"date":"2025-08-27T14:26:35","date_gmt":"2025-08-27T11:26:35","guid":{"rendered":"https:\/\/roveyayinevi.com.tr\/index.php\/urun\/turandan-bozkurta-tek-parti-doneminde-turkculuk-1931-1946\/"},"modified":"2026-03-07T02:07:09","modified_gmt":"2026-03-06T23:07:09","slug":"turandan-bozkurta-tek-parti-doneminde-turkculuk-1931-1946","status":"publish","type":"product","link":"https:\/\/roveyayinevi.com.tr\/index.php\/urun\/turandan-bozkurta-tek-parti-doneminde-turkculuk-1931-1946\/","title":{"rendered":"Turan&#8217;dan Bozkurt&#8217;a: Tek Parti D\u00f6neminde T\u00fcrk\u00e7\u00fcl\u00fck (1931-1946)"},"content":{"rendered":"<p>Genellike birbirine ko\u015fut olarak an\u0131lan T\u00fcrk\u00e7\u00fcl\u00fck, Turanc\u0131l\u0131k, Pant\u00fcrkizm\u2019in \u00f6zg\u00fcl siyasal ve ideolojik i\u00e7erikleri nedir? T\u00fcrk\u00e7\u00fcl\u00fck-Turanc\u0131l\u0131k-Pant\u00fcrkizm, T\u00fcrk ulus\u00e7ulu\u011funun olu\u015fum d\u00f6nemine \u00f6zg\u00fc romantik a\u015f\u0131r\u0131l\u0131klar m\u0131? Yoksa T\u00fcrk\u00e7\u00fc-Turanc\u0131-Pant\u00fcrkist ak\u0131mlar, ulus-devletin ve resmi milliyet\u00e7ili\u011fin arac\u0131l\u0131\u011f\u0131yla, ama k\u0131smen de rejim b\u00fcnyesinde bu d\u00fc\u015f\u00fcnceleri izlemeyi s\u00fcrd\u00fcrenlerin siyasal konumu nas\u0131l tan\u0131mlanmal\u0131? G\u00fcnay G\u00f6ksu \u00d6zdo\u011fan, Cumhuriyet\u2019in kurulu\u015f y\u0131llar\u0131ndaki T\u00fcrk\u00e7\u00fc ve Turanc\u0131 ak\u0131mlara ili\u015fkin incelemesinde, bu sorulara doyurucu cevaplar getiriyor. S\u00f6zkonusu ak\u0131mlar\u0131n Ziya G\u00f6kalp ve Yusuf Ak\u00e7ura\u2019ya dayanan miras\u0131n\u0131 irdeledikten sonra, Cumhuriyet\u2019in milliyet\u00e7ili\u011finin, ba\u015fka bir terimle Kemalist ulus\u00e7ulu\u011fun bu mirasla ilgili a\u00e7maz\u0131n\u0131 hat\u0131rlat\u0131yor. \u00d6te yandan, o d\u00f6nemin Nazizm\u2019e de kaynakl\u0131k eden co\u015fkulu Alman milliyet\u00e7i-pop\u00fclist ideolojisinin T\u00fcrk\u00e7\u00fc-Turanc\u0131-Pant\u00fcrkist ak\u0131mlar\u0131 (hem manevi hem maddi olarak!) besleyen etkisine dikkat \u00e7ekiyor. Kitab\u0131n \u00f6zellikle yak\u0131ndan bakt\u0131\u011f\u0131 olay: T\u00fcrk\u00e7\u00fc-Turanc\u0131 ak\u0131m\u0131n \u0130kinci D\u00fcnya Sava\u015f\u0131 d\u00f6nemindeki y\u00fckseli\u015f ve d\u00fc\u015f\u00fc\u015f\u00fc. Ba\u015fta Nihal Ats\u0131z ve Reha O\u011fuz T\u00fcrkkan olmak \u00fczere, T\u00fcrk\u00e7\u00fc ideologlar\u0131n siyasal, d\u00fc\u015f\u00fcnsel ve ki\u015fisel profili \u00e7iziliyor. Siyasal tarihimizin \u00e7arp\u0131c\u0131 vakalar\u0131ndan Irk\u00e7\u0131l\u0131k-Turanc\u0131l\u0131k Davas\u0131 n\u0131n hikayesi anlat\u0131l\u0131yor. T\u00fcrk\u00e7\u00fc-Turanc\u0131 ak\u0131m, \u0130kinci D\u00fcnya Sava\u015f\u0131 arefesinde ve s\u0131ras\u0131nda, ad\u0131yla san\u0131yla ve \u00f6nemli bir akt\u00f6r olarak siyaset sahnesinde boy g\u00f6sterdi. Onun Cumhuriyet tarihindeki bu k\u0131sa \u00f6m\u00fcrl\u00fc alt\u0131n \u00e7a\u011f\u0131 , varl\u0131\u011f\u0131n\u0131 gizil veya dolayl\u0131 olarak ondan sonra da s\u00fcrd\u00fcren bu ideolojinin anla\u015f\u0131lmas\u0131 bak\u0131m\u0131ndan kilit \u00f6nemdedir. \ufffcTan\u0131t\u0131m Metni<\/p>\n","protected":false},"excerpt":{"rendered":"<p>Genellike birbirine ko\u015fut olarak an\u0131lan T\u00fcrk\u00e7\u00fcl\u00fck, Turanc\u0131l\u0131k, Pant\u00fcrkizm\u2019in \u00f6zg\u00fcl siyasal ve ideolojik i\u00e7erikleri nedir? T\u00fcrk\u00e7\u00fcl\u00fck-Turanc\u0131l\u0131k-Pant\u00fcrkizm, T\u00fcrk ulus\u00e7ulu\u011funun olu\u015fum d\u00f6nemine \u00f6zg\u00fc romantik a\u015f\u0131r\u0131l\u0131klar m\u0131? Yoksa T\u00fcrk\u00e7\u00fc-Turanc\u0131-Pant\u00fcrkist ak\u0131mlar,<span class=\"excerpt-hellip\"> [\u2026]<\/span><\/p>\n","protected":false},"featured_media":0,"template":"","meta":{"_monsterinsights_skip_tracking":false,"_monsterinsights_sitenote_active":false,"_monsterinsights_sitenote_note":"","_monsterinsights_sitenote_category":0},"product_brand":[],"product_cat":[12305,12304],"product_tag":[],"class_list":{"0":"post-695193","1":"product","2":"type-product","3":"status-publish","5":"product_cat-dunya-tarihi","6":"product_cat-tarih","7":"pa_cilt-ciltsiz","8":"pa_tur-kitap","9":"pa_yayinevi-iletisim-yayinlari","10":"pa_yazar-gunay-goksu-ozdogan","12":"first","13":"instock","14":"sale","15":"shipping-taxable","16":"purchasable","17":"product-type-simple"},"_links":{"self":[{"href":"https:\/\/roveyayinevi.com.tr\/index.php\/wp-json\/wp\/v2\/product\/695193","targetHints":{"allow":["GET"]}}],"collection":[{"href":"https:\/\/roveyayinevi.com.tr\/index.php\/wp-json\/wp\/v2\/product"}],"about":[{"href":"https:\/\/roveyayinevi.com.tr\/index.php\/wp-json\/wp\/v2\/types\/product"}],"wp:attachment":[{"href":"https:\/\/roveyayinevi.com.tr\/index.php\/wp-json\/wp\/v2\/media?parent=695193"}],"wp:term":[{"taxonomy":"product_brand","embeddable":true,"href":"https:\/\/roveyayinevi.com.tr\/index.php\/wp-json\/wp\/v2\/product_brand?post=695193"},{"taxonomy":"product_cat","embeddable":true,"href":"https:\/\/roveyayinevi.com.tr\/index.php\/wp-json\/wp\/v2\/product_cat?post=695193"},{"taxonomy":"product_tag","embeddable":true,"href":"https:\/\/roveyayinevi.com.tr\/index.php\/wp-json\/wp\/v2\/product_tag?post=695193"}],"curies":[{"name":"wp","href":"https:\/\/api.w.org\/{rel}","templated":true}]}}