{"id":695192,"date":"2025-08-27T14:26:35","date_gmt":"2025-08-27T11:26:35","guid":{"rendered":"https:\/\/roveyayinevi.com.tr\/index.php\/urun\/bosuna-mi-okuduk-turkiyede-beyaz-yakali-issizligi\/"},"modified":"2026-03-02T02:06:04","modified_gmt":"2026-03-01T23:06:04","slug":"bosuna-mi-okuduk-turkiyede-beyaz-yakali-issizligi","status":"publish","type":"product","link":"https:\/\/roveyayinevi.com.tr\/index.php\/urun\/bosuna-mi-okuduk-turkiyede-beyaz-yakali-issizligi\/","title":{"rendered":"Bo\u015funa M\u0131 Okuduk ?: T\u00fcrkiye&#8217;de Beyaz Yakal\u0131 \u0130\u015fsizli\u011fi"},"content":{"rendered":"<p>Diploma = i\u015f  denklemi gitgide ge\u00e7ersizle\u015fiyor. Gen\u00e7 i\u015fsizli\u011fi ve \u2018okumu\u015flar\u0131n\u2019 i\u015fsizli\u011fi, d\u00fcnyada da T\u00fcrkiye\u2019de de istisnai olmaktan \u00e7\u0131kt\u0131. Zaman\u0131m\u0131z kapitalizminde i\u015fsizli\u011fin yap\u0131sal niteli\u011fi a\u015fik\u00e2r hale gelirken, tahsilli, kalifiye \u00e7al\u0131\u015fanlar yani  beyaz yakal\u0131lar  da g\u00fcvencesizle\u015fme s\u00fcrecinin kurban\u0131 oluyor, imtiyazlar\u0131n\u0131 kaybediyorlar. \u0130nsanlara atfedilen ve onlar\u0131n kendilerine atfettikleri \u2018anlam\u0131n\u2019 i\u015f durumuna g\u00f6re belirlenegeldi\u011fi bir ya\u015fam d\u00fcnyas\u0131nda, i\u015fsizlik sadece iktisadi olmayan derin bir kriz kayna\u011f\u0131d\u0131r. Elinizdeki ara\u015ft\u0131rma, T\u00fcrkiye\u2019de beyaz yakal\u0131 i\u015fsizli\u011finin sosyal-psikolojik yan\u0131na odaklan\u0131yor. \u0130\u015fsizli\u011fin bir sosyal deneyim olarak nas\u0131l ya\u015fand\u0131\u011f\u0131na ve  hissedilen i\u015fsizli\u011fe  bak\u0131yor. \u00dcniversite mezunu i\u015fsizler i\u015fsizlikle nas\u0131l ba\u015f ediyor, hangi y\u00f6ntemlerle i\u015f ar\u0131yorlar? Ne gibi ayr\u0131mc\u0131l\u0131k mekanizmalar\u0131na t\u00e2bi kald\u0131klar\u0131n\u0131 d\u00fc\u015f\u00fcn\u00fcyorlar? G\u00fcvencesizle\u015fen hayatta, nelere -mesela aileye- ne kadar g\u00fcvenebiliyorlar? \u0130\u015fsizlik deneyiminden duygusal olarak nas\u0131l etkileniyorlar? Kendilerini nas\u0131l ifade ediyor\/edemiyorlar? \u0130\u015fsizlik deneyiminin orta s\u0131n\u0131f \u2018de\u011ferleri\u2019 ve \u2018kimli\u011fi\u2019 ile etkile\u015fimi nas\u0131ld\u0131r? Beyaz yakal\u0131 i\u015fsizler, i\u015fsizlik sorununun kayna\u011f\u0131n\u0131 nerede g\u00f6r\u00fcyorlar? Neye, kime k\u0131z\u0131yorlar? \u0130\u015fsizlik, onlar\u0131 \u2018bir \u015feyleri d\u00fc\u015f\u00fcnmeye\u2019, \u2018bir \u015feyler yapmaya\u2019 sevk ediyor mu? KPSS \u2018belas\u0131\u2019, atamas\u0131 yap\u0131lmayan \u00f6\u011fretmenlerin s\u0131k\u0131nt\u0131lar\u0131 ve m\u00fccadeleleri, \u2018kullan-at\u2019 tarz\u0131 istihdam\u0131n belli ba\u015fl\u0131 \u00f6rneklerinden banka \u00e7al\u0131\u015fanlar\u0131n\u0131n i\u015fsizlik deneyimleri ile ilgili g\u00f6zlemler de bu sorgulamaya e\u015flik ediyor. Beyaz yakal\u0131 i\u015fsizleri dinleyen ve onlar\u0131 konu\u015fturan bir kitap&#8230; <\/p>\n","protected":false},"excerpt":{"rendered":"<p>Diploma = i\u015f denklemi gitgide ge\u00e7ersizle\u015fiyor. Gen\u00e7 i\u015fsizli\u011fi ve \u2018okumu\u015flar\u0131n\u2019 i\u015fsizli\u011fi, d\u00fcnyada da T\u00fcrkiye\u2019de de istisnai olmaktan \u00e7\u0131kt\u0131. Zaman\u0131m\u0131z kapitalizminde i\u015fsizli\u011fin yap\u0131sal niteli\u011fi a\u015fik\u00e2r hale gelirken,<span class=\"excerpt-hellip\"> [\u2026]<\/span><\/p>\n","protected":false},"featured_media":0,"template":"","meta":{"_monsterinsights_skip_tracking":false,"_monsterinsights_sitenote_active":false,"_monsterinsights_sitenote_note":"","_monsterinsights_sitenote_category":0},"product_brand":[],"product_cat":[13043,14754],"product_tag":[],"class_list":{"0":"post-695192","1":"product","2":"type-product","3":"status-publish","5":"product_cat-ekonomi","6":"product_cat-halkla-iliskiler-insan-kaynaklari","7":"pa_cilt-ciltsiz","8":"pa_tur-kitap","9":"pa_yayinevi-iletisim-yayinlari","10":"pa_yazar-aksu-bora","11":"pa_yazar-ilknur-ustun","12":"pa_yazar-necmi-erdogan","13":"pa_yazar-tanil-bora","15":"first","16":"instock","17":"sale","18":"shipping-taxable","19":"purchasable","20":"product-type-simple"},"_links":{"self":[{"href":"https:\/\/roveyayinevi.com.tr\/index.php\/wp-json\/wp\/v2\/product\/695192","targetHints":{"allow":["GET"]}}],"collection":[{"href":"https:\/\/roveyayinevi.com.tr\/index.php\/wp-json\/wp\/v2\/product"}],"about":[{"href":"https:\/\/roveyayinevi.com.tr\/index.php\/wp-json\/wp\/v2\/types\/product"}],"wp:attachment":[{"href":"https:\/\/roveyayinevi.com.tr\/index.php\/wp-json\/wp\/v2\/media?parent=695192"}],"wp:term":[{"taxonomy":"product_brand","embeddable":true,"href":"https:\/\/roveyayinevi.com.tr\/index.php\/wp-json\/wp\/v2\/product_brand?post=695192"},{"taxonomy":"product_cat","embeddable":true,"href":"https:\/\/roveyayinevi.com.tr\/index.php\/wp-json\/wp\/v2\/product_cat?post=695192"},{"taxonomy":"product_tag","embeddable":true,"href":"https:\/\/roveyayinevi.com.tr\/index.php\/wp-json\/wp\/v2\/product_tag?post=695192"}],"curies":[{"name":"wp","href":"https:\/\/api.w.org\/{rel}","templated":true}]}}