{"id":695152,"date":"2025-08-27T14:26:26","date_gmt":"2025-08-27T11:26:26","guid":{"rendered":"https:\/\/roveyayinevi.com.tr\/index.php\/urun\/modern-hayatin-ressami\/"},"modified":"2026-03-15T21:10:28","modified_gmt":"2026-03-15T18:10:28","slug":"modern-hayatin-ressami","status":"publish","type":"product","link":"https:\/\/roveyayinevi.com.tr\/index.php\/urun\/modern-hayatin-ressami\/","title":{"rendered":"Modern Hayat\u0131n Ressam\u0131"},"content":{"rendered":"<p>\u0130ster hayatta, ister sanatta olsun, modernli\u011fi ke\u015ffe \u00e7\u0131kanlar\u0131n pusulas\u0131 ne zamand\u0131r Baudelaire. Modern kentle ve k\u00fclt\u00fcrle ilgili incelemelerde yer eden pek \u00e7ok tema onun edebiyat\u0131nda beliriyor. Modern mitoloji yle ha\u015f\u0131r ne\u015fir olanlar\u0131n antikitesi haline gelen 19. y\u00fczy\u0131l Paris\u2019ine bizi o uyand\u0131r\u0131yor. Adeta onun imgeleriyle hat\u0131rl\u0131yoruz. Zaman\u0131m\u0131zda sanat\/edebiyat tarihi kadar, sosyoloji ve k\u00fclt\u00fcrel \u00e7al\u0131\u015fmalarla u\u011fra\u015fanlar da hep Baudelaire\u2019e d\u00f6n\u00fcyor. Ekonomik, toplumsal, siyasal hayat\u0131n modernle\u015fmesiyle, sanat\u0131n modernle\u015fmesi aras\u0131na \u00e7izgi \u00e7ekerek, modernizasyon ve modernism aras\u0131ndaki gerilimi Baudelaire haber veriyor. Modernizmi edebiyat\u0131n\u0131n kahramanlar\u0131 arac\u0131l\u0131\u011f\u0131yla bir \u00f6zerkle\u015fme efsanesi olarak ilk o temsil ediyor. Budelaire \u015fair olmadan \u00f6nce bir ele\u015ftirmen. Asl\u0131nda \u015fiiriyle de, ele\u015ftirileriyle de yazd\u0131\u011f\u0131, sonu\u00e7ta bir estetik manifesto. Modern Hayat\u0131n Ressam\u0131 bu manifestonun can damar\u0131 ve modern ele\u015ftirinin klasi\u011fi. Ku\u015fku yok ki [modernism] Baudelaire\u2019le ba\u015flar; onunla, mevcut d\u00fczene ve gelene\u011feba\u015fkald\u0131r\u0131 olarak anla\u015f\u0131l\u0131r. -Arnold Hauser- Estetik modernite ruhu ve adab\u0131n\u0131n hatlar\u0131 Baudelaire\u2019le netle\u015fti. -J\u00fcrgen Habermas- Belki kendisi i\u00e7in bir talihsizlik ama Baudelaire \u00e7a\u011fda\u015f\u0131m\u0131zd\u0131r. -Frederic Jameson- \ufffcTan\u0131t\u0131m Metni<\/p>\n","protected":false},"excerpt":{"rendered":"<p>\u0130ster hayatta, ister sanatta olsun, modernli\u011fi ke\u015ffe \u00e7\u0131kanlar\u0131n pusulas\u0131 ne zamand\u0131r Baudelaire. Modern kentle ve k\u00fclt\u00fcrle ilgili incelemelerde yer eden pek \u00e7ok tema onun edebiyat\u0131nda beliriyor.<span class=\"excerpt-hellip\"> [\u2026]<\/span><\/p>\n","protected":false},"featured_media":0,"template":"","meta":{"_monsterinsights_skip_tracking":false,"_monsterinsights_sitenote_active":false,"_monsterinsights_sitenote_note":"","_monsterinsights_sitenote_category":0},"product_brand":[],"product_cat":[12312,12304],"product_tag":[],"class_list":{"0":"post-695152","1":"product","2":"type-product","3":"status-publish","5":"product_cat-diger","6":"product_cat-tarih","7":"pa_cilt-ciltsiz","8":"pa_tur-kitap","9":"pa_yayinevi-iletisim-yayinlari","10":"pa_yazar-charles-baudelaire","12":"first","13":"instock","14":"sale","15":"shipping-taxable","16":"purchasable","17":"product-type-simple"},"_links":{"self":[{"href":"https:\/\/roveyayinevi.com.tr\/index.php\/wp-json\/wp\/v2\/product\/695152","targetHints":{"allow":["GET"]}}],"collection":[{"href":"https:\/\/roveyayinevi.com.tr\/index.php\/wp-json\/wp\/v2\/product"}],"about":[{"href":"https:\/\/roveyayinevi.com.tr\/index.php\/wp-json\/wp\/v2\/types\/product"}],"wp:attachment":[{"href":"https:\/\/roveyayinevi.com.tr\/index.php\/wp-json\/wp\/v2\/media?parent=695152"}],"wp:term":[{"taxonomy":"product_brand","embeddable":true,"href":"https:\/\/roveyayinevi.com.tr\/index.php\/wp-json\/wp\/v2\/product_brand?post=695152"},{"taxonomy":"product_cat","embeddable":true,"href":"https:\/\/roveyayinevi.com.tr\/index.php\/wp-json\/wp\/v2\/product_cat?post=695152"},{"taxonomy":"product_tag","embeddable":true,"href":"https:\/\/roveyayinevi.com.tr\/index.php\/wp-json\/wp\/v2\/product_tag?post=695152"}],"curies":[{"name":"wp","href":"https:\/\/api.w.org\/{rel}","templated":true}]}}