{"id":695150,"date":"2025-08-27T14:26:25","date_gmt":"2025-08-27T11:26:25","guid":{"rendered":"https:\/\/roveyayinevi.com.tr\/index.php\/urun\/muhalif\/"},"modified":"2026-04-16T02:05:03","modified_gmt":"2026-04-15T23:05:03","slug":"muhalif","status":"publish","type":"product","link":"https:\/\/roveyayinevi.com.tr\/index.php\/urun\/muhalif\/","title":{"rendered":"Muhalif"},"content":{"rendered":"<p>\u0130stanbul Valili\u011fine\u0130stanbul Valili\u011fine1- Muhalif r\u00fcesa hakk\u0131nda:2- Muhalif r\u00fcesa hakk\u0131nda, badema yap\u0131lacak muhaberede, kendilerine s\u0131ras\u0131yla a\u015fa\u011f\u0131daki maddede yaz\u0131l\u0131 numaralar verilecektir.3- 1; H\u00fcseyin Avni, 2; Kaz\u0131m Karabekir, 3; Refet, 4; Ali \u0130hsan, 5; \u00c7olak Selahattin, 6; Azmi&#8217;dir.4- \u0130ntihap nihayetine kadar bu e\u015fhas s\u0131k\u0131 ve daimi takip ve tarassut ettirilerek, vaziyetleri her g\u00fcn raporla, fevkalade hallerine tesad\u00fcf edilirse \u015fifre ile Vek\u00e2lete bildirilecektir.5- Bu esnada, di\u011fer muhaliflerin de vaziyetlerinin g\u00f6z \u00f6n\u00fcnde bulundurulmas\u0131n\u0131 ehemmiyetle dilerim.Emniyet \u015e.1.B. (10927) Numaral\u0131d\u0131r.D\u00e2hiliye Vekili-\u015e\u00fckr\u00fc Kaya-Elinizdeki kitap, h\u00fck\u00fcmet taraf\u0131ndan &#8220;muhalif r\u00fcesa&#8221; kabul edilen yukar\u0131daki alt\u0131 isim ve uzun bir m\u00fcddet yurtd\u0131\u015f\u0131nda ve yurti\u00e7inde takibat\u0131 ge\u00e7ekle\u015ftirilen Rauf Orbay&#8217;a ili\u015fkin bilhassa devletin g\u00fcvenlik b\u00fcrokrasisi taraf\u0131ndan &#8220;\u00e7ok gizli&#8221; kayd\u0131yla yap\u0131lan, &#8220;\u00e7ift ayl\u0131, k\u0131rm\u0131z\u0131 damgal\u0131&#8221; olmas\u0131 bak\u0131m\u0131ndan bug\u00fcne de\u011fin sakl\u0131 kalm\u0131\u015f ve ilk defa ne\u015fredilen yaz\u0131\u015fmalara dayan\u0131larak haz\u0131rlanm\u0131\u015ft\u0131r. Bu kitaptan sonra belki tarih yeniden yaz\u0131lmayacakt\u0131r ve fakat yak\u0131n d\u00f6nemin ba\u015fl\u0131ca akt\u00f6rleri olan \u015fah\u0131slara ve olaylara ili\u015fkin bilgi da\u011farc\u0131\u011f\u0131n\u0131z geni\u015fleyecektir. <\/p>\n","protected":false},"excerpt":{"rendered":"<p>\u0130stanbul Valili\u011fine\u0130stanbul Valili\u011fine1- Muhalif r\u00fcesa hakk\u0131nda:2- Muhalif r\u00fcesa hakk\u0131nda, badema yap\u0131lacak muhaberede, kendilerine s\u0131ras\u0131yla a\u015fa\u011f\u0131daki maddede yaz\u0131l\u0131 numaralar verilecektir.3- 1; H\u00fcseyin Avni, 2; Kaz\u0131m Karabekir, 3;<span class=\"excerpt-hellip\"> [\u2026]<\/span><\/p>\n","protected":false},"featured_media":0,"template":"","meta":{"_monsterinsights_skip_tracking":false,"_monsterinsights_sitenote_active":false,"_monsterinsights_sitenote_note":"","_monsterinsights_sitenote_category":0},"product_brand":[],"product_cat":[12304,13493],"product_tag":[],"class_list":{"0":"post-695150","1":"product","2":"type-product","3":"status-publish","5":"product_cat-tarih","6":"product_cat-turkiye-ve-cumhuriyet-tarihi","7":"pa_cilt-ciltsiz","8":"pa_tur-kitap","9":"pa_yayinevi-erguvani-yayinevi","10":"pa_yazar-mustafa-balcioglu","12":"first","13":"instock","14":"sale","15":"shipping-taxable","16":"purchasable","17":"product-type-simple"},"_links":{"self":[{"href":"https:\/\/roveyayinevi.com.tr\/index.php\/wp-json\/wp\/v2\/product\/695150","targetHints":{"allow":["GET"]}}],"collection":[{"href":"https:\/\/roveyayinevi.com.tr\/index.php\/wp-json\/wp\/v2\/product"}],"about":[{"href":"https:\/\/roveyayinevi.com.tr\/index.php\/wp-json\/wp\/v2\/types\/product"}],"wp:attachment":[{"href":"https:\/\/roveyayinevi.com.tr\/index.php\/wp-json\/wp\/v2\/media?parent=695150"}],"wp:term":[{"taxonomy":"product_brand","embeddable":true,"href":"https:\/\/roveyayinevi.com.tr\/index.php\/wp-json\/wp\/v2\/product_brand?post=695150"},{"taxonomy":"product_cat","embeddable":true,"href":"https:\/\/roveyayinevi.com.tr\/index.php\/wp-json\/wp\/v2\/product_cat?post=695150"},{"taxonomy":"product_tag","embeddable":true,"href":"https:\/\/roveyayinevi.com.tr\/index.php\/wp-json\/wp\/v2\/product_tag?post=695150"}],"curies":[{"name":"wp","href":"https:\/\/api.w.org\/{rel}","templated":true}]}}