{"id":695118,"date":"2025-08-27T14:26:18","date_gmt":"2025-08-27T11:26:18","guid":{"rendered":"https:\/\/roveyayinevi.com.tr\/index.php\/urun\/mustafa-kemalittihat-terakki-ve-bolsevizm-milli-mucadelenin-baslangicinda\/"},"modified":"2026-04-16T02:05:02","modified_gmt":"2026-04-15T23:05:02","slug":"mustafa-kemalittihat-terakki-ve-bolsevizm-milli-mucadelenin-baslangicinda","status":"publish","type":"product","link":"https:\/\/roveyayinevi.com.tr\/index.php\/urun\/mustafa-kemalittihat-terakki-ve-bolsevizm-milli-mucadelenin-baslangicinda\/","title":{"rendered":"Mustafa Kemal,\u0130ttihat Terakki ve Bol\u015fevizm: Milli M\u00fccadelenin Ba\u015flang\u0131c\u0131nda"},"content":{"rendered":"<p>Hen\u00fcz memlekette \u0130ttihat Terakki Te\u015fkilat\u0131ndan maada k\u00f6kle\u015fmi\u015f bir taazzuv [\u015fekillenme, \u00f6rg\u00fctlenme] tamamlanmam\u0131\u015ft\u0131, M\u00fcdafaa-i Hukuklar \u0130ttihat\u00e7\u0131lar vas\u0131tasile istenilen istikamete \u00e7ekilebilirdi.  -K\u00e2z\u0131m Karabekir- Emel Akal, Milli M\u00fccadele\u2019nin  sevk ve idaresi ni ger\u00e7ekle\u015ftiren kadrolar\u0131 ele ald\u0131\u011f\u0131 bu ara\u015ft\u0131rmas\u0131nda, s\u00fcrecin b\u00fcy\u00fck \u00f6l\u00e7\u00fcde \u0130ttihat\u00e7\u0131lar\u0131n \u00f6rg\u00fctlenmesine dayand\u0131\u011f\u0131n\u0131 ortaya koyuyor. Bu \u00f6rg\u00fctlenmenin de b\u00fcy\u00fck \u00f6l\u00e7\u00fcde \u0130ttihat\u00e7\u0131lar\u0131n \u2018komitac\u0131\u2019 tecr\u00fcbesinden yararlanarak, yukar\u0131dan a\u015fa\u011f\u0131ya ger\u00e7ekle\u015ftirildi\u011fini g\u00f6steriyor.  Bu \u00f6rg\u00fctlenmelerin \u00fcst\u00fcnde, hatta d\u0131\u015f\u0131nda bir siyasi akt\u00f6r olan  Mustafa Kemal,  nas\u0131l ve hangi ko\u015fullarda bu m\u00fccadelenin liderli\u011fine y\u00fckseldi?  Kitab\u0131n temel sorusu, bu. Akal, Mustafa Kemal\u2019in \u0130ttihat\u00e7\u0131 g\u00fc\u00e7 odaklar\u0131yla m\u00fccadele i\u00e7inde liderli\u011fini kurma s\u00fcrecini ayr\u0131nt\u0131l\u0131 bi\u00e7imde ele al\u0131yor. Bol\u015fevizmle fl\u00f6rt, kitab\u0131n bir ba\u015fka a\u011f\u0131rl\u0131k merkezi. Milli M\u00fccadele y\u00f6netiminin ve \u0130ttihat\u00e7\u0131lar\u0131n Bol\u015fevik harekete duyduklar\u0131 sempatinin k\u00e2h pragmatik k\u00e2h ideolojik boyutlar\u0131n\u0131 g\u00f6r\u00fcyoruz. D\u00f6nemin Anadolu\u2019sundaki \u0130slami renge boyanm\u0131\u015f Bol\u015fevik propagandas\u0131, bu olgunun ilgin\u00e7 bir cephesidir. Milli M\u00fccadele\u2019nin\/Kurtulu\u015f Sava\u015f\u0131\u2019n\u0131n \u00f6nderlik yap\u0131s\u0131 ve politik sosyolojisi \u00fczerine titiz ve iddial\u0131 bir inceleme. <\/p>\n","protected":false},"excerpt":{"rendered":"<p>Hen\u00fcz memlekette \u0130ttihat Terakki Te\u015fkilat\u0131ndan maada k\u00f6kle\u015fmi\u015f bir taazzuv [\u015fekillenme, \u00f6rg\u00fctlenme] tamamlanmam\u0131\u015ft\u0131, M\u00fcdafaa-i Hukuklar \u0130ttihat\u00e7\u0131lar vas\u0131tasile istenilen istikamete \u00e7ekilebilirdi. -K\u00e2z\u0131m Karabekir- Emel Akal, Milli M\u00fccadele\u2019nin sevk<span class=\"excerpt-hellip\"> [\u2026]<\/span><\/p>\n","protected":false},"featured_media":0,"template":"","meta":{"_monsterinsights_skip_tracking":false,"_monsterinsights_sitenote_active":false,"_monsterinsights_sitenote_note":"","_monsterinsights_sitenote_category":0},"product_brand":[],"product_cat":[12530,12304],"product_tag":[],"class_list":{"0":"post-695118","1":"product","2":"type-product","3":"status-publish","5":"product_cat-mustafa-kemal-ataturk","6":"product_cat-tarih","7":"pa_cilt-ciltsiz","8":"pa_tur-kitap","9":"pa_yayinevi-iletisim-yayinlari","10":"pa_yazar-emel-akal","12":"first","13":"instock","14":"sale","15":"shipping-taxable","16":"purchasable","17":"product-type-simple"},"_links":{"self":[{"href":"https:\/\/roveyayinevi.com.tr\/index.php\/wp-json\/wp\/v2\/product\/695118","targetHints":{"allow":["GET"]}}],"collection":[{"href":"https:\/\/roveyayinevi.com.tr\/index.php\/wp-json\/wp\/v2\/product"}],"about":[{"href":"https:\/\/roveyayinevi.com.tr\/index.php\/wp-json\/wp\/v2\/types\/product"}],"wp:attachment":[{"href":"https:\/\/roveyayinevi.com.tr\/index.php\/wp-json\/wp\/v2\/media?parent=695118"}],"wp:term":[{"taxonomy":"product_brand","embeddable":true,"href":"https:\/\/roveyayinevi.com.tr\/index.php\/wp-json\/wp\/v2\/product_brand?post=695118"},{"taxonomy":"product_cat","embeddable":true,"href":"https:\/\/roveyayinevi.com.tr\/index.php\/wp-json\/wp\/v2\/product_cat?post=695118"},{"taxonomy":"product_tag","embeddable":true,"href":"https:\/\/roveyayinevi.com.tr\/index.php\/wp-json\/wp\/v2\/product_tag?post=695118"}],"curies":[{"name":"wp","href":"https:\/\/api.w.org\/{rel}","templated":true}]}}