{"id":695081,"date":"2025-08-27T14:26:09","date_gmt":"2025-08-27T11:26:09","guid":{"rendered":"https:\/\/roveyayinevi.com.tr\/index.php\/urun\/sosyal-forumdan-ofkelilere\/"},"modified":"2026-02-03T02:07:38","modified_gmt":"2026-02-02T23:07:38","slug":"sosyal-forumdan-ofkelilere","status":"publish","type":"product","link":"https:\/\/roveyayinevi.com.tr\/index.php\/urun\/sosyal-forumdan-ofkelilere\/","title":{"rendered":"Sosyal Forum&#8217;dan \u00d6fkeliler&#8217;e"},"content":{"rendered":"<p>Son yirmi y\u0131l\u0131n k\u00fcreselle\u015fmeyle d\u00fczlenmi\u015f d\u00fcnyas\u0131n\u0131n ana muhalefeti, toplumsal hareketler mi? K\u00fcreselle\u015fme kar\u015f\u0131t\u0131 tepkiyle ba\u015flayan bu hareketler, giderek bir alternatif k\u00fcreselle\u015fme perspektifini geli\u015ftirmeye y\u00f6neldiler. Neoliberalizme ve sava\u015fa kar\u015f\u0131 muhalefet, \u00e7er\u00e7evesini k\u00fclt\u00fcre, \u00e7evreye ve cinsiyet kimli\u011fine ili\u015fkin taleplerle geni\u015fletti. K\u00fcresel \u00f6l\u00e7ekte yeni bir kamusal alan\u0131n deneyimleri olu\u015fuyor. Yavuz Y\u0131ld\u0131r\u0131m, \u201868 hareketinin miras\u0131yla da ili\u015fkilendirerek, son yirmi y\u0131l\u0131n bu \u00e7arp\u0131c\u0131 olgusunun analitik bir tasvirini sunuyor. Bir k\u00fcresel kamusal alan kurmaya y\u00f6nelen D\u00fcnya ve Avrupa Sosyal forumlar\u0131ndan, \u00d6fkeliler ve \u0130\u015fgal Et eylemliliklerine y\u00f6nelen s\u00fcre\u00e7, toplamda gelece\u011fin politikas\u0131na dair \u00f6nemli ipu\u00e7lar\u0131 veriyor bize. \ufffcTan\u0131t\u0131m Metni<\/p>\n","protected":false},"excerpt":{"rendered":"<p>Son yirmi y\u0131l\u0131n k\u00fcreselle\u015fmeyle d\u00fczlenmi\u015f d\u00fcnyas\u0131n\u0131n ana muhalefeti, toplumsal hareketler mi? K\u00fcreselle\u015fme kar\u015f\u0131t\u0131 tepkiyle ba\u015flayan bu hareketler, giderek bir alternatif k\u00fcreselle\u015fme perspektifini geli\u015ftirmeye y\u00f6neldiler. Neoliberalizme ve<span class=\"excerpt-hellip\"> [\u2026]<\/span><\/p>\n","protected":false},"featured_media":0,"template":"","meta":{"_monsterinsights_skip_tracking":false,"_monsterinsights_sitenote_active":false,"_monsterinsights_sitenote_note":"","_monsterinsights_sitenote_category":0},"product_brand":[],"product_cat":[13596,12337],"product_tag":[],"class_list":{"0":"post-695081","1":"product","2":"type-product","3":"status-publish","5":"product_cat-avrupa-birligi","6":"product_cat-politika-siyaset","7":"pa_tur-kitap","8":"pa_yayinevi-iletisim-yayinlari","9":"pa_yazar-yavuz-yildirim","11":"first","12":"instock","13":"sale","14":"shipping-taxable","15":"purchasable","16":"product-type-simple"},"_links":{"self":[{"href":"https:\/\/roveyayinevi.com.tr\/index.php\/wp-json\/wp\/v2\/product\/695081","targetHints":{"allow":["GET"]}}],"collection":[{"href":"https:\/\/roveyayinevi.com.tr\/index.php\/wp-json\/wp\/v2\/product"}],"about":[{"href":"https:\/\/roveyayinevi.com.tr\/index.php\/wp-json\/wp\/v2\/types\/product"}],"wp:attachment":[{"href":"https:\/\/roveyayinevi.com.tr\/index.php\/wp-json\/wp\/v2\/media?parent=695081"}],"wp:term":[{"taxonomy":"product_brand","embeddable":true,"href":"https:\/\/roveyayinevi.com.tr\/index.php\/wp-json\/wp\/v2\/product_brand?post=695081"},{"taxonomy":"product_cat","embeddable":true,"href":"https:\/\/roveyayinevi.com.tr\/index.php\/wp-json\/wp\/v2\/product_cat?post=695081"},{"taxonomy":"product_tag","embeddable":true,"href":"https:\/\/roveyayinevi.com.tr\/index.php\/wp-json\/wp\/v2\/product_tag?post=695081"}],"curies":[{"name":"wp","href":"https:\/\/api.w.org\/{rel}","templated":true}]}}