{"id":695028,"date":"2025-08-27T14:24:59","date_gmt":"2025-08-27T11:24:59","guid":{"rendered":"https:\/\/roveyayinevi.com.tr\/index.php\/urun\/direnmenin-estetigi\/"},"modified":"2026-04-16T02:05:01","modified_gmt":"2026-04-15T23:05:01","slug":"direnmenin-estetigi","status":"publish","type":"product","link":"https:\/\/roveyayinevi.com.tr\/index.php\/urun\/direnmenin-estetigi\/","title":{"rendered":"Direnmenin Esteti\u011fi"},"content":{"rendered":"<p>Almanya\u2019da politik tiyatronun bir altba\u015fl\u0131\u011f\u0131 olarak al\u0131nabilecek belgesel tiyatro nun \u00f6nc\u00fclerinden ve teorisyenlerinden biri olan Peter Weiss, Direnmenin Esteti\u011fi\u2019nde, 1937-1944 y\u0131llar\u0131 aras\u0131ndaki anti-fa\u015fist direni\u015fi ve bu direni\u015fin i\u00e7inde yer alan ger\u00e7ek ki\u015filerin \u00f6yk\u00fclerini \/ ya\u015fant\u0131lar\u0131n\u0131 merkez alarak, isimsiz bir Ben Anlat\u0131c\u0131\u2019n\u0131n (s\u0131n\u0131f bilincine sahip ayd\u0131n bir i\u015f\u00e7inin) bak\u0131\u015f a\u00e7\u0131s\u0131yla, tarihi, Antik Yunan\u2019dan bu yana sanat ve siyaset d\u00fczlemlerinde yeniden kuruyor. Direnmenin Esteti\u011fi ger\u00e7ekli\u011fin verilerinden yararland\u0131\u011f\u0131 i\u00e7in belgesel ve tarihsel, yazar\u0131n\u0131n ya\u015fam\u0131na g\u00f6ndermeleri oldu\u011fu i\u00e7in otobiyografik, metne giren par\u00e7alar\u0131 kendine \u00f6zg\u00fc bir bi\u00e7imde yorumlad\u0131\u011f\u0131 ve birle\u015ftirdi\u011fi i\u00e7in kurmaca, metinde belirsiz bir imk\u00e2n olarak yans\u0131yan bir kurtulu\u015f fikri b\u0131rakt\u0131\u011f\u0131 i\u00e7in \u00fctopik, yanda\u015f\u0131 oldu\u011fu d\u00fcnya g\u00f6r\u00fc\u015f\u00fc kar\u015f\u0131s\u0131nda ele\u015ftirel oldu\u011fu i\u00e7in yeniden kurucu, kulland\u0131\u011f\u0131 farkl\u0131 anlat\u0131m bi\u00e7imleriyle hem belgesel-ger\u00e7ek\u00e7i hem ger\u00e7ek\u00fcst\u00fcc\u00fc, Bat\u0131 k\u00fclt\u00fcr\u00fcn\u00fcn siyasi tarihi ve sanat tarihiyle metinler \u00fczerinden tart\u0131\u015ft\u0131\u011f\u0131 i\u00e7in metinleraras\u0131 ve k\u00fclt\u00fcr birikimini yeniden yorumlad\u0131\u011f\u0131 i\u00e7in ufuk a\u00e7\u0131c\u0131 \u00f6zellikler ta\u015f\u0131yan \u00e7ok katmanl\u0131 bir derya metin.<\/p>\n","protected":false},"excerpt":{"rendered":"<p>Almanya\u2019da politik tiyatronun bir altba\u015fl\u0131\u011f\u0131 olarak al\u0131nabilecek belgesel tiyatro nun \u00f6nc\u00fclerinden ve teorisyenlerinden biri olan Peter Weiss, Direnmenin Esteti\u011fi\u2019nde, 1937-1944 y\u0131llar\u0131 aras\u0131ndaki anti-fa\u015fist direni\u015fi ve bu<span class=\"excerpt-hellip\"> [\u2026]<\/span><\/p>\n","protected":false},"featured_media":0,"template":"","meta":{"_monsterinsights_skip_tracking":false,"_monsterinsights_sitenote_active":false,"_monsterinsights_sitenote_note":"","_monsterinsights_sitenote_category":0},"product_brand":[],"product_cat":[12337,14706],"product_tag":[],"class_list":{"0":"post-695028","1":"product","2":"type-product","3":"status-publish","5":"product_cat-politika-siyaset","6":"product_cat-siyaset-bilimi","7":"pa_cilt-ciltsiz","8":"pa_tur-kitap","9":"pa_yayinevi-iletisim-yayinlari","10":"pa_yazar-peter-weiss","12":"first","13":"instock","14":"sale","15":"shipping-taxable","16":"purchasable","17":"product-type-simple"},"_links":{"self":[{"href":"https:\/\/roveyayinevi.com.tr\/index.php\/wp-json\/wp\/v2\/product\/695028","targetHints":{"allow":["GET"]}}],"collection":[{"href":"https:\/\/roveyayinevi.com.tr\/index.php\/wp-json\/wp\/v2\/product"}],"about":[{"href":"https:\/\/roveyayinevi.com.tr\/index.php\/wp-json\/wp\/v2\/types\/product"}],"wp:attachment":[{"href":"https:\/\/roveyayinevi.com.tr\/index.php\/wp-json\/wp\/v2\/media?parent=695028"}],"wp:term":[{"taxonomy":"product_brand","embeddable":true,"href":"https:\/\/roveyayinevi.com.tr\/index.php\/wp-json\/wp\/v2\/product_brand?post=695028"},{"taxonomy":"product_cat","embeddable":true,"href":"https:\/\/roveyayinevi.com.tr\/index.php\/wp-json\/wp\/v2\/product_cat?post=695028"},{"taxonomy":"product_tag","embeddable":true,"href":"https:\/\/roveyayinevi.com.tr\/index.php\/wp-json\/wp\/v2\/product_tag?post=695028"}],"curies":[{"name":"wp","href":"https:\/\/api.w.org\/{rel}","templated":true}]}}