{"id":694922,"date":"2025-08-27T14:24:34","date_gmt":"2025-08-27T11:24:34","guid":{"rendered":"https:\/\/roveyayinevi.com.tr\/index.php\/urun\/baska-bir-avrupa-icin\/"},"modified":"2026-04-16T02:04:58","modified_gmt":"2026-04-15T23:04:58","slug":"baska-bir-avrupa-icin","status":"publish","type":"product","link":"https:\/\/roveyayinevi.com.tr\/index.php\/urun\/baska-bir-avrupa-icin\/","title":{"rendered":"Ba\u015fka Bir Avrupa \u0130\u00e7in"},"content":{"rendered":"<p>Avrupa Birli\u011fi \u00fczerine yap\u0131lm\u0131\u015f bu yetkin \u00e7al\u0131\u015fmada, ancak toplumsal ya\u015fam\u0131n temel birimi olarak s\u0131n\u0131flar \u00fczerine odaklanan bir tahlilin Avrupa\u2019n\u0131n ekonomik b\u00fct\u00fcnle\u015fmesinin i\u00e7 \u00e7eli\u015fkilerine \u0131\u015f\u0131k tutabilece\u011fi \u00f6ne s\u00fcr\u00fcl\u00fcyor. Bu k\u00f6ktenci yakla\u015f\u0131mdan iki \u00f6zg\u00fcl tema \u00e7\u0131k\u0131yor: Birincisi, rekabet ve toplumsal politika, ekonomi ve para birli\u011fi, ortak tar\u0131m politikas\u0131 ve g\u00f6\u00e7 gibi konular, al\u0131\u015f\u0131lm\u0131\u015f\u0131n d\u0131\u015f\u0131nda, \u00f6zg\u00fcn bir tarzda ele al\u0131n\u0131yor. \u0130kincisi, \u00f6rne\u011fin Birlik\u2019in karar alma s\u00fcrecinde \u00e7\u0131kar gruplar\u0131n\u0131n rol\u00fc gibi, standart ders kitaplar\u0131nda genellikle g\u00f6rmezden gelinen konular\u0131n Avrupa Birli\u011fi ekonomisinin kavranmas\u0131nda ne kadar \u00f6nemli olduklar\u0131 g\u00f6steriliyor. Dolay\u0131s\u0131yla bu eser, hem Avrupa projesinin kavranmas\u0131na bir giri\u015f hem de bu projenin bir ele\u015ftirisidir. \u00d6te yandan kitap, ekonomik kutupla\u015fman\u0131n ortadan kald\u0131r\u0131lmas\u0131, Avrupa\u2019n\u0131n \u00dc\u00e7\u00fcnc\u00fc D\u00fcnya ile emperyalist ili\u015fkilerinin yok edilmesi ve kendi kaderini kendisi belirleyebilen ger\u00e7ekten demokratik kurumlar\u0131n yarat\u0131lmas\u0131 temelinde bir ba\u015fka Avrupa\u2019n\u0131n olanakl\u0131 oldu\u011funu da \u00f6ne s\u00fcr\u00fcyor. Kitap, yazar\u0131n T\u00fcrk\u00e7e bas\u0131m i\u00e7in haz\u0131rlad\u0131\u011f\u0131 geni\u015f bir ekle yay\u0131nlan\u0131yor. \ufffcTan\u0131t\u0131m Metni<\/p>\n","protected":false},"excerpt":{"rendered":"<p>Avrupa Birli\u011fi \u00fczerine yap\u0131lm\u0131\u015f bu yetkin \u00e7al\u0131\u015fmada, ancak toplumsal ya\u015fam\u0131n temel birimi olarak s\u0131n\u0131flar \u00fczerine odaklanan bir tahlilin Avrupa\u2019n\u0131n ekonomik b\u00fct\u00fcnle\u015fmesinin i\u00e7 \u00e7eli\u015fkilerine \u0131\u015f\u0131k tutabilece\u011fi \u00f6ne<span class=\"excerpt-hellip\"> [\u2026]<\/span><\/p>\n","protected":false},"featured_media":0,"template":"","meta":{"_monsterinsights_skip_tracking":false,"_monsterinsights_sitenote_active":false,"_monsterinsights_sitenote_note":"","_monsterinsights_sitenote_category":0},"product_brand":[],"product_cat":[12573,12566],"product_tag":[],"class_list":{"0":"post-694922","1":"product","2":"type-product","3":"status-publish","5":"product_cat-akademik-kitaplar","6":"product_cat-egitim","7":"pa_cilt-ciltsiz","8":"pa_tur-kitap","9":"pa_yayinevi-yordam-kitap","10":"pa_yazar-guglielmo-carchedi","12":"first","13":"instock","14":"sale","15":"shipping-taxable","16":"purchasable","17":"product-type-simple"},"_links":{"self":[{"href":"https:\/\/roveyayinevi.com.tr\/index.php\/wp-json\/wp\/v2\/product\/694922","targetHints":{"allow":["GET"]}}],"collection":[{"href":"https:\/\/roveyayinevi.com.tr\/index.php\/wp-json\/wp\/v2\/product"}],"about":[{"href":"https:\/\/roveyayinevi.com.tr\/index.php\/wp-json\/wp\/v2\/types\/product"}],"wp:attachment":[{"href":"https:\/\/roveyayinevi.com.tr\/index.php\/wp-json\/wp\/v2\/media?parent=694922"}],"wp:term":[{"taxonomy":"product_brand","embeddable":true,"href":"https:\/\/roveyayinevi.com.tr\/index.php\/wp-json\/wp\/v2\/product_brand?post=694922"},{"taxonomy":"product_cat","embeddable":true,"href":"https:\/\/roveyayinevi.com.tr\/index.php\/wp-json\/wp\/v2\/product_cat?post=694922"},{"taxonomy":"product_tag","embeddable":true,"href":"https:\/\/roveyayinevi.com.tr\/index.php\/wp-json\/wp\/v2\/product_tag?post=694922"}],"curies":[{"name":"wp","href":"https:\/\/api.w.org\/{rel}","templated":true}]}}