{"id":694851,"date":"2025-08-27T14:24:17","date_gmt":"2025-08-27T11:24:17","guid":{"rendered":"https:\/\/roveyayinevi.com.tr\/index.php\/urun\/marksizm-ve-ulusal-sorun-ve-somurge-sorunu\/"},"modified":"2026-04-16T02:04:41","modified_gmt":"2026-04-15T23:04:41","slug":"marksizm-ve-ulusal-sorun-ve-somurge-sorunu","status":"publish","type":"product","link":"https:\/\/roveyayinevi.com.tr\/index.php\/urun\/marksizm-ve-ulusal-sorun-ve-somurge-sorunu\/","title":{"rendered":"Marksizm ve Ulusal Sorun ve S\u00f6m\u00fcrge Sorunu"},"content":{"rendered":"<p>J. Stalin\u2019in Le marxisme et la question nationale et coloniale (Editions Sociales Internationales, 1937 ve Editions Sociales, Paris 1949) adl\u0131 iki derleme yap\u0131t\u0131n\u0131 Frans\u0131zcas\u0131ndan Muzaffer Erdost dilimize \u00e7evirdi ve kitap, Sol Yay\u0131nlar\u0131 taraf\u0131ndan Marksizm ve Ulusal Sorun ve S\u00f6m\u00fcrge Sorunu ad\u0131 ile Ekim 2012 (Birinci Bask\u0131: \u2013Ulusal Sorun ve S\u00f6m\u00fcrgeler Sorunu\u2013 Mart 1976; \u0130kinci Bask\u0131: A\u011fustos 1976; \u00dc\u00e7\u00fcnc\u00fc Bask\u0131: Kas\u0131m 1977; D\u00f6rd\u00fcnc\u00fc Bask\u0131: Mart 1990; Be\u015finci Bask\u0131: Kas\u0131m 1994) tarihinde Ankara\u2019da Kuban Matbaac\u0131l\u0131k\u2019ta bast\u0131r\u0131ld\u0131. \ufffcTan\u0131t\u0131m Metni<\/p>\n","protected":false},"excerpt":{"rendered":"<p>J. Stalin\u2019in Le marxisme et la question nationale et coloniale (Editions Sociales Internationales, 1937 ve Editions Sociales, Paris 1949) adl\u0131 iki derleme yap\u0131t\u0131n\u0131 Frans\u0131zcas\u0131ndan Muzaffer Erdost<span class=\"excerpt-hellip\"> [\u2026]<\/span><\/p>\n","protected":false},"featured_media":0,"template":"","meta":{"_monsterinsights_skip_tracking":false,"_monsterinsights_sitenote_active":false,"_monsterinsights_sitenote_note":"","_monsterinsights_sitenote_category":0},"product_brand":[],"product_cat":[12304,13650],"product_tag":[],"class_list":{"0":"post-694851","1":"product","2":"type-product","3":"status-publish","5":"product_cat-tarih","6":"product_cat-turk-tarihi-arastirmalari","7":"pa_cilt-ciltsiz","8":"pa_tur-kitap","9":"pa_yayinevi-sol-yayinlari","10":"pa_yazar-josef-v-stalin","12":"first","13":"instock","14":"sale","15":"shipping-taxable","16":"purchasable","17":"product-type-simple"},"_links":{"self":[{"href":"https:\/\/roveyayinevi.com.tr\/index.php\/wp-json\/wp\/v2\/product\/694851","targetHints":{"allow":["GET"]}}],"collection":[{"href":"https:\/\/roveyayinevi.com.tr\/index.php\/wp-json\/wp\/v2\/product"}],"about":[{"href":"https:\/\/roveyayinevi.com.tr\/index.php\/wp-json\/wp\/v2\/types\/product"}],"wp:attachment":[{"href":"https:\/\/roveyayinevi.com.tr\/index.php\/wp-json\/wp\/v2\/media?parent=694851"}],"wp:term":[{"taxonomy":"product_brand","embeddable":true,"href":"https:\/\/roveyayinevi.com.tr\/index.php\/wp-json\/wp\/v2\/product_brand?post=694851"},{"taxonomy":"product_cat","embeddable":true,"href":"https:\/\/roveyayinevi.com.tr\/index.php\/wp-json\/wp\/v2\/product_cat?post=694851"},{"taxonomy":"product_tag","embeddable":true,"href":"https:\/\/roveyayinevi.com.tr\/index.php\/wp-json\/wp\/v2\/product_tag?post=694851"}],"curies":[{"name":"wp","href":"https:\/\/api.w.org\/{rel}","templated":true}]}}