{"id":694760,"date":"2025-08-27T14:23:06","date_gmt":"2025-08-27T11:23:06","guid":{"rendered":"https:\/\/roveyayinevi.com.tr\/index.php\/urun\/kurtlar-sofrasindaki-osmanli\/"},"modified":"2026-04-16T02:04:40","modified_gmt":"2026-04-15T23:04:40","slug":"kurtlar-sofrasindaki-osmanli","status":"publish","type":"product","link":"https:\/\/roveyayinevi.com.tr\/index.php\/urun\/kurtlar-sofrasindaki-osmanli\/","title":{"rendered":"Kurtlar Sofras\u0131ndaki Osmanl\u0131"},"content":{"rendered":"<p>Osmanl\u0131 Devleti, XIX. y\u00fczy\u0131l boyunca Avrupa \u00fclkelerinin yo\u011fun sald\u0131r\u0131lar\u0131 kar\u015f\u0131s\u0131nda ayakta kalma m\u00fccadelesi verdi.Bu m\u00fccadele \u00e7ok zahmetli ve y\u0131prat\u0131c\u0131 oldu. Zaman zaman a\u011f\u0131r kay\u0131plara u\u011fran\u0131ld\u0131. Avrupal\u0131lar Osmanl\u0131 Devleti&#8217;ne y\u00f6nelik sald\u0131r\u0131lar\u0131n\u0131 bizzat hayata ge\u00e7irdikleri gibi devletin tebaas\u0131 olan Gayrim\u00fcslim unsurlar\u0131 da bu sald\u0131r\u0131larda koz olarak kulland\u0131lar. Bu ise ayakta kalma m\u00fccadelesinin hem i\u00e7e hem de d\u0131\u015fa kar\u015f\u0131 yap\u0131lmas\u0131 mecburiyetini do\u011furdu. Art\u0131k eski g\u00fcc\u00fcnde olmayan Osmanl\u0131 Devleti bir taraftan direni\u015f sava\u015f\u0131 verirken di\u011fer taraftan da bir tak\u0131m reformlarla \u00fclkenin modernle\u015fmesi \u00e7abalar\u0131n\u0131 s\u00fcrd\u00fcr\u00fcyordu. Bu arada k\u0131s\u0131r i\u00e7 siyaset \u00e7eki\u015fmeleri de olumsuz etkisini hissettiriyordu.B\u00fct\u00fcn bu handikaplara ra\u011fmen Osmanl\u0131 Devleti ayakta kalmay\u0131 ba\u015farabildi. Ayakta kalabilmes\u00fcresi uzad\u0131k\u00e7a da sonraki nesillerin direni\u015f g\u00fcc\u00fc artt\u0131. \u0130\u015fte bu direni\u015f m\u00fccadelesi \u00f6nemsenmesi ve sayg\u0131 duyulmas\u0131 gereken bir direni\u015f m\u00fccadelesi \u00f6nemsenmesi ve sayg\u0131 duyulmas\u0131 gereken bir m\u00fccadeledir. Elinizdeki kitapta, s\u00f6z\u00fc edilen i\u00e7 ve d\u0131\u015f gailelerden ve bunlardan ne \u015fekilde s\u0131yr\u0131lmaya \u00e7al\u0131\u015f\u0131ld\u0131\u011f\u0131ndan \u00f6rnekler bulacaks\u0131n\u0131z. <\/p>\n","protected":false},"excerpt":{"rendered":"<p>Osmanl\u0131 Devleti, XIX. y\u00fczy\u0131l boyunca Avrupa \u00fclkelerinin yo\u011fun sald\u0131r\u0131lar\u0131 kar\u015f\u0131s\u0131nda ayakta kalma m\u00fccadelesi verdi.Bu m\u00fccadele \u00e7ok zahmetli ve y\u0131prat\u0131c\u0131 oldu. Zaman zaman a\u011f\u0131r kay\u0131plara u\u011fran\u0131ld\u0131. Avrupal\u0131lar<span class=\"excerpt-hellip\"> [\u2026]<\/span><\/p>\n","protected":false},"featured_media":0,"template":"","meta":{"_monsterinsights_skip_tracking":false,"_monsterinsights_sitenote_active":false,"_monsterinsights_sitenote_note":"","_monsterinsights_sitenote_category":0},"product_brand":[],"product_cat":[13517,12304],"product_tag":[],"class_list":{"0":"post-694760","1":"product","2":"type-product","3":"status-publish","5":"product_cat-osmanli-tarihi","6":"product_cat-tarih","7":"pa_tur-kitap","8":"pa_yayinevi-yeditepe-yayinevi","9":"pa_yazar-vahdettin-engin","11":"first","12":"instock","13":"sale","14":"shipping-taxable","15":"purchasable","16":"product-type-simple"},"_links":{"self":[{"href":"https:\/\/roveyayinevi.com.tr\/index.php\/wp-json\/wp\/v2\/product\/694760","targetHints":{"allow":["GET"]}}],"collection":[{"href":"https:\/\/roveyayinevi.com.tr\/index.php\/wp-json\/wp\/v2\/product"}],"about":[{"href":"https:\/\/roveyayinevi.com.tr\/index.php\/wp-json\/wp\/v2\/types\/product"}],"wp:attachment":[{"href":"https:\/\/roveyayinevi.com.tr\/index.php\/wp-json\/wp\/v2\/media?parent=694760"}],"wp:term":[{"taxonomy":"product_brand","embeddable":true,"href":"https:\/\/roveyayinevi.com.tr\/index.php\/wp-json\/wp\/v2\/product_brand?post=694760"},{"taxonomy":"product_cat","embeddable":true,"href":"https:\/\/roveyayinevi.com.tr\/index.php\/wp-json\/wp\/v2\/product_cat?post=694760"},{"taxonomy":"product_tag","embeddable":true,"href":"https:\/\/roveyayinevi.com.tr\/index.php\/wp-json\/wp\/v2\/product_tag?post=694760"}],"curies":[{"name":"wp","href":"https:\/\/api.w.org\/{rel}","templated":true}]}}