{"id":694752,"date":"2025-08-27T14:23:05","date_gmt":"2025-08-27T11:23:05","guid":{"rendered":"https:\/\/roveyayinevi.com.tr\/index.php\/urun\/ates-cemberinde-azerbaycan\/"},"modified":"2025-11-22T02:37:22","modified_gmt":"2025-11-21T23:37:22","slug":"ates-cemberinde-azerbaycan","status":"publish","type":"product","link":"https:\/\/roveyayinevi.com.tr\/index.php\/urun\/ates-cemberinde-azerbaycan\/","title":{"rendered":"Ate\u015f \u00c7emberinde Azerbaycan"},"content":{"rendered":"<p>Azerbaycan T\u00fcrkleri, \u0130ran ve Rusya\u2019n\u0131n h\u00e2kimiyet m\u00fccadelesi sonucunda imzalanan T\u00fcrkmen\u00e7ay Antla\u015fmas\u0131 neticesindeikiye b\u00f6l\u00fcnm\u00fc\u015ft\u00fcr. 1828 y\u0131l\u0131nda imzalanan T\u00fcrkmen\u00e7ay Antla\u015fmas\u0131\u2019yla, \u0130ran s\u0131n\u0131rlar\u0131 i\u00e7erinde kalan, bug\u00fcnk\u00fc n\u00fcfusuyakla\u015f\u0131k 30 milyon T\u00fcrk, halen Fars egemenli\u011fi alt\u0131nda bulunmakta ve bir\u00e7ok hakk\u0131ndan mahrum olarak ya\u015famaya\u00e7al\u0131\u015fmaktad\u0131r.Bu ikiye b\u00f6l\u00fcnm\u00fc\u015fl\u00fc\u011f\u00fcn d\u0131\u015f\u0131nda en \u00f6nemli sorunlardan biri de, her g\u00fcn daha da \u00e7\u00f6z\u00fcms\u00fcz bir hal alan Ermenistansorundur. Rusya, 1828 T\u00fcrkmen\u00e7ay Antla\u015fmas\u0131\u2019n\u0131n XV. maddesine dayanarak, \u0130ran, Osmanl\u0131 Devleti ve Rusya\u2019dakiErmenileri, sistemli bir \u015fekilde G\u00fcney Kafkasya\u2019ya g\u00f6\u00e7 ettirmi\u015ftir. Bu planl\u0131 hareket neticesinde, bu b\u00f6lgede Ermenidevletinin temelleri at\u0131lm\u0131\u015ft\u0131r. Bug\u00fcn Ermeniler, tarihi T\u00fcrk topraklar\u0131n\u0131 kendi vatan\u0131 gibi kabul etmesi yetmiyormu\u015f gibi,bir de Azerbaycan\u2019\u0131n %20\u2019sini de i\u015fgal etmi\u015fler ve bu topraklarda ya\u015fayan yakla\u015f\u0131k bir milyon insan\u0131 \u201cg\u00f6\u00e7k\u00fcn\u201d durumunad\u00fc\u015f\u00fcrm\u00fc\u015flerdir.T\u00fcrkiye, b\u00f6lgedeki k\u00fclt\u00fcrel ve ekonomik ili\u015fkilerini geli\u015ftirirken, istikrar\u0131n korunmas\u0131nda aktif rol almal\u0131d\u0131r. Bu b\u00f6lgeyihala arka bah\u00e7esi olarak g\u00f6ren zihniyete kar\u015f\u0131 dikkatli olmak zorundad\u0131r. B\u00f6lgenin istikrar\u0131, Azerbaycan&#8217;\u0131n madden vemanen geli\u015fmesi T\u00fcrkiye&#8217;nin faydas\u0131nad\u0131r. Her \u015feyden evvel dil, inan\u00e7 ve k\u00fclt\u00fcr birli\u011fimiz bulunan Azerbaycan veT\u00fcrkistan Cumhuriyetlerinin bu ge\u00e7i\u015f s\u00fcrecini sa\u011fl\u0131kl\u0131 bir \u015fekilde atlatabilmeleri ve yeniden, baz\u0131 g\u00fc\u00e7lerin oyunlar\u0131nagelmemeleri i\u00e7in T\u00fcrkiye&#8217;nin deste\u011fi ve rehberli\u011fi \u015fartt\u0131r. Bu b\u00f6lgelerin kendi kontrollerinde kalmas\u0131n\u0131 isteyenler, her t\u00fcrl\u00fcoyunu deneyeceklerdir. T\u00fcrkiye bu t\u00fcr oyunlara kar\u015f\u0131 tedbirli olmal\u0131, plan ve projeler geli\u015ftirmelidir. T\u00fcrk D\u00fcnyas\u0131n\u0131n\u00f6n\u00fcne \u00e7\u0131kan tarihi f\u0131rsat, b\u00fct\u00fcn engelleme \u00e7al\u0131\u015fmalar\u0131na ra\u011fmen iyi bir \u015fekilde de\u011ferlendirilmelidir<\/p>\n","protected":false},"excerpt":{"rendered":"<p>Azerbaycan T\u00fcrkleri, \u0130ran ve Rusya\u2019n\u0131n h\u00e2kimiyet m\u00fccadelesi sonucunda imzalanan T\u00fcrkmen\u00e7ay Antla\u015fmas\u0131 neticesindeikiye b\u00f6l\u00fcnm\u00fc\u015ft\u00fcr. 1828 y\u0131l\u0131nda imzalanan T\u00fcrkmen\u00e7ay Antla\u015fmas\u0131\u2019yla, \u0130ran s\u0131n\u0131rlar\u0131 i\u00e7erinde kalan, bug\u00fcnk\u00fc n\u00fcfusuyakla\u015f\u0131k 30 milyon<span class=\"excerpt-hellip\"> [\u2026]<\/span><\/p>\n","protected":false},"featured_media":0,"template":"","meta":{"_monsterinsights_skip_tracking":false,"_monsterinsights_sitenote_active":false,"_monsterinsights_sitenote_note":"","_monsterinsights_sitenote_category":0},"product_brand":[],"product_cat":[12338,12337],"product_tag":[],"class_list":{"0":"post-694752","1":"product","2":"type-product","3":"status-publish","5":"product_cat-dunya-siyaseti-ve-politikasi","6":"product_cat-politika-siyaset","7":"pa_cilt-ciltsiz","8":"pa_tur-kitap","9":"pa_yayinevi-yeditepe-yayinevi","10":"pa_yazar-okan-yesilot","12":"first","13":"instock","14":"sale","15":"shipping-taxable","16":"purchasable","17":"product-type-simple"},"_links":{"self":[{"href":"https:\/\/roveyayinevi.com.tr\/index.php\/wp-json\/wp\/v2\/product\/694752","targetHints":{"allow":["GET"]}}],"collection":[{"href":"https:\/\/roveyayinevi.com.tr\/index.php\/wp-json\/wp\/v2\/product"}],"about":[{"href":"https:\/\/roveyayinevi.com.tr\/index.php\/wp-json\/wp\/v2\/types\/product"}],"wp:attachment":[{"href":"https:\/\/roveyayinevi.com.tr\/index.php\/wp-json\/wp\/v2\/media?parent=694752"}],"wp:term":[{"taxonomy":"product_brand","embeddable":true,"href":"https:\/\/roveyayinevi.com.tr\/index.php\/wp-json\/wp\/v2\/product_brand?post=694752"},{"taxonomy":"product_cat","embeddable":true,"href":"https:\/\/roveyayinevi.com.tr\/index.php\/wp-json\/wp\/v2\/product_cat?post=694752"},{"taxonomy":"product_tag","embeddable":true,"href":"https:\/\/roveyayinevi.com.tr\/index.php\/wp-json\/wp\/v2\/product_tag?post=694752"}],"curies":[{"name":"wp","href":"https:\/\/api.w.org\/{rel}","templated":true}]}}