{"id":694642,"date":"2025-08-27T14:22:40","date_gmt":"2025-08-27T11:22:40","guid":{"rendered":"https:\/\/roveyayinevi.com.tr\/index.php\/urun\/aci-lokma\/"},"modified":"2026-04-16T02:04:37","modified_gmt":"2026-04-15T23:04:37","slug":"aci-lokma","status":"publish","type":"product","link":"https:\/\/roveyayinevi.com.tr\/index.php\/urun\/aci-lokma\/","title":{"rendered":"Ac\u0131 Lokma"},"content":{"rendered":"<p>Fahri Erdin\u00e7 (1917-1986), T\u00fcrk edebiyat\u0131n\u0131n toplumcu ger\u00e7ek\u00e7i gelene\u011finden geliyor. 40 Ku\u015fa\u011f\u0131 olarak an\u0131lan edebiyat\u00e7\u0131lar aras\u0131nda, sanat ya\u015fam\u0131 Sabahattin Ali ve N\u00e2z\u0131m Hikmet&#8217;le usta-\u00e7\u0131rak ili\u015fkisi i\u00e7inde geli\u015fen, \u00f6yk\u00fc ve roman alan\u0131nda verdi\u011fi \u00fcr\u00fcnlerle edebiyat tarihimizde iz b\u0131rakan yazarlardan. Ayn\u0131 zamanda, sanatsal kimli\u011fine, yurt d\u0131\u015f\u0131nda s\u00fcrg\u00fcn ya\u015fam\u0131 boyunca siyasal \u00e7al\u0131\u015fmalar\u0131yla yeni boyutlar ekleyen bir yazg\u0131 adam\u0131.Ac\u0131 Lokma roman\u0131, Fahri Erdin\u00e7&#8217;in yazg\u0131 adaml\u0131\u011f\u0131 kimli\u011fine giden yolda, ya\u015fam\u00f6yk\u00fcs\u00fcnden bir kesit. Ege&#8217;nin bir kasabas\u0131nda, t\u00fct\u00fcnc\u00fcl\u00fck de yapan bir aile \u00e7er\u00e7evesinde 30 y\u0131ll\u0131k ya\u015fam dilimini sunarken, Kurtulu\u015f Sava\u015f\u0131 ard\u0131ndan cumhuriyetin kurulu\u015f y\u0131llar\u0131nda olu\u015fan toplumsal ve siyasal ortam\u0131 da ele\u015ftirel bir bak\u0131\u015fla anlat\u0131yor. Halk\u0131n ya\u015fam\u0131ndan canl\u0131 g\u00f6r\u00fcn\u00fcmler, de\u011fi\u015fik insan portreleri e\u015fli\u011finde. Duyarl\u0131 bir dil, s\u00fcr\u00fckleyici bir anlat\u0131m ve ak\u0131c\u0131 bir kurguyla&#8230; <\/p>\n","protected":false},"excerpt":{"rendered":"<p>Fahri Erdin\u00e7 (1917-1986), T\u00fcrk edebiyat\u0131n\u0131n toplumcu ger\u00e7ek\u00e7i gelene\u011finden geliyor. 40 Ku\u015fa\u011f\u0131 olarak an\u0131lan edebiyat\u00e7\u0131lar aras\u0131nda, sanat ya\u015fam\u0131 Sabahattin Ali ve N\u00e2z\u0131m Hikmet&#8217;le usta-\u00e7\u0131rak ili\u015fkisi i\u00e7inde geli\u015fen,<span class=\"excerpt-hellip\"> [\u2026]<\/span><\/p>\n","protected":false},"featured_media":0,"template":"","meta":{"_monsterinsights_skip_tracking":false,"_monsterinsights_sitenote_active":false,"_monsterinsights_sitenote_note":"","_monsterinsights_sitenote_category":0},"product_brand":[],"product_cat":[12291,12292],"product_tag":[],"class_list":{"0":"post-694642","1":"product","2":"type-product","3":"status-publish","5":"product_cat-edebiyat","6":"product_cat-turk-edebiyati","7":"pa_cilt-ciltsiz","8":"pa_tur-kitap","9":"pa_yayinevi-yordam-kitap","10":"pa_yazar-fahri-erdinc","12":"first","13":"instock","14":"sale","15":"shipping-taxable","16":"purchasable","17":"product-type-simple"},"_links":{"self":[{"href":"https:\/\/roveyayinevi.com.tr\/index.php\/wp-json\/wp\/v2\/product\/694642","targetHints":{"allow":["GET"]}}],"collection":[{"href":"https:\/\/roveyayinevi.com.tr\/index.php\/wp-json\/wp\/v2\/product"}],"about":[{"href":"https:\/\/roveyayinevi.com.tr\/index.php\/wp-json\/wp\/v2\/types\/product"}],"wp:attachment":[{"href":"https:\/\/roveyayinevi.com.tr\/index.php\/wp-json\/wp\/v2\/media?parent=694642"}],"wp:term":[{"taxonomy":"product_brand","embeddable":true,"href":"https:\/\/roveyayinevi.com.tr\/index.php\/wp-json\/wp\/v2\/product_brand?post=694642"},{"taxonomy":"product_cat","embeddable":true,"href":"https:\/\/roveyayinevi.com.tr\/index.php\/wp-json\/wp\/v2\/product_cat?post=694642"},{"taxonomy":"product_tag","embeddable":true,"href":"https:\/\/roveyayinevi.com.tr\/index.php\/wp-json\/wp\/v2\/product_tag?post=694642"}],"curies":[{"name":"wp","href":"https:\/\/api.w.org\/{rel}","templated":true}]}}