{"id":694506,"date":"2025-08-27T14:21:29","date_gmt":"2025-08-27T11:21:29","guid":{"rendered":"https:\/\/roveyayinevi.com.tr\/index.php\/urun\/turkiyede-kongre-iktidarlari-1918-1920\/"},"modified":"2026-04-16T02:04:34","modified_gmt":"2026-04-15T23:04:34","slug":"turkiyede-kongre-iktidarlari-1918-1920","status":"publish","type":"product","link":"https:\/\/roveyayinevi.com.tr\/index.php\/urun\/turkiyede-kongre-iktidarlari-1918-1920\/","title":{"rendered":"T\u00fcrkiye\u2019de Kongre \u0130ktidarlar\u0131 (1918-1920)"},"content":{"rendered":"<p>T\u00fcrkiye&#8217;nin Ayd\u0131nlanma hareketi dendi\u011finde hep tart\u0131\u015f\u0131lagelen \u00f6nemli nokta \u015fu olmu\u015ftur: Ulusal ba\u011f\u0131ms\u0131zl\u0131k m\u00fccadelesi sonucunda elde edilen haklar kazan\u0131lm\u0131\u015f m\u0131d\u0131r, verilmi\u015f midir? Bir ba\u015fka deyi\u015fle birtak\u0131m haklar halka tepeden mi dayat\u0131ld\u0131, yoksa halk bunlar\u0131 kendi m\u00fccadelesiyle mi kazand\u0131? Milli M\u00fccadele d\u00f6neminin yerel ve ulusal kongre hareketlerini inceleyen B\u00fclent Tan\u00f6r, bu hareketlerin nirengi noktalar\u0131n\u0131 titizlikle ortaya koyarak kongre \u00f6rg\u00fctlenmelerinin hangi ihtiya\u00e7tan do\u011fdu\u011funu incelerken, yukar\u0131daki soruya da \u0131\u015f\u0131k tutuyor. 1998&#8217;de Gazeteciler Cemiyet Sedat Simavi Sosyal Bilimler \u00d6d\u00fcl\u00fc&#8217;n\u00fc kazanan bu yap\u0131t yak\u0131n tarihimiz \u00fczerine tutulan bir b\u00fcy\u00fcte\u00e7. <\/p>\n","protected":false},"excerpt":{"rendered":"<p>T\u00fcrkiye&#8217;nin Ayd\u0131nlanma hareketi dendi\u011finde hep tart\u0131\u015f\u0131lagelen \u00f6nemli nokta \u015fu olmu\u015ftur: Ulusal ba\u011f\u0131ms\u0131zl\u0131k m\u00fccadelesi sonucunda elde edilen haklar kazan\u0131lm\u0131\u015f m\u0131d\u0131r, verilmi\u015f midir? Bir ba\u015fka deyi\u015fle birtak\u0131m haklar<span class=\"excerpt-hellip\"> [\u2026]<\/span><\/p>\n","protected":false},"featured_media":0,"template":"","meta":{"_monsterinsights_skip_tracking":false,"_monsterinsights_sitenote_active":false,"_monsterinsights_sitenote_note":"","_monsterinsights_sitenote_category":0},"product_brand":[],"product_cat":[13517,12304],"product_tag":[],"class_list":{"0":"post-694506","1":"product","2":"type-product","3":"status-publish","5":"product_cat-osmanli-tarihi","6":"product_cat-tarih","7":"pa_cilt-ciltsiz","8":"pa_tur-kitap","9":"pa_yayinevi-yapi-kredi-yayinlari","10":"pa_yazar-bulent-tanor","12":"first","13":"instock","14":"sale","15":"shipping-taxable","16":"purchasable","17":"product-type-simple"},"_links":{"self":[{"href":"https:\/\/roveyayinevi.com.tr\/index.php\/wp-json\/wp\/v2\/product\/694506","targetHints":{"allow":["GET"]}}],"collection":[{"href":"https:\/\/roveyayinevi.com.tr\/index.php\/wp-json\/wp\/v2\/product"}],"about":[{"href":"https:\/\/roveyayinevi.com.tr\/index.php\/wp-json\/wp\/v2\/types\/product"}],"wp:attachment":[{"href":"https:\/\/roveyayinevi.com.tr\/index.php\/wp-json\/wp\/v2\/media?parent=694506"}],"wp:term":[{"taxonomy":"product_brand","embeddable":true,"href":"https:\/\/roveyayinevi.com.tr\/index.php\/wp-json\/wp\/v2\/product_brand?post=694506"},{"taxonomy":"product_cat","embeddable":true,"href":"https:\/\/roveyayinevi.com.tr\/index.php\/wp-json\/wp\/v2\/product_cat?post=694506"},{"taxonomy":"product_tag","embeddable":true,"href":"https:\/\/roveyayinevi.com.tr\/index.php\/wp-json\/wp\/v2\/product_tag?post=694506"}],"curies":[{"name":"wp","href":"https:\/\/api.w.org\/{rel}","templated":true}]}}