{"id":694501,"date":"2025-08-27T14:21:28","date_gmt":"2025-08-27T11:21:28","guid":{"rendered":"https:\/\/roveyayinevi.com.tr\/index.php\/urun\/sevdali-tutsak\/"},"modified":"2026-04-16T02:04:34","modified_gmt":"2026-04-15T23:04:34","slug":"sevdali-tutsak","status":"publish","type":"product","link":"https:\/\/roveyayinevi.com.tr\/index.php\/urun\/sevdali-tutsak\/","title":{"rendered":"Sevdal\u0131 Tutsak"},"content":{"rendered":"<p>Jean Genet\u2019ye yakla\u015f\u0131k yirmi y\u0131l s\u00fcren yaz\u0131nsal sessizli\u011fini bozduran son kitab\u0131 Sevdal\u0131 Tutsak\u2019\u0131 sunuyoruz bu kez. Yazar\u0131n 70\u2019li y\u0131llarda Filistinlilerin ve siyah Amerikal\u0131 devrimcilerin aras\u0131nda ya\u015fad\u0131klar\u0131n\u0131 anlatt\u0131\u011f\u0131 Sevdal\u0131 Tutsak, 1986 y\u0131l\u0131nda yay\u0131mland\u0131\u011f\u0131nda yolunu \u015fa\u015f\u0131rm\u0131\u015f, ya\u015fl\u0131 bir a\u015f\u0131r\u0131 solcunun yazd\u0131\u011f\u0131 \u201cter\u00f6rist\u201d bir metin olarak yuhalansa da, Genet\u2019nin edebiyat\u00e7\u0131 olarak de\u011ferinin bir kez daha teyit edilmesini sa\u011flam\u0131\u015ft\u0131. Proust ve C\u00e9line\u2019le e\u015f tutulan yazar\u0131n ilk d\u00f6nem yap\u0131tlar\u0131n\u0131n \u201cb\u00fct\u00fcn o kutsal ate\u015fi ve \u015fiiri\u201dnin Sevdal\u0131 Tutsak\u2019ta da var oldu\u011funa dikkat \u00e7ekilmi\u015fti. Filistin halk\u0131n\u0131n derin ac\u0131s\u0131nda esin bulan, \u0130srail\u2019in Sabra ve \u015eatila\u2019daki Filistin kamplar\u0131nda giri\u015fti\u011fi katliamlar kar\u015f\u0131s\u0131nda \u015fok ge\u00e7iren Genet\u2019nin bu yap\u0131t\u0131nda sanat\u0131n\u0131, siyasi duru\u015funu ve insanl\u0131\u011f\u0131n\u0131 bir arada buluyoruz. Zira yazar Sevdal\u0131 Tutsak\u2019ta 1970-1984 y\u0131llar\u0131 aras\u0131nda Filistin kamplar\u0131nda ve Amerika\u2019da Kara Panterler\u2019in yan\u0131nda ya\u015fad\u0131klar\u0131n\u0131 anlatmakla kalm\u0131yor, edebiyat ve felsefe hakk\u0131ndaki g\u00f6r\u00fc\u015f\u00fcn\u00fc, ya\u015fam anlay\u0131\u015f\u0131n\u0131, ger\u00e7ek aray\u0131\u015f\u0131n\u0131 da b\u00fcy\u00fck bir ironiyle ve ba\u011f\u0131ms\u0131z bir ruhla dile getiriyor. \u201cGer\u00e7e\u011fin i\u00e7indeki g\u00fczelli\u011fi ar\u0131yorum\u201d diyordu Jean-Paul Sartre\u2019\u0131n azizlik payesi verdi\u011fi Genet. Onun i\u00e7in ger\u00e7e\u011fin pe\u015finde ko\u015fmak belki de tek varolu\u015f nedeniydi. Filistin, politik bir yans\u0131madan \u00e7ok ge\u00e7mi\u015fi, kendisi ve bir halkla y\u00fczle\u015fme alan\u0131yd\u0131. El Fetih\u2019le \u00e7\u0131kt\u0131\u011f\u0131 yolculukta g\u00f6rd\u00fc\u011f\u00fc, hissetti\u011fi, ya\u015fad\u0131\u011f\u0131 her \u015feyin kendi ya\u015fam\u0131nda bir kar\u015f\u0131l\u0131\u011f\u0131 vard\u0131. \u0130syan eden halklar \u00e7ekiyordu Genet\u2019yi. Sevdal\u0131 Tutsak, ger\u00e7e\u011fe ula\u015fmak u\u011fruna g\u00f6r\u00fcnenin alt\u0131ndakini amans\u0131zca kurcalayan, Filistin hareketi ve kendisiyle hesapla\u015fan bir yazar\u0131n ac\u0131y\u0131, h\u00fczn\u00fc, ama ayn\u0131 zamanda umudu da bar\u0131nd\u0131ran \u201centelekt\u00fcel\u201d \u00e7\u0131\u011fl\u0131\u011f\u0131d\u0131r. Genet uzman\u0131 Albert Dichy\u2019nin \u201chastal\u0131\u011f\u0131n ve \u00f6l\u00fcm\u00fcn g\u00f6lgesinde\u201d yaz\u0131lm\u0131\u015f ve y\u00fczy\u0131l\u0131n son devrimcilerine ithaf edilmi\u015f an\u0131tsal bir yap\u0131t olarak niteledi\u011fi bu kitab\u0131n, yazar\u0131n en \u00f6nemli yap\u0131tlar\u0131n\u0131 okurla bulu\u015fturmak \u00fczere \u00e7\u0131kt\u0131\u011f\u0131m\u0131z yolculukta g\u00f6rkemli bir durak olaca\u011f\u0131 inanc\u0131nday\u0131z.<\/p>\n","protected":false},"excerpt":{"rendered":"<p>Jean Genet\u2019ye yakla\u015f\u0131k yirmi y\u0131l s\u00fcren yaz\u0131nsal sessizli\u011fini bozduran son kitab\u0131 Sevdal\u0131 Tutsak\u2019\u0131 sunuyoruz bu kez. Yazar\u0131n 70\u2019li y\u0131llarda Filistinlilerin ve siyah Amerikal\u0131 devrimcilerin aras\u0131nda ya\u015fad\u0131klar\u0131n\u0131<span class=\"excerpt-hellip\"> [\u2026]<\/span><\/p>\n","protected":false},"featured_media":0,"template":"","meta":{"_monsterinsights_skip_tracking":false,"_monsterinsights_sitenote_active":false,"_monsterinsights_sitenote_note":"","_monsterinsights_sitenote_category":0},"product_brand":[],"product_cat":[12291,13376],"product_tag":[],"class_list":{"0":"post-694501","1":"product","2":"type-product","3":"status-publish","5":"product_cat-edebiyat","6":"product_cat-fransiz-edebiyati","7":"pa_cilt-ciltsiz","8":"pa_tur-kitap","9":"pa_yayinevi-ayrinti-yayinlari","10":"pa_yazar-jean-genet","12":"first","13":"instock","14":"sale","15":"shipping-taxable","16":"purchasable","17":"product-type-simple"},"_links":{"self":[{"href":"https:\/\/roveyayinevi.com.tr\/index.php\/wp-json\/wp\/v2\/product\/694501","targetHints":{"allow":["GET"]}}],"collection":[{"href":"https:\/\/roveyayinevi.com.tr\/index.php\/wp-json\/wp\/v2\/product"}],"about":[{"href":"https:\/\/roveyayinevi.com.tr\/index.php\/wp-json\/wp\/v2\/types\/product"}],"wp:attachment":[{"href":"https:\/\/roveyayinevi.com.tr\/index.php\/wp-json\/wp\/v2\/media?parent=694501"}],"wp:term":[{"taxonomy":"product_brand","embeddable":true,"href":"https:\/\/roveyayinevi.com.tr\/index.php\/wp-json\/wp\/v2\/product_brand?post=694501"},{"taxonomy":"product_cat","embeddable":true,"href":"https:\/\/roveyayinevi.com.tr\/index.php\/wp-json\/wp\/v2\/product_cat?post=694501"},{"taxonomy":"product_tag","embeddable":true,"href":"https:\/\/roveyayinevi.com.tr\/index.php\/wp-json\/wp\/v2\/product_tag?post=694501"}],"curies":[{"name":"wp","href":"https:\/\/api.w.org\/{rel}","templated":true}]}}