{"id":694496,"date":"2025-08-27T14:21:27","date_gmt":"2025-08-27T11:21:27","guid":{"rendered":"https:\/\/roveyayinevi.com.tr\/index.php\/urun\/turk-halkinin-dirlik-ve-duzenlik-kavgasi\/"},"modified":"2026-04-16T02:04:34","modified_gmt":"2026-04-15T23:04:34","slug":"turk-halkinin-dirlik-ve-duzenlik-kavgasi","status":"publish","type":"product","link":"https:\/\/roveyayinevi.com.tr\/index.php\/urun\/turk-halkinin-dirlik-ve-duzenlik-kavgasi\/","title":{"rendered":"T\u00fcrk Halk\u0131n\u0131n Dirlik ve D\u00fczenlik Kavgas\u0131"},"content":{"rendered":"<p>Cumhuriyet d\u00f6nemi tarih\u00e7ili\u011fimizin bir klasi\u011fi. Osmanl\u0131 tarihinin en parlak d\u00f6nemi say\u0131lan 16. y\u00fczy\u0131l\u0131n ortalar\u0131nda ba\u015flay\u0131p 17. y\u00fczy\u0131l\u0131n ilk \u00e7eyre\u011fine kadar s\u00fcren birbirine eklemlenmi\u015f toplumsal kar\u0131\u015f\u0131kl\u0131klar, devlet otoritesine g\u00fc\u00e7l\u00fc ba\u015fkald\u0131r\u0131lar dizisinin nedenleri, \u00f6zellikleri, sonu\u00e7lar\u0131 ilk kez bu \u00e7al\u0131\u015fmada b\u00fct\u00fcn kapsam\u0131yla ortaya konmu\u015ftur. Osmanl\u0131 Devleti&#8217;nin temel co\u011frafi ve toplumsal dayana\u011f\u0131 olan Anadolu&#8217;da ortaya \u00e7\u0131kan bu olaylar dizisi sosyal ve iktisadi d\u00fczeni alt\u00fcst etmi\u015f, izleri g\u00fcn\u00fcm\u00fcze kadar gelen b\u00fcy\u00fck ka\u00e7gun gibi bir olguyu yaratm\u0131\u015f, devlet a\u00e7\u0131s\u0131ndan da vergi gelirlerinin azalmas\u0131, as\u00e2yi\u015fin bozulmas\u0131, kentlere g\u00f6\u00e7\u00fcn arttmas\u0131n\u0131n yaratt\u0131\u011f\u0131 \u00e7ok boyutlu sorunlar gibi sonu\u00e7lar do\u011furmu\u015ftur. Osmanl\u0131 tarihinin klasik b\u00f6l\u00fcmlenmesindeki duraklama d\u00f6nemi ne giri\u015fin ana nedeni say\u0131labilecek Cel\u00e2l\u00ee \u0130syanlar\u0131 bu kitapla T\u00fcrk tarih literat\u00fcr\u00fcndeki yerini alm\u0131\u015ft\u0131r. \ufffc<\/p>\n","protected":false},"excerpt":{"rendered":"<p>Cumhuriyet d\u00f6nemi tarih\u00e7ili\u011fimizin bir klasi\u011fi. Osmanl\u0131 tarihinin en parlak d\u00f6nemi say\u0131lan 16. y\u00fczy\u0131l\u0131n ortalar\u0131nda ba\u015flay\u0131p 17. y\u00fczy\u0131l\u0131n ilk \u00e7eyre\u011fine kadar s\u00fcren birbirine eklemlenmi\u015f toplumsal kar\u0131\u015f\u0131kl\u0131klar, devlet<span class=\"excerpt-hellip\"> [\u2026]<\/span><\/p>\n","protected":false},"featured_media":0,"template":"","meta":{"_monsterinsights_skip_tracking":false,"_monsterinsights_sitenote_active":false,"_monsterinsights_sitenote_note":"","_monsterinsights_sitenote_category":0},"product_brand":[],"product_cat":[13517,12304],"product_tag":[],"class_list":{"0":"post-694496","1":"product","2":"type-product","3":"status-publish","5":"product_cat-osmanli-tarihi","6":"product_cat-tarih","7":"pa_cilt-ciltsiz","8":"pa_tur-kitap","9":"pa_yayinevi-yapi-kredi-yayinlari","10":"pa_yazar-mustafa-akdag","12":"first","13":"instock","14":"sale","15":"shipping-taxable","16":"purchasable","17":"product-type-simple"},"_links":{"self":[{"href":"https:\/\/roveyayinevi.com.tr\/index.php\/wp-json\/wp\/v2\/product\/694496","targetHints":{"allow":["GET"]}}],"collection":[{"href":"https:\/\/roveyayinevi.com.tr\/index.php\/wp-json\/wp\/v2\/product"}],"about":[{"href":"https:\/\/roveyayinevi.com.tr\/index.php\/wp-json\/wp\/v2\/types\/product"}],"wp:attachment":[{"href":"https:\/\/roveyayinevi.com.tr\/index.php\/wp-json\/wp\/v2\/media?parent=694496"}],"wp:term":[{"taxonomy":"product_brand","embeddable":true,"href":"https:\/\/roveyayinevi.com.tr\/index.php\/wp-json\/wp\/v2\/product_brand?post=694496"},{"taxonomy":"product_cat","embeddable":true,"href":"https:\/\/roveyayinevi.com.tr\/index.php\/wp-json\/wp\/v2\/product_cat?post=694496"},{"taxonomy":"product_tag","embeddable":true,"href":"https:\/\/roveyayinevi.com.tr\/index.php\/wp-json\/wp\/v2\/product_tag?post=694496"}],"curies":[{"name":"wp","href":"https:\/\/api.w.org\/{rel}","templated":true}]}}