{"id":694492,"date":"2025-08-27T14:21:26","date_gmt":"2025-08-27T11:21:26","guid":{"rendered":"https:\/\/roveyayinevi.com.tr\/index.php\/urun\/yeni-yuzyilin-esiginde\/"},"modified":"2026-04-16T02:04:33","modified_gmt":"2026-04-15T23:04:33","slug":"yeni-yuzyilin-esiginde","status":"publish","type":"product","link":"https:\/\/roveyayinevi.com.tr\/index.php\/urun\/yeni-yuzyilin-esiginde\/","title":{"rendered":"Yeni Y\u00fczy\u0131l\u0131n E\u015fi\u011finde"},"content":{"rendered":"<p>\u0130ki d\u00fcnya sava\u015f\u0131 ve ard\u0131ndan ya\u015fanan So\u011fuk Sava\u015f\u2019\u0131n damgas\u0131n\u0131 vurdu\u011fu K\u0131sa Yirminci Y\u00fczy\u0131l \u0131n bitiminin habercisi, Sovyetler Birli\u011fi\u2019nin \u00e7\u00f6k\u00fc\u015f\u00fc ile serbest piyasa fundamentalizminin iflas\u0131 oldu. Bu y\u00fczy\u0131lda kapitalist ekonominin s\u0131k\u00e7a ya\u015fad\u0131\u011f\u0131 krizlere, 90\u2019lardaki milliyet\u00e7i kalk\u0131\u015fmalar ve etnik bo\u011fazla\u015fmalar e\u015flik etti. Eski dengelerin alt\u00fcst olmas\u0131yla birlikte kurals\u0131zl\u0131k ve belirsizli\u011fin egemen oldu\u011fu, zenginle yoksul aras\u0131ndaki u\u00e7urumun ak\u0131l almaz derecede derinle\u015fti\u011fi yeni bir \u00e7a\u011fa girildi. SSCB ve Do\u011fu Bloku\u2019nun \u00e7\u00f6z\u00fcl\u00fc\u015f\u00fcn\u00fcn, b\u00fcy\u00fck insan kitleleri \u00fczerinde tahmin edilenden \u00e7ok daha y\u0131k\u0131c\u0131 bir etki yaratt\u0131\u011f\u0131 art\u0131k daha a\u00e7\u0131k g\u00f6r\u00fclebilse de, serbest piyasa tap\u0131nmac\u0131l\u0131\u011f\u0131n\u0131 temel alan k\u00fcreselle\u015fme retori\u011fi h\u00e2l\u00e2 zihinleri buland\u0131rmaya devam ediyor. Politikan\u0131n depolitizasyonu bu yeni \u00e7a\u011f\u0131n ba\u015fat \u00f6zelliklerinden biri, \u0130nsanl\u0131\u011f\u0131 yirmi birinci y\u00fczy\u0131lda bekleyen devasa sorunlar yuma\u011f\u0131 da \u00f6nceki k\u0131sa y\u00fczy\u0131lda ya\u015fananlar\u0131n bakiyesi bir bak\u0131ma. Tarih, bu sorunlar\u0131n nas\u0131l \u00e7\u00f6z\u00fclebilece\u011fine, bizi gelecekte nas\u0131l bir d\u00fcnyan\u0131n bekledi\u011fine ili\u015fkin olarak \u00f6ng\u00f6r\u00fclerde bulunmam\u0131z\u0131 sa\u011flayabilir, ama analitik ve b\u00fct\u00fcnsel bir yakla\u015f\u0131m benimsenmesi ko\u015fuluyla. Tarihsel olgular ba\u011flam\u0131nda g\u00f6r\u00fcnt\u00fc ile ger\u00e7eklik aras\u0131ndaki ayr\u0131m\u0131 ortaya \u00e7\u0131karmaksa bu olgulara donmu\u015f \/ birbirinden yal\u0131t\u0131k birimler olarak bakmamakla ba\u015far\u0131labilri. \u00c7a\u011f\u0131m\u0131z\u0131n en \u00f6nemli tarih\u00e7ilerinden Erci Hobsbawm da bu s\u00f6yle\u015fi de neredeyse yirminci y\u00fczy\u0131lla ya\u015f\u0131t entellekt\u00fcel birikimini, ge\u00e7mi\u015ften gelece\u011fe uzanan o kesiksiz \u00e7izgide, b\u00fcy\u00fck bir sorgulay\u0131c\u0131 g\u00fcce d\u00f6n\u00fc\u015ft\u00fcr\u00fcyor. Ku\u015fat\u0131c\u0131 bak\u0131\u015f a\u00e7\u0131s\u0131yla tekil g\u00f6r\u00fcng\u00fcleri yerli yerine oturtuyor, olgular\u0131n asl\u0131n\u0131 astar\u0131n\u0131 ortaya d\u00f6k\u00fcyor. Ve sis \u00e7an\u0131n\u0131 t\u00fcm bir insanl\u0131k i\u00e7in -belki de son kez- \u00e7al\u0131yor&#8230; \ufffcTan\u0131t\u0131m Metni<\/p>\n","protected":false},"excerpt":{"rendered":"<p>\u0130ki d\u00fcnya sava\u015f\u0131 ve ard\u0131ndan ya\u015fanan So\u011fuk Sava\u015f\u2019\u0131n damgas\u0131n\u0131 vurdu\u011fu K\u0131sa Yirminci Y\u00fczy\u0131l \u0131n bitiminin habercisi, Sovyetler Birli\u011fi\u2019nin \u00e7\u00f6k\u00fc\u015f\u00fc ile serbest piyasa fundamentalizminin iflas\u0131 oldu. Bu<span class=\"excerpt-hellip\"> [\u2026]<\/span><\/p>\n","protected":false},"featured_media":0,"template":"","meta":{"_monsterinsights_skip_tracking":false,"_monsterinsights_sitenote_active":false,"_monsterinsights_sitenote_note":"","_monsterinsights_sitenote_category":0},"product_brand":[],"product_cat":[12304,14138],"product_tag":[],"class_list":{"0":"post-694492","1":"product","2":"type-product","3":"status-publish","5":"product_cat-tarih","6":"product_cat-tarih-felsefesi","7":"pa_cilt-ciltsiz","8":"pa_tur-kitap","9":"pa_yayinevi-yordam-kitap","10":"pa_yazar-eric-j-hobsbawm","12":"first","13":"instock","14":"sale","15":"shipping-taxable","16":"purchasable","17":"product-type-simple"},"_links":{"self":[{"href":"https:\/\/roveyayinevi.com.tr\/index.php\/wp-json\/wp\/v2\/product\/694492","targetHints":{"allow":["GET"]}}],"collection":[{"href":"https:\/\/roveyayinevi.com.tr\/index.php\/wp-json\/wp\/v2\/product"}],"about":[{"href":"https:\/\/roveyayinevi.com.tr\/index.php\/wp-json\/wp\/v2\/types\/product"}],"wp:attachment":[{"href":"https:\/\/roveyayinevi.com.tr\/index.php\/wp-json\/wp\/v2\/media?parent=694492"}],"wp:term":[{"taxonomy":"product_brand","embeddable":true,"href":"https:\/\/roveyayinevi.com.tr\/index.php\/wp-json\/wp\/v2\/product_brand?post=694492"},{"taxonomy":"product_cat","embeddable":true,"href":"https:\/\/roveyayinevi.com.tr\/index.php\/wp-json\/wp\/v2\/product_cat?post=694492"},{"taxonomy":"product_tag","embeddable":true,"href":"https:\/\/roveyayinevi.com.tr\/index.php\/wp-json\/wp\/v2\/product_tag?post=694492"}],"curies":[{"name":"wp","href":"https:\/\/api.w.org\/{rel}","templated":true}]}}