{"id":694472,"date":"2025-08-27T14:21:21","date_gmt":"2025-08-27T11:21:21","guid":{"rendered":"https:\/\/roveyayinevi.com.tr\/index.php\/urun\/neoliberalizm\/"},"modified":"2026-04-16T02:04:33","modified_gmt":"2026-04-15T23:04:33","slug":"neoliberalizm","status":"publish","type":"product","link":"https:\/\/roveyayinevi.com.tr\/index.php\/urun\/neoliberalizm\/","title":{"rendered":"Neoliberalizm"},"content":{"rendered":"<p>\u0130\u00e7inde ya\u015fad\u0131\u011f\u0131m\u0131z neoliberalizm \u00e7a\u011f\u0131, d\u00fcnyadaki milyarlarca insan\u0131n ya\u015fam\u0131n\u0131 iktisat, siyaset, uluslararas\u0131 ili\u015fkiler, ideoloji, k\u00fclt\u00fcr&#8230; gibi \u00e7ok farkl\u0131 alanlarda fazlas\u0131yla etkiliyor. K\u0131sa s\u00fcrede b\u00f6ylesine yayg\u0131n ve etkili bir h\u00e2l alm\u0131\u015f olan neoliberalizmi de\u011ferlendirmek, hem d\u00fc\u015f\u00fcnsel hem de siyasi nedenlerle elzemdir. Elinizdeki se\u00e7ki, neoliberalizmi ele\u015ftirel bir yakla\u015f\u0131mla \u00e7ok farkl\u0131 a\u00e7\u0131lardan ele alan, konuyla ilgili aktivistler, \u00f6\u011frenciler ve sosyal bilimciler i\u00e7in ara\u015ft\u0131rma g\u00fcndemini ana hatlar\u0131yla ortaya koyan 30 b\u00f6l\u00fcmden olu\u015fuyor. Kuramsal, uygulamal\u0131 ve tarihsel b\u00f6l\u00fcmler olmak \u00fczere \u00fc\u00e7 grupta toplanm\u0131\u015f olmalar\u0131na kar\u015f\u0131n, bu se\u00e7kide yer alan makaleler baz\u0131 \u00f6nemli \u00f6zellikleri payla\u015f\u0131yorlar. \u00d6ncelikle, neoliberalizmin k\u00f6kenlerini, do\u011fas\u0131n\u0131 ve sonu\u00e7lar\u0131n\u0131 radikal ekonomi politi\u011fin bak\u0131\u015f a\u00e7\u0131s\u0131ndan inceliyorlar. \u0130kincisi, farkl\u0131 geleneklerden gelmelerine kar\u015f\u0131n, birbirleriyle yak\u0131ndan ili\u015fkililer. \u00dc\u00e7\u00fcnc\u00fcs\u00fc, bu makaleler neoliberalizmin radikal, yani konunun \u00f6z\u00fcne inen bir ele\u015ftirisini sunuyorlar. Neoliberalizmin, g\u00fcc\u00fc ve zenginli\u011fi d\u00fcnyan\u0131n d\u00f6rt bir taraf\u0131ndaki se\u00e7kin gruplar\u0131n ellerinde yo\u011funla\u015ft\u0131ran, \u00f6zellikle de her \u00fclkedeki finans gruplar\u0131n\u0131n \u00e7\u0131karlar\u0131na ve uluslararas\u0131 boyutta ABD sermayesine fayda sa\u011flayan hegemonik projenin bir par\u00e7as\u0131 oldu\u011funu ortaya koyuyorlar. &#8220;Harika! Neoliberalizme en keskin ele\u015ftirileri y\u00f6nelten ara\u015ft\u0131rmac\u0131lar\u0131 bir araya getiren bu \u00e7al\u0131\u015fma, itibar\u0131n\u0131 zaten yitirmi\u015f olan sa\u011f iktisadi rejimin y\u0131k\u0131c\u0131l\u0131\u011f\u0131 hakk\u0131nda m\u00fckemmel bir iddianame sunuyor.&#8221; Profes\u00f6r Michael Perelman, Kaliforniya Devlet \u00dcniversitesi &#8220;&#8230; Bu kitap, neoliberalizmin \u00e7a\u011fda\u015f kapitalizmin ge\u00e7ici bir a\u015famas\u0131ndan ibaret olmad\u0131\u011f\u0131n\u0131 ortaya koyuyor. K\u0131sacas\u0131, neoliberalizm kapitalizmden bir sapma olmay\u0131p aksine onun i\u00e7kin bir y\u00f6n\u00fcd\u00fcr.&#8221; Profes\u00f6r Ben Fine, Londra \u00dcniversitesi &#8220;Ya\u015fam\u0131 tehdit eden neoliberal ideoloji hakk\u0131nda az say\u0131daki g\u00fcvenilir k\u0131lavuzdan biri&#8230;&#8221; Profes\u00f6r Leslie Sklair, Londra \u0130ktisat Okulu \ufffcTan\u0131t\u0131m Metni<\/p>\n","protected":false},"excerpt":{"rendered":"<p>\u0130\u00e7inde ya\u015fad\u0131\u011f\u0131m\u0131z neoliberalizm \u00e7a\u011f\u0131, d\u00fcnyadaki milyarlarca insan\u0131n ya\u015fam\u0131n\u0131 iktisat, siyaset, uluslararas\u0131 ili\u015fkiler, ideoloji, k\u00fclt\u00fcr&#8230; gibi \u00e7ok farkl\u0131 alanlarda fazlas\u0131yla etkiliyor. K\u0131sa s\u00fcrede b\u00f6ylesine yayg\u0131n ve etkili<span class=\"excerpt-hellip\"> [\u2026]<\/span><\/p>\n","protected":false},"featured_media":0,"template":"","meta":{"_monsterinsights_skip_tracking":false,"_monsterinsights_sitenote_active":false,"_monsterinsights_sitenote_note":"","_monsterinsights_sitenote_category":0},"product_brand":[],"product_cat":[13596,12337],"product_tag":[],"class_list":{"0":"post-694472","1":"product","2":"type-product","3":"status-publish","5":"product_cat-avrupa-birligi","6":"product_cat-politika-siyaset","7":"pa_cilt-ciltsiz","8":"pa_tur-kitap","9":"pa_yayinevi-yordam-kitap","10":"pa_yazar-alfredo-saad-filho","12":"first","13":"instock","14":"sale","15":"shipping-taxable","16":"purchasable","17":"product-type-simple"},"_links":{"self":[{"href":"https:\/\/roveyayinevi.com.tr\/index.php\/wp-json\/wp\/v2\/product\/694472","targetHints":{"allow":["GET"]}}],"collection":[{"href":"https:\/\/roveyayinevi.com.tr\/index.php\/wp-json\/wp\/v2\/product"}],"about":[{"href":"https:\/\/roveyayinevi.com.tr\/index.php\/wp-json\/wp\/v2\/types\/product"}],"wp:attachment":[{"href":"https:\/\/roveyayinevi.com.tr\/index.php\/wp-json\/wp\/v2\/media?parent=694472"}],"wp:term":[{"taxonomy":"product_brand","embeddable":true,"href":"https:\/\/roveyayinevi.com.tr\/index.php\/wp-json\/wp\/v2\/product_brand?post=694472"},{"taxonomy":"product_cat","embeddable":true,"href":"https:\/\/roveyayinevi.com.tr\/index.php\/wp-json\/wp\/v2\/product_cat?post=694472"},{"taxonomy":"product_tag","embeddable":true,"href":"https:\/\/roveyayinevi.com.tr\/index.php\/wp-json\/wp\/v2\/product_tag?post=694472"}],"curies":[{"name":"wp","href":"https:\/\/api.w.org\/{rel}","templated":true}]}}