{"id":694470,"date":"2025-08-27T14:21:20","date_gmt":"2025-08-27T11:21:20","guid":{"rendered":"https:\/\/roveyayinevi.com.tr\/index.php\/urun\/marksizm-ve-insan-dogasi\/"},"modified":"2026-04-16T02:04:33","modified_gmt":"2026-04-15T23:04:33","slug":"marksizm-ve-insan-dogasi","status":"publish","type":"product","link":"https:\/\/roveyayinevi.com.tr\/index.php\/urun\/marksizm-ve-insan-dogasi\/","title":{"rendered":"Marksizm ve \u0130nsan Do\u011fas\u0131"},"content":{"rendered":"<p>\u0130nsan do\u011fas\u0131 diye bir \u015fey var m\u0131d\u0131r? Marksizm ve \u0130nsan Do\u011fas\u0131&#8217;nda Sean Sayers, insan do\u011fas\u0131n\u0131n tarihsel bir olgu oldu\u011funu savunuyor. Marx&#8217;\u0131n ve Hegel&#8217;in \u00e7al\u0131\u015fmalar\u0131na dayanarak, apayr\u0131 bir Marksist h\u00fcmanizme temel olu\u015fturan insan gereksinimlerinin ve g\u00fc\u00e7lerinin tarihsel bir anlat\u0131m\u0131n\u0131 sunuyor. Yazara g\u00f6re, insanlar salt birer pasif bireysel t\u00fcketici de\u011fillerdir; aktif, sosyal ve \u00fcretici varl\u0131klard\u0131r. Kitab\u0131n ilk yar\u0131s\u0131, eme\u011fin ve \u00e7al\u0131\u015fman\u0131n ya\u015fam\u0131m\u0131zda oynad\u0131\u011f\u0131 temel rol\u00fc ve ba\u015farmam\u0131za nas\u0131l katk\u0131da bulundu\u011funu irdeliyor. Bu fikirlerden do\u011fan ahlaksal ve toplumsal imalar, kitab\u0131n ikinci yar\u0131s\u0131nda, hem analitik hem de postmodernist d\u00fc\u015f\u00fcn\u00fcrlerin \u00e7al\u0131\u015fmalar\u0131 ba\u011flam\u0131nda analiz ediliyor. Marksizm ve \u0130nsan Do\u011fas\u0131, Marksist tarih anlay\u0131\u015f\u0131n\u0131n tutkulu ve geni\u015f kapsaml\u0131 bir savunmas\u0131n\u0131 yap\u0131yor, toplum ve ahlak felsefesi konusundaki \u00e7a\u011fda\u015f tart\u0131\u015fmalar\u0131n taraflar\u0131n\u0131 ele al\u0131yor. Duru ve s\u00fcr\u00fckleyici bir dille yaz\u0131lm\u0131\u015f olan kitap, siyaset bilimiyle ya da felsefeyle u\u011fra\u015fan herkese \u0131\u015f\u0131k tutacak niteliktedir. &#8220;&#8230; tarihsel bir olgu olarak insan do\u011fas\u0131na ili\u015fkin kolay anla\u015f\u0131l\u0131r, incelikli ve a\u00e7\u0131k se\u00e7ik bir irdeleme&#8230;&#8221; Profes\u00f6r David McLellan, Kent \u00dcniversitesi \ufffcTan\u0131t\u0131m Metni<\/p>\n","protected":false},"excerpt":{"rendered":"<p>\u0130nsan do\u011fas\u0131 diye bir \u015fey var m\u0131d\u0131r? Marksizm ve \u0130nsan Do\u011fas\u0131&#8217;nda Sean Sayers, insan do\u011fas\u0131n\u0131n tarihsel bir olgu oldu\u011funu savunuyor. Marx&#8217;\u0131n ve Hegel&#8217;in \u00e7al\u0131\u015fmalar\u0131na dayanarak, apayr\u0131<span class=\"excerpt-hellip\"> [\u2026]<\/span><\/p>\n","protected":false},"featured_media":0,"template":"","meta":{"_monsterinsights_skip_tracking":false,"_monsterinsights_sitenote_active":false,"_monsterinsights_sitenote_note":"","_monsterinsights_sitenote_category":0},"product_brand":[],"product_cat":[12312,12304],"product_tag":[],"class_list":{"0":"post-694470","1":"product","2":"type-product","3":"status-publish","5":"product_cat-diger","6":"product_cat-tarih","7":"pa_cilt-ciltsiz","8":"pa_tur-kitap","9":"pa_yayinevi-yordam-kitap","10":"pa_yazar-sean-sayers","12":"first","13":"instock","14":"sale","15":"shipping-taxable","16":"purchasable","17":"product-type-simple"},"_links":{"self":[{"href":"https:\/\/roveyayinevi.com.tr\/index.php\/wp-json\/wp\/v2\/product\/694470","targetHints":{"allow":["GET"]}}],"collection":[{"href":"https:\/\/roveyayinevi.com.tr\/index.php\/wp-json\/wp\/v2\/product"}],"about":[{"href":"https:\/\/roveyayinevi.com.tr\/index.php\/wp-json\/wp\/v2\/types\/product"}],"wp:attachment":[{"href":"https:\/\/roveyayinevi.com.tr\/index.php\/wp-json\/wp\/v2\/media?parent=694470"}],"wp:term":[{"taxonomy":"product_brand","embeddable":true,"href":"https:\/\/roveyayinevi.com.tr\/index.php\/wp-json\/wp\/v2\/product_brand?post=694470"},{"taxonomy":"product_cat","embeddable":true,"href":"https:\/\/roveyayinevi.com.tr\/index.php\/wp-json\/wp\/v2\/product_cat?post=694470"},{"taxonomy":"product_tag","embeddable":true,"href":"https:\/\/roveyayinevi.com.tr\/index.php\/wp-json\/wp\/v2\/product_tag?post=694470"}],"curies":[{"name":"wp","href":"https:\/\/api.w.org\/{rel}","templated":true}]}}