{"id":694447,"date":"2025-08-27T14:21:15","date_gmt":"2025-08-27T11:21:15","guid":{"rendered":"https:\/\/roveyayinevi.com.tr\/index.php\/urun\/kuresel-parlama-noktalari\/"},"modified":"2026-04-16T02:04:32","modified_gmt":"2026-04-15T23:04:32","slug":"kuresel-parlama-noktalari","status":"publish","type":"product","link":"https:\/\/roveyayinevi.com.tr\/index.php\/urun\/kuresel-parlama-noktalari\/","title":{"rendered":"K\u00fcresel Parlama Noktalar\u0131"},"content":{"rendered":"<p>Ba\u015fta Aijaz Ahmad ve Gilbert Achcar olmak \u00fczere d\u00fcnyan\u0131n \u00f6nde gelen yazarlar\u0131, \u0130slam d\u00fcnyas\u0131nda, Latin Amerika\u2019da ve kapitalist kuzeyde ya\u015fanan \u00e7at\u0131\u015fmalar\u0131 ve m\u00fccadeleleri ele al\u0131yor, Solun \u00f6n\u00fcndeki zorluklar\u0131 ve olanaklar\u0131 sorguluyor. Ortado\u011fu\u2019yu konu alan alt\u0131 makale, \u0130slami emperyalizm kar\u015f\u0131tl\u0131\u011f\u0131n\u0131n ikili do\u011fas\u0131n\u0131, Bat\u0131n\u0131n \u0130slami hareketlerin bu kadar \u00f6n plana \u00e7\u0131kmas\u0131nda oynad\u0131\u011f\u0131 hayati rol\u00fc ve siyasi bir \u00f6\u011freti olarak \u0130slamc\u0131l\u0131\u011f\u0131n \u00e7e\u015fitli bi\u00e7imlerini ele al\u0131yor, Irak, Pakistan ve T\u00fcrkiye \u00f6rneklerinden hareketle din ile siyaset aras\u0131ndaki ili\u015fkiye dair somut bir anlay\u0131\u015f ortaya koyuyor. Ortado\u011fu\u2019da kanayan iki yara, Filistin ve Irak\u2019ta kitapta ele al\u0131nan konular aras\u0131nda. \ufffcTan\u0131t\u0131m Metni<\/p>\n","protected":false},"excerpt":{"rendered":"<p>Ba\u015fta Aijaz Ahmad ve Gilbert Achcar olmak \u00fczere d\u00fcnyan\u0131n \u00f6nde gelen yazarlar\u0131, \u0130slam d\u00fcnyas\u0131nda, Latin Amerika\u2019da ve kapitalist kuzeyde ya\u015fanan \u00e7at\u0131\u015fmalar\u0131 ve m\u00fccadeleleri ele al\u0131yor, Solun<span class=\"excerpt-hellip\"> [\u2026]<\/span><\/p>\n","protected":false},"featured_media":0,"template":"","meta":{"_monsterinsights_skip_tracking":false,"_monsterinsights_sitenote_active":false,"_monsterinsights_sitenote_note":"","_monsterinsights_sitenote_category":0},"product_brand":[],"product_cat":[12337,17225],"product_tag":[],"class_list":{"0":"post-694447","1":"product","2":"type-product","3":"status-publish","5":"product_cat-politika-siyaset","6":"product_cat-uluslararasi-iliskiler","7":"pa_cilt-ciltsiz","8":"pa_tur-kitap","9":"pa_yayinevi-yordam-kitap","10":"pa_yazar-derleme","12":"first","13":"instock","14":"sale","15":"shipping-taxable","16":"purchasable","17":"product-type-simple"},"_links":{"self":[{"href":"https:\/\/roveyayinevi.com.tr\/index.php\/wp-json\/wp\/v2\/product\/694447","targetHints":{"allow":["GET"]}}],"collection":[{"href":"https:\/\/roveyayinevi.com.tr\/index.php\/wp-json\/wp\/v2\/product"}],"about":[{"href":"https:\/\/roveyayinevi.com.tr\/index.php\/wp-json\/wp\/v2\/types\/product"}],"wp:attachment":[{"href":"https:\/\/roveyayinevi.com.tr\/index.php\/wp-json\/wp\/v2\/media?parent=694447"}],"wp:term":[{"taxonomy":"product_brand","embeddable":true,"href":"https:\/\/roveyayinevi.com.tr\/index.php\/wp-json\/wp\/v2\/product_brand?post=694447"},{"taxonomy":"product_cat","embeddable":true,"href":"https:\/\/roveyayinevi.com.tr\/index.php\/wp-json\/wp\/v2\/product_cat?post=694447"},{"taxonomy":"product_tag","embeddable":true,"href":"https:\/\/roveyayinevi.com.tr\/index.php\/wp-json\/wp\/v2\/product_tag?post=694447"}],"curies":[{"name":"wp","href":"https:\/\/api.w.org\/{rel}","templated":true}]}}