{"id":694420,"date":"2025-08-27T14:21:01","date_gmt":"2025-08-27T11:21:01","guid":{"rendered":"https:\/\/roveyayinevi.com.tr\/index.php\/urun\/kemal-ozer-icin-ani-fotograflari\/"},"modified":"2026-04-16T02:04:32","modified_gmt":"2026-04-15T23:04:32","slug":"kemal-ozer-icin-ani-fotograflari","status":"publish","type":"product","link":"https:\/\/roveyayinevi.com.tr\/index.php\/urun\/kemal-ozer-icin-ani-fotograflari\/","title":{"rendered":"Kemal \u00d6zer \u0130\u00e7in An\u0131 Foto\u011fraflar\u0131"},"content":{"rendered":"<p>Kemal \u00d6zer, N\u00e2z\u0131m Hikmet\u2019ten g\u00fcn\u00fcm\u00fcze uzanan sosyalist ger\u00e7ek\u00e7i \u015fiir gelene\u011finin \u00f6nemli bir temsilcisiydi. S\u00f6zc\u00fc\u011f\u00fcn tam anlam\u0131yla bir i\u015f\u00e7i s\u0131n\u0131f\u0131 \u015fairiydi. Sivas k\u0131y\u0131m\u0131n\u0131 konu alan Temmuz \u0130\u00e7in Yaral\u0131 Semah\u2019\u0131n ard\u0131ndan 1970 y\u0131l\u0131 15-16 Haziran\u0131nda ya\u015fanan b\u00fcy\u00fck i\u015f\u00e7i direni\u015finin \u015fiirini yazarken ve daha bir dizi proje \u00fczerinde \u00e7al\u0131\u015f\u0131rken 30 Haziran 2009\u2019da aram\u0131zdan ayr\u0131ld\u0131. \u015eairin sa\u011fl\u0131\u011f\u0131nda tasarlan\u0131p 75. ya\u015f\u0131nda kendisine arma\u011fan edilmesi planlanan bu kitap, beklenmedik \u00f6l\u00fcm\u00fc nedeniyle, Kemal \u00d6zer\u2019in yoklu\u011funda yay\u0131nlan\u0131yor. \ufffcTan\u0131t\u0131m Metni<\/p>\n","protected":false},"excerpt":{"rendered":"<p>Kemal \u00d6zer, N\u00e2z\u0131m Hikmet\u2019ten g\u00fcn\u00fcm\u00fcze uzanan sosyalist ger\u00e7ek\u00e7i \u015fiir gelene\u011finin \u00f6nemli bir temsilcisiydi. S\u00f6zc\u00fc\u011f\u00fcn tam anlam\u0131yla bir i\u015f\u00e7i s\u0131n\u0131f\u0131 \u015fairiydi. Sivas k\u0131y\u0131m\u0131n\u0131 konu alan Temmuz \u0130\u00e7in<span class=\"excerpt-hellip\"> [\u2026]<\/span><\/p>\n","protected":false},"featured_media":0,"template":"","meta":{"_monsterinsights_skip_tracking":false,"_monsterinsights_sitenote_active":false,"_monsterinsights_sitenote_note":"","_monsterinsights_sitenote_category":0},"product_brand":[],"product_cat":[13946,12304],"product_tag":[],"class_list":{"0":"post-694420","1":"product","2":"type-product","3":"status-publish","5":"product_cat-biyografi-otobiyografi","6":"product_cat-tarih","7":"pa_cilt-ciltsiz","8":"pa_tur-kitap","9":"pa_yayinevi-yordam-kitap","10":"pa_yazar-simge-ozer-pinarbasi","12":"first","13":"instock","14":"sale","15":"shipping-taxable","16":"purchasable","17":"product-type-simple"},"_links":{"self":[{"href":"https:\/\/roveyayinevi.com.tr\/index.php\/wp-json\/wp\/v2\/product\/694420","targetHints":{"allow":["GET"]}}],"collection":[{"href":"https:\/\/roveyayinevi.com.tr\/index.php\/wp-json\/wp\/v2\/product"}],"about":[{"href":"https:\/\/roveyayinevi.com.tr\/index.php\/wp-json\/wp\/v2\/types\/product"}],"wp:attachment":[{"href":"https:\/\/roveyayinevi.com.tr\/index.php\/wp-json\/wp\/v2\/media?parent=694420"}],"wp:term":[{"taxonomy":"product_brand","embeddable":true,"href":"https:\/\/roveyayinevi.com.tr\/index.php\/wp-json\/wp\/v2\/product_brand?post=694420"},{"taxonomy":"product_cat","embeddable":true,"href":"https:\/\/roveyayinevi.com.tr\/index.php\/wp-json\/wp\/v2\/product_cat?post=694420"},{"taxonomy":"product_tag","embeddable":true,"href":"https:\/\/roveyayinevi.com.tr\/index.php\/wp-json\/wp\/v2\/product_tag?post=694420"}],"curies":[{"name":"wp","href":"https:\/\/api.w.org\/{rel}","templated":true}]}}