{"id":694244,"date":"2025-08-27T14:20:19","date_gmt":"2025-08-27T11:20:19","guid":{"rendered":"https:\/\/roveyayinevi.com.tr\/index.php\/urun\/hangi-liberalizm\/"},"modified":"2026-04-16T02:04:01","modified_gmt":"2026-04-15T23:04:01","slug":"hangi-liberalizm","status":"publish","type":"product","link":"https:\/\/roveyayinevi.com.tr\/index.php\/urun\/hangi-liberalizm\/","title":{"rendered":"Hangi Liberalizm?"},"content":{"rendered":"<p>Liberalizm orijinal anlam\u0131nda bug\u00fcn klasik liberalizm denilen fikri \u00e7izgidir. Ancak kavram 1900 1920 aras\u0131nda ABD&#8217;de bir anlam de\u011fi\u015fikli\u011fine u\u011frat\u0131ld\u0131. Orijinal liberalizm kamu otoritesine \u00f6zg\u00fcrl\u00fck ve sivil toplum ad\u0131na ku\u015fkuyla bakan yakla\u015f\u0131m\u0131n yerine devleti olumlayan ve hatta kutsayan sivil toplum aleyhine devleti irile\u015ftiren yakla\u015f\u0131ma liberalizm denmeye ba\u015flad\u0131. Bu ne yaz\u0131k ki liberalizm hakk\u0131nda b\u00fcy\u00fck kafa kar\u0131\u015f\u0131kl\u0131klar\u0131 yaratt\u0131. Hangi Liberalizm Klasik liberalizme mi yoksa Amerikan liberalizmine mi liberalizm dememiz gerekti\u011fini ele alan yaz\u0131lardan olu\u015fan bir derleme. T\u00fcm yaz\u0131lar\u0131 okuduktan sonra ger\u00e7ek liberalizmin hangisi oldu\u011funa karar vermede daha iyi durumda olacaks\u0131n\u0131z. <\/p>\n","protected":false},"excerpt":{"rendered":"<p>Liberalizm orijinal anlam\u0131nda bug\u00fcn klasik liberalizm denilen fikri \u00e7izgidir. Ancak kavram 1900 1920 aras\u0131nda ABD&#8217;de bir anlam de\u011fi\u015fikli\u011fine u\u011frat\u0131ld\u0131. Orijinal liberalizm kamu otoritesine \u00f6zg\u00fcrl\u00fck ve sivil<span class=\"excerpt-hellip\"> [\u2026]<\/span><\/p>\n","protected":false},"featured_media":0,"template":"","meta":{"_monsterinsights_skip_tracking":false,"_monsterinsights_sitenote_active":false,"_monsterinsights_sitenote_note":"","_monsterinsights_sitenote_category":0},"product_brand":[],"product_cat":[16098,12337],"product_tag":[],"class_list":{"0":"post-694244","1":"product","2":"type-product","3":"status-publish","5":"product_cat-politik-akimlar-hareketler","6":"product_cat-politika-siyaset","7":"pa_cilt-ciltsiz","8":"pa_tur-kitap","9":"pa_yayinevi-liberte-yayinlari","10":"pa_yazar-atilla-yayla","12":"first","13":"instock","14":"sale","15":"shipping-taxable","16":"purchasable","17":"product-type-simple"},"_links":{"self":[{"href":"https:\/\/roveyayinevi.com.tr\/index.php\/wp-json\/wp\/v2\/product\/694244","targetHints":{"allow":["GET"]}}],"collection":[{"href":"https:\/\/roveyayinevi.com.tr\/index.php\/wp-json\/wp\/v2\/product"}],"about":[{"href":"https:\/\/roveyayinevi.com.tr\/index.php\/wp-json\/wp\/v2\/types\/product"}],"wp:attachment":[{"href":"https:\/\/roveyayinevi.com.tr\/index.php\/wp-json\/wp\/v2\/media?parent=694244"}],"wp:term":[{"taxonomy":"product_brand","embeddable":true,"href":"https:\/\/roveyayinevi.com.tr\/index.php\/wp-json\/wp\/v2\/product_brand?post=694244"},{"taxonomy":"product_cat","embeddable":true,"href":"https:\/\/roveyayinevi.com.tr\/index.php\/wp-json\/wp\/v2\/product_cat?post=694244"},{"taxonomy":"product_tag","embeddable":true,"href":"https:\/\/roveyayinevi.com.tr\/index.php\/wp-json\/wp\/v2\/product_tag?post=694244"}],"curies":[{"name":"wp","href":"https:\/\/api.w.org\/{rel}","templated":true}]}}