{"id":694037,"date":"2025-08-27T14:18:42","date_gmt":"2025-08-27T11:18:42","guid":{"rendered":"https:\/\/roveyayinevi.com.tr\/index.php\/urun\/edirne-hatiralari\/"},"modified":"2026-04-16T02:03:52","modified_gmt":"2026-04-15T23:03:52","slug":"edirne-hatiralari","status":"publish","type":"product","link":"https:\/\/roveyayinevi.com.tr\/index.php\/urun\/edirne-hatiralari\/","title":{"rendered":"Edirne Hat\u0131ralar\u0131"},"content":{"rendered":"<p>Kaz\u0131m Karabekir Balkan Sava\u015f\u0131 s\u0131ras\u0131nda, kurmay binba\u015f\u0131 r\u00fctbesiyle, Edirne&#8217;nin muhafaz\u0131s\u0131 i\u00e7in te\u015fkil edilmi\u015f olan Mevki-i M\u00fcstahkem kumandanl\u0131\u011f\u0131&#8217;n\u0131n birimlerinden olan, Onuncu F\u0131rka&#8217;n\u0131n kurmay ba\u015fkan\u0131 olarak g\u00f6rev yapmaktad\u0131r. Edirne&#8217;nin Bulgarlar taraf\u0131ndan ku\u015fat\u0131lmas\u0131 ve d\u00fc\u015f\u00fc\u015f\u00fc s\u00fcresince bu g\u00f6revini s\u00fcrd\u00fcrm\u00fc\u015f, sava\u015f\u0131n Edirne b\u00f6l\u00fcm\u00fcndeki safahat\u0131 ile ilgili b\u00fct\u00fcn olaylara do\u011frudan \u015fahit oldu\u011fu gibi, \u00f6zellikle kurmay ba\u015fkan\u0131 oldu\u011fu Onuncu F\u0131rka ile ilgili b\u00fct\u00fcn harekat\u0131n planlamas\u0131nda ve uygulanmas\u0131nda bizzat bulunmu\u015ftur.F\u0131rka Kumandan\u0131 H\u00fcsamettin Pa\u015fa&#8217;n\u0131n a\u011fz\u0131ndan yaz\u0131lan &#8220;Harp Cerideleri&#8221;ni de Kaz\u0131m Karabekir kaleme alm\u0131\u015ft\u0131r. Bu cerideler Kaz\u0131 Karabekir&#8217;in ki\u015fisel g\u00f6r\u00fc\u015fleri, harita, kroki ve belgelerle bu kitab\u0131n ilk b\u00f6l\u00fcmlerini olu\u015fturmaktad\u0131r. Edirne Hat\u0131ralar\u0131&#8217;nda ayr\u0131ca \u015fehrin d\u00fc\u015f\u00fc\u015f\u00fcnden sonra ya\u015fad\u0131\u011f\u0131 esaret hayat\u0131n\u0131 anlatt\u0131\u011f\u0131 g\u00fcnl\u00fckler de yer almaktad\u0131r. Kaz\u0131m Karabekir&#8217;in Edirne Hat\u0131ralar\u0131 ilk defa okuyucu kar\u015f\u0131s\u0131na \u00e7\u0131k\u0131yor. <\/p>\n","protected":false},"excerpt":{"rendered":"<p>Kaz\u0131m Karabekir Balkan Sava\u015f\u0131 s\u0131ras\u0131nda, kurmay binba\u015f\u0131 r\u00fctbesiyle, Edirne&#8217;nin muhafaz\u0131s\u0131 i\u00e7in te\u015fkil edilmi\u015f olan Mevki-i M\u00fcstahkem kumandanl\u0131\u011f\u0131&#8217;n\u0131n birimlerinden olan, Onuncu F\u0131rka&#8217;n\u0131n kurmay ba\u015fkan\u0131 olarak g\u00f6rev yapmaktad\u0131r.<span class=\"excerpt-hellip\"> [\u2026]<\/span><\/p>\n","protected":false},"featured_media":0,"template":"","meta":{"_monsterinsights_skip_tracking":false,"_monsterinsights_sitenote_active":false,"_monsterinsights_sitenote_note":"","_monsterinsights_sitenote_category":0},"product_brand":[],"product_cat":[12312,12304],"product_tag":[],"class_list":{"0":"post-694037","1":"product","2":"type-product","3":"status-publish","5":"product_cat-diger","6":"product_cat-tarih","7":"pa_cilt-ciltsiz","8":"pa_tur-kitap","9":"pa_yayinevi-yapi-kredi-yayinlari","10":"pa_yazar-kazim-karabekir","12":"first","13":"instock","14":"sale","15":"shipping-taxable","16":"purchasable","17":"product-type-simple"},"_links":{"self":[{"href":"https:\/\/roveyayinevi.com.tr\/index.php\/wp-json\/wp\/v2\/product\/694037","targetHints":{"allow":["GET"]}}],"collection":[{"href":"https:\/\/roveyayinevi.com.tr\/index.php\/wp-json\/wp\/v2\/product"}],"about":[{"href":"https:\/\/roveyayinevi.com.tr\/index.php\/wp-json\/wp\/v2\/types\/product"}],"wp:attachment":[{"href":"https:\/\/roveyayinevi.com.tr\/index.php\/wp-json\/wp\/v2\/media?parent=694037"}],"wp:term":[{"taxonomy":"product_brand","embeddable":true,"href":"https:\/\/roveyayinevi.com.tr\/index.php\/wp-json\/wp\/v2\/product_brand?post=694037"},{"taxonomy":"product_cat","embeddable":true,"href":"https:\/\/roveyayinevi.com.tr\/index.php\/wp-json\/wp\/v2\/product_cat?post=694037"},{"taxonomy":"product_tag","embeddable":true,"href":"https:\/\/roveyayinevi.com.tr\/index.php\/wp-json\/wp\/v2\/product_tag?post=694037"}],"curies":[{"name":"wp","href":"https:\/\/api.w.org\/{rel}","templated":true}]}}