{"id":693825,"date":"2025-08-27T14:16:39","date_gmt":"2025-08-27T11:16:39","guid":{"rendered":"https:\/\/roveyayinevi.com.tr\/index.php\/urun\/bir-tayyarecinin-anilari\/"},"modified":"2026-04-16T02:03:47","modified_gmt":"2026-04-15T23:03:47","slug":"bir-tayyarecinin-anilari","status":"publish","type":"product","link":"https:\/\/roveyayinevi.com.tr\/index.php\/urun\/bir-tayyarecinin-anilari\/","title":{"rendered":"Bir Tayyarecinin An\u0131lar\u0131"},"content":{"rendered":"<p>6 Ocak 1896-16 Temmuz 1969 y\u0131llar\u0131 aras\u0131nda ya\u015fayan Vecihi H\u00fcrku\u015f, T\u00fcrkiye&#8217;nin havac\u0131l\u0131k tarihinde \u00f6nemli bir ad. Hi\u00e7bir devrin ve hi\u00e7bir kimsenin adam\u0131 olmayan Vecihi H\u00fcrku\u015f, \u00fcst\u00fcn yetenekli bir pilot, ba\u015far\u0131l\u0131 bir u\u00e7ak m\u00fchendisi, havac\u0131l\u0131\u011fa \u00e2\u015f\u0131k bir idareci olarak ya\u015fad\u0131. Kurtulu\u015f Sava\u015f\u0131&#8217;na kat\u0131lm\u0131\u015f, T\u00fcrkiye&#8217;nin hem ba\u011f\u0131ms\u0131zl\u0131k sava\u015f\u0131nda hem sivil havac\u0131l\u0131k tarihinde yer alm\u0131\u015f Vecihi H\u00fcrku\u015f&#8217;un an\u0131lar\u0131, tarih kitaplar\u0131nda rastlanamayan ger\u00e7ekleri de g\u00fcn \u0131\u015f\u0131\u011f\u0131na \u00e7\u0131kar\u0131yor. \ufffcTan\u0131t\u0131m Metni<\/p>\n","protected":false},"excerpt":{"rendered":"<p>6 Ocak 1896-16 Temmuz 1969 y\u0131llar\u0131 aras\u0131nda ya\u015fayan Vecihi H\u00fcrku\u015f, T\u00fcrkiye&#8217;nin havac\u0131l\u0131k tarihinde \u00f6nemli bir ad. Hi\u00e7bir devrin ve hi\u00e7bir kimsenin adam\u0131 olmayan Vecihi H\u00fcrku\u015f, \u00fcst\u00fcn<span class=\"excerpt-hellip\"> [\u2026]<\/span><\/p>\n","protected":false},"featured_media":0,"template":"","meta":{"_monsterinsights_skip_tracking":false,"_monsterinsights_sitenote_active":false,"_monsterinsights_sitenote_note":"","_monsterinsights_sitenote_category":0},"product_brand":[],"product_cat":[14009,12291],"product_tag":[],"class_list":{"0":"post-693825","1":"product","2":"type-product","3":"status-publish","5":"product_cat-biyografi-otobiyografi-edebiyat","6":"product_cat-edebiyat","7":"pa_cilt-ciltsiz","8":"pa_tur-kitap","9":"pa_yayinevi-yapi-kredi-yayinlari","10":"pa_yazar-vecihi-hurkus","12":"first","13":"instock","14":"sale","15":"shipping-taxable","16":"purchasable","17":"product-type-simple"},"_links":{"self":[{"href":"https:\/\/roveyayinevi.com.tr\/index.php\/wp-json\/wp\/v2\/product\/693825","targetHints":{"allow":["GET"]}}],"collection":[{"href":"https:\/\/roveyayinevi.com.tr\/index.php\/wp-json\/wp\/v2\/product"}],"about":[{"href":"https:\/\/roveyayinevi.com.tr\/index.php\/wp-json\/wp\/v2\/types\/product"}],"wp:attachment":[{"href":"https:\/\/roveyayinevi.com.tr\/index.php\/wp-json\/wp\/v2\/media?parent=693825"}],"wp:term":[{"taxonomy":"product_brand","embeddable":true,"href":"https:\/\/roveyayinevi.com.tr\/index.php\/wp-json\/wp\/v2\/product_brand?post=693825"},{"taxonomy":"product_cat","embeddable":true,"href":"https:\/\/roveyayinevi.com.tr\/index.php\/wp-json\/wp\/v2\/product_cat?post=693825"},{"taxonomy":"product_tag","embeddable":true,"href":"https:\/\/roveyayinevi.com.tr\/index.php\/wp-json\/wp\/v2\/product_tag?post=693825"}],"curies":[{"name":"wp","href":"https:\/\/api.w.org\/{rel}","templated":true}]}}