{"id":693796,"date":"2025-08-27T14:16:33","date_gmt":"2025-08-27T11:16:33","guid":{"rendered":"https:\/\/roveyayinevi.com.tr\/index.php\/urun\/turkiye-selcuklulari-osmanlidan-once-onlar-vardi\/"},"modified":"2026-04-16T02:03:47","modified_gmt":"2026-04-15T23:03:47","slug":"turkiye-selcuklulari-osmanlidan-once-onlar-vardi","status":"publish","type":"product","link":"https:\/\/roveyayinevi.com.tr\/index.php\/urun\/turkiye-selcuklulari-osmanlidan-once-onlar-vardi\/","title":{"rendered":"T\u00fcrkiye Sel\u00e7uklular\u0131 &#8211; Osmanl\u0131&#8217;dan \u00d6nce Onlar Vard\u0131"},"content":{"rendered":"<p>\u00d6nce Ortado\u011fu\u2019da egemenlik kurdular, sonra Anadolu\u2019ya y\u00f6neldiler. Malazgirt Zaferi\u2019nin ard\u0131ndan Anadolu\u2019nun kap\u0131lar\u0131n\u0131 T\u00fcrklere a\u00e7t\u0131lar. Bir yanda k\u00f6kl\u00fc bir imparatorluk olan Bizansl\u0131larla m\u00fccadele ettiler, sonra b\u00f6lgeyi yang\u0131n yerine \u00e7eviren Mo\u011follar\u0131n istilalar\u0131na maruz kald\u0131lar. K\u0131sa s\u00fcrede Avrupa\u2019n\u0131n da dikkatini \u00e7ektiler, sald\u0131klar\u0131 korku ve \u201cTanr\u0131\u2019dan tamam\u0131yla y\u00fcz \u00e7evirmi\u015f lanetli bir\u201d kavim olup, \u201cdo\u011fudaki H\u0131ristiyan topraklar\u0131n\u0131 istila ederek k\u0131l\u0131\u00e7la, \u00e7apulla ve ate\u015fle soylar\u0131n\u0131\u201d kuruttuklar\u0131 gerek\u00e7esiyle kendilerine kar\u015f\u0131 Ha\u00e7l\u0131 seferleri d\u00fczenlendi. Onlar\u0131n d\u00f6nemine kadar Anadolu\u2019yu Romal\u0131lar\u0131n \u00fclkesi anlam\u0131na gelen Romania ismiyle anan Bat\u0131l\u0131 kaynaklar, onlarla birlikte bu co\u011frafyay\u0131 Turkia ad\u0131yla anmaya ba\u015flad\u0131lar. Onlar\u0131n akl\u0131nda, bu co\u011frafyay\u0131 T\u00fcrkle\u015ftirmek ve \u0130sl\u00e2mla\u015ft\u0131rmak vard\u0131. Anadolu\u2019nun T\u00fcrk yurdu haline gelmesinde en b\u00fcy\u00fck paya, en belirleyici role sahiptiler. Peki Anadolu T\u00fcrklerinin tarihinde bunca etkili bir yere sahip olmalar\u0131na ra\u011fmen neden unutuldular? Osmanl\u0131 \u0130mparatorlu\u011fu\u2019nun kuruldu\u011fu d\u00f6neme kadar T\u00fcrklerin Anadolu Yar\u0131madas\u0131\u2019ndaki siyasal liderli\u011fini yapan bir devlet, hem de b\u00fcy\u00fck bir devlet hakk\u0131nda neden yeterli bilgiye sahip de\u011filiz? T\u00fcrkiye\u2019nin temellerini atan ve Osmanl\u0131\u2019n\u0131n sosyal, siyasal ve k\u00fclt\u00fcrel arka plan\u0131n\u0131 olu\u015fturan Sel\u00e7uklular ger\u00e7ekte kimdir? Prof. Dr. Mehmet Ersan ve Yrd. Do\u00e7. Dr. Mustafa Alican taraf\u0131ndan kaleme al\u0131nan Osmanl\u0131\u2019dan \u00d6nce Onlar Vard\u0131\/T\u00fcrkiye Sel\u00e7uklular\u0131, modern T\u00fcrkiye tarihinin ba\u015flang\u0131\u00e7 noktas\u0131 olan T\u00fcrkiye Sel\u00e7uklular\u0131n\u0131 genel bir tarihsel \u00e7er\u00e7eve i\u00e7erisinde ele alan bir \u00e7al\u0131\u015fma olarak, gerek Osmanl\u0131 \u00f6ncesi d\u00f6nemin M\u00fcsl\u00fcman T\u00fcrk tarihi \u00fczerindeki belirleyici etkisine, gerek Osmanl\u0131 miras\u0131n\u0131n geli\u015fti\u011fi siyasal ve sosyok\u00fclt\u00fcrel ortama \u0131\u015f\u0131k d\u00fc\u015f\u00fcrmek amac\u0131yla Sel\u00e7uklular\u0131 g\u00fcn\u00fcm\u00fcze ta\u015f\u0131yacak.<\/p>\n","protected":false},"excerpt":{"rendered":"<p>\u00d6nce Ortado\u011fu\u2019da egemenlik kurdular, sonra Anadolu\u2019ya y\u00f6neldiler. Malazgirt Zaferi\u2019nin ard\u0131ndan Anadolu\u2019nun kap\u0131lar\u0131n\u0131 T\u00fcrklere a\u00e7t\u0131lar. Bir yanda k\u00f6kl\u00fc bir imparatorluk olan Bizansl\u0131larla m\u00fccadele ettiler, sonra b\u00f6lgeyi yang\u0131n<span class=\"excerpt-hellip\"> [\u2026]<\/span><\/p>\n","protected":false},"featured_media":0,"template":"","meta":{"_monsterinsights_skip_tracking":false,"_monsterinsights_sitenote_active":false,"_monsterinsights_sitenote_note":"","_monsterinsights_sitenote_category":0},"product_brand":[],"product_cat":[12304,13650],"product_tag":[],"class_list":{"0":"post-693796","1":"product","2":"type-product","3":"status-publish","5":"product_cat-tarih","6":"product_cat-turk-tarihi-arastirmalari","7":"pa_cilt-ciltsiz","8":"pa_tur-kitap","9":"pa_yayinevi-timas-yayinlari","10":"pa_yazar-mustafa-alican","12":"first","13":"instock","14":"sale","15":"shipping-taxable","16":"purchasable","17":"product-type-simple"},"_links":{"self":[{"href":"https:\/\/roveyayinevi.com.tr\/index.php\/wp-json\/wp\/v2\/product\/693796","targetHints":{"allow":["GET"]}}],"collection":[{"href":"https:\/\/roveyayinevi.com.tr\/index.php\/wp-json\/wp\/v2\/product"}],"about":[{"href":"https:\/\/roveyayinevi.com.tr\/index.php\/wp-json\/wp\/v2\/types\/product"}],"wp:attachment":[{"href":"https:\/\/roveyayinevi.com.tr\/index.php\/wp-json\/wp\/v2\/media?parent=693796"}],"wp:term":[{"taxonomy":"product_brand","embeddable":true,"href":"https:\/\/roveyayinevi.com.tr\/index.php\/wp-json\/wp\/v2\/product_brand?post=693796"},{"taxonomy":"product_cat","embeddable":true,"href":"https:\/\/roveyayinevi.com.tr\/index.php\/wp-json\/wp\/v2\/product_cat?post=693796"},{"taxonomy":"product_tag","embeddable":true,"href":"https:\/\/roveyayinevi.com.tr\/index.php\/wp-json\/wp\/v2\/product_tag?post=693796"}],"curies":[{"name":"wp","href":"https:\/\/api.w.org\/{rel}","templated":true}]}}