{"id":693758,"date":"2025-08-27T14:16:25","date_gmt":"2025-08-27T11:16:25","guid":{"rendered":"https:\/\/roveyayinevi.com.tr\/index.php\/urun\/osmanlidan-gunumuze-ortadoguda-millet-milliyet-milliyetcilik\/"},"modified":"2026-04-16T02:03:46","modified_gmt":"2026-04-15T23:03:46","slug":"osmanlidan-gunumuze-ortadoguda-millet-milliyet-milliyetcilik","status":"publish","type":"product","link":"https:\/\/roveyayinevi.com.tr\/index.php\/urun\/osmanlidan-gunumuze-ortadoguda-millet-milliyet-milliyetcilik\/","title":{"rendered":"Osmanl\u0131\u2019dan G\u00fcn\u00fcm\u00fcze Ortado\u011fu\u2019da Millet, Milliyet, Milliyet\u00e7ilik"},"content":{"rendered":"<p>Prof. Dr. Kemal H. Karpat\u2018tan Osmanl\u0131\u2018da y\u00fcz elli y\u0131l boyunca tart\u0131\u015f\u0131lm\u0131\u015f ve T\u00fcrkiye Cumhuriyeti\u2018nde hala tart\u0131\u015f\u0131lan temel konulardan millet ve milliyet\u00e7ilik \u00fczerine muhte\u015fem bir \u00e7al\u0131\u015fma. Ortado\u011fu\u2018da Millet, Milliyet, Milliyet\u00e7ilik, Osmanl\u0131 s\u0131n\u0131rlar\u0131nda bulunan ve Osmanl\u0131\u2018dan ayr\u0131lm\u0131\u015f olan \u00fclkelerin yan\u0131 s\u0131ra T\u00fcrkiye\u2018de milliyet\u00e7ilik konusuna yeni bir bak\u0131\u015f a\u00e7\u0131s\u0131 getiriyor. Osmanl\u0131 \u0130mparatorlu\u011fu\u2018nun ard\u0131ndan Ortado\u011fu\u2018da ortaya \u00e7\u0131kan devletlerin siyasal, toplumsal, ekonomik ve k\u00fclt\u00fcrel yap\u0131lar\u0131nda Osmanl\u0131 miras\u0131n\u0131 detaylar\u0131yla anlatan Karpat ayr\u0131ca, Ortado\u011fu milletlerinin millet olma ve devlet kurma s\u00fcre\u00e7lerindeki de\u011fi\u015fimi, de\u011fi\u015fme ve s\u00fcreklilik unsurlar\u0131n\u0131 olu\u015fturan kurumlar ve yap\u0131lar aras\u0131ndaki ba\u011flant\u0131lar\u0131 ve milli-devlete d\u00f6n\u00fc\u015fme a\u015famalar\u0131n\u0131, geni\u015f tarihsel bilgi birikimiyle kurdu\u011fu toplumsal-ekonomik yakla\u015f\u0131m ve kar\u015f\u0131la\u015ft\u0131rmal\u0131 tarih \u00e7er\u00e7evesinde sunmakta. Millet, milliyet\u00e7ilik kavramlar\u0131n\u0131n tarih\u00ee geli\u015fimi, Osmanl\u0131 \u0130mparatorlu\u011fu\u2018nun son d\u00f6nemlerinde millet ve milliyet\u00e7ilik, Osmanl\u0131 sonras\u0131 devletler aras\u0131ndaki uyumsuzlu\u011fun nedenleri, Medeniyetler \u00e7at\u0131\u015fmas\u0131, T\u00fcrk-Arap ili\u015fkileri, T\u00fcrkiye-\u0130srail ili\u015fkileri, Ortado\u011fu\u2018da Osmanl\u0131 etnik ve dinsel miras\u0131, K\u0131br\u0131s \u00fczerinde sava\u015f ba\u015fl\u0131klar\u0131 alt\u0131nda Ortado\u011fu ve T\u00fcrkiye \u00fczerine incelemelerde bulunan Karpat, Bat\u0131\u2018daki Ortado\u011fu \u00e7al\u0131\u015fmalar\u0131n\u0131n arka plan\u0131n\u0131 da g\u00f6zler \u00f6n\u00fcne seriyor. \ufffcTan\u0131t\u0131m Metni<\/p>\n","protected":false},"excerpt":{"rendered":"<p>Prof. Dr. Kemal H. Karpat\u2018tan Osmanl\u0131\u2018da y\u00fcz elli y\u0131l boyunca tart\u0131\u015f\u0131lm\u0131\u015f ve T\u00fcrkiye Cumhuriyeti\u2018nde hala tart\u0131\u015f\u0131lan temel konulardan millet ve milliyet\u00e7ilik \u00fczerine muhte\u015fem bir \u00e7al\u0131\u015fma. Ortado\u011fu\u2018da<span class=\"excerpt-hellip\"> [\u2026]<\/span><\/p>\n","protected":false},"featured_media":0,"template":"","meta":{"_monsterinsights_skip_tracking":false,"_monsterinsights_sitenote_active":false,"_monsterinsights_sitenote_note":"","_monsterinsights_sitenote_category":0},"product_brand":[],"product_cat":[13656,12337],"product_tag":[],"class_list":{"0":"post-693758","1":"product","2":"type-product","3":"status-publish","5":"product_cat-azinliklar-etnik-sorunlar","6":"product_cat-politika-siyaset","7":"pa_cilt-ciltsiz","8":"pa_tur-kitap","9":"pa_yayinevi-timas-yayinlari","10":"pa_yazar-kemal-h-karpat","12":"first","13":"instock","14":"sale","15":"shipping-taxable","16":"purchasable","17":"product-type-simple"},"_links":{"self":[{"href":"https:\/\/roveyayinevi.com.tr\/index.php\/wp-json\/wp\/v2\/product\/693758","targetHints":{"allow":["GET"]}}],"collection":[{"href":"https:\/\/roveyayinevi.com.tr\/index.php\/wp-json\/wp\/v2\/product"}],"about":[{"href":"https:\/\/roveyayinevi.com.tr\/index.php\/wp-json\/wp\/v2\/types\/product"}],"wp:attachment":[{"href":"https:\/\/roveyayinevi.com.tr\/index.php\/wp-json\/wp\/v2\/media?parent=693758"}],"wp:term":[{"taxonomy":"product_brand","embeddable":true,"href":"https:\/\/roveyayinevi.com.tr\/index.php\/wp-json\/wp\/v2\/product_brand?post=693758"},{"taxonomy":"product_cat","embeddable":true,"href":"https:\/\/roveyayinevi.com.tr\/index.php\/wp-json\/wp\/v2\/product_cat?post=693758"},{"taxonomy":"product_tag","embeddable":true,"href":"https:\/\/roveyayinevi.com.tr\/index.php\/wp-json\/wp\/v2\/product_tag?post=693758"}],"curies":[{"name":"wp","href":"https:\/\/api.w.org\/{rel}","templated":true}]}}