{"id":693549,"date":"2025-08-27T14:14:59","date_gmt":"2025-08-27T11:14:59","guid":{"rendered":"https:\/\/roveyayinevi.com.tr\/index.php\/urun\/dar-kapi\/"},"modified":"2026-04-16T02:03:10","modified_gmt":"2026-04-15T23:03:10","slug":"dar-kapi","status":"publish","type":"product","link":"https:\/\/roveyayinevi.com.tr\/index.php\/urun\/dar-kapi\/","title":{"rendered":"Dar Kap\u0131"},"content":{"rendered":"<p>Hayat\u0131n biricik anlam\u0131 olacak kadar derin bir a\u015fk\u0131n trajediye d\u00f6n\u00fc\u015ft\u00fc\u011f\u00fc Dar Kap\u0131\u2019da sorgulanan, erdeme giden yolun zorlu\u011fudur. Jerome b\u00fct\u00fcn erdemlerini a\u015fk\u0131yla ayakta tutarken, Alissa ger\u00e7ek erdemin her \u015feyden ar\u0131nm\u0131\u015f olmas\u0131 gerekti\u011fine inan\u0131r.Fedak\u00e2rl\u0131k nedir, insan a\u015fk i\u00e7in nelerden vazge\u00e7er? Peki ya ilahi a\u015fk?.. Safl\u0131k i\u00e7in, Tanr\u0131\u2019ya tertemiz geri d\u00f6nmek i\u00e7in, erdem olarak kabul edilen de\u011ferleri korumak i\u00e7in insan hayat\u0131n\u0131 verebilir mi?Dar Kap\u0131, tercihlerini zor olandan yana kullananlar\u0131n ya\u015fad\u0131\u011f\u0131 ruhsal f\u0131rt\u0131nalar\u0131n\u0131 g\u00f6zler \u00f6n\u00fcne sererken, Nobel Edebiyat \u00d6d\u00fcll\u00fc Andr\u00e9 Gide, \u00e7arp\u0131c\u0131 \u00fcslubuyla okuru derinden etkiliyor.<\/p>\n","protected":false},"excerpt":{"rendered":"<p>Hayat\u0131n biricik anlam\u0131 olacak kadar derin bir a\u015fk\u0131n trajediye d\u00f6n\u00fc\u015ft\u00fc\u011f\u00fc Dar Kap\u0131\u2019da sorgulanan, erdeme giden yolun zorlu\u011fudur. Jerome b\u00fct\u00fcn erdemlerini a\u015fk\u0131yla ayakta tutarken, Alissa ger\u00e7ek erdemin<span class=\"excerpt-hellip\"> [\u2026]<\/span><\/p>\n","protected":false},"featured_media":0,"template":"","meta":{"_monsterinsights_skip_tracking":false,"_monsterinsights_sitenote_active":false,"_monsterinsights_sitenote_note":"","_monsterinsights_sitenote_category":0},"product_brand":[],"product_cat":[12291,13376],"product_tag":[],"class_list":{"0":"post-693549","1":"product","2":"type-product","3":"status-publish","5":"product_cat-edebiyat","6":"product_cat-fransiz-edebiyati","7":"pa_cilt-ciltsiz","8":"pa_tur-kitap","9":"pa_yayinevi-timas-yayinlari","10":"pa_yazar-andre-gide","12":"first","13":"instock","14":"sale","15":"shipping-taxable","16":"purchasable","17":"product-type-simple"},"_links":{"self":[{"href":"https:\/\/roveyayinevi.com.tr\/index.php\/wp-json\/wp\/v2\/product\/693549","targetHints":{"allow":["GET"]}}],"collection":[{"href":"https:\/\/roveyayinevi.com.tr\/index.php\/wp-json\/wp\/v2\/product"}],"about":[{"href":"https:\/\/roveyayinevi.com.tr\/index.php\/wp-json\/wp\/v2\/types\/product"}],"wp:attachment":[{"href":"https:\/\/roveyayinevi.com.tr\/index.php\/wp-json\/wp\/v2\/media?parent=693549"}],"wp:term":[{"taxonomy":"product_brand","embeddable":true,"href":"https:\/\/roveyayinevi.com.tr\/index.php\/wp-json\/wp\/v2\/product_brand?post=693549"},{"taxonomy":"product_cat","embeddable":true,"href":"https:\/\/roveyayinevi.com.tr\/index.php\/wp-json\/wp\/v2\/product_cat?post=693549"},{"taxonomy":"product_tag","embeddable":true,"href":"https:\/\/roveyayinevi.com.tr\/index.php\/wp-json\/wp\/v2\/product_tag?post=693549"}],"curies":[{"name":"wp","href":"https:\/\/api.w.org\/{rel}","templated":true}]}}