{"id":693533,"date":"2025-08-27T14:14:55","date_gmt":"2025-08-27T11:14:55","guid":{"rendered":"https:\/\/roveyayinevi.com.tr\/index.php\/urun\/huseyin-siret\/"},"modified":"2026-04-16T02:03:10","modified_gmt":"2026-04-15T23:03:10","slug":"huseyin-siret","status":"publish","type":"product","link":"https:\/\/roveyayinevi.com.tr\/index.php\/urun\/huseyin-siret\/","title":{"rendered":"H\u00fcseyin Siret"},"content":{"rendered":"<p>Muhalifli\u011fi,  J\u00f6n T\u00fcrk l\u00fc\u011f\u00fc, Ad\u0131yaman s\u00fcrg\u00fcn\u00fc, Paris\u2018te, \u0130svi\u00e7re\u2018de ve Selanik\u2018te ya\u015fad\u0131klar\u0131, Osmanl\u0131\u2018n\u0131n son d\u00f6nemindeki \u015fahitlikleri, II. Me\u015frutiyet ve Cumhuriyet\u2018in ilk g\u00fcnlerindeki tavr\u0131 ve duru\u015fuyla bir \u015fair: H\u00fcseyin S\u00eeret. S\u0131rl\u0131 Bir Dervi\u015f: Fahreddin Efendi\u2018yi ziyaret eder ve irticalen s\u00f6yler.  Y\u00fcz s\u00fcren derg\u00e2h-\u0131 Pir\u2018e d\u00f6rt ba\u015f\u0131 ma\u2018mur olur  K\u0131rg\u0131n Bir \u015eair: Heyecan\u0131 \u00fczerine, yak\u0131n dostuyla hissettiklerini tarif eder.  K\u00fc\u00e7\u00fcc\u00fck bir edeb\u00ee hadise bizleri heyecana getirir, (Tevfik) Fikret\u2018le ba\u015f ba\u015fa A\u015fiyan\u2018da a\u011flad\u0131\u011f\u0131m\u0131z g\u00fcnler olurdu . Kendi \u015fiiri \u00fczerine m\u0131r\u0131ldan\u0131r.  Ben elem sultan\u0131n\u0131n \u015fairi oldu\u011fum i\u00e7in bana zevki, elem ihsan eder.  Bedbaht Bir Muhalif: \u00d6\u011frencilerin s\u0131nav k\u00e2\u011f\u0131tlar\u0131n\u0131 okuyan H\u00fcseyin S\u00eeret\u2018i g\u00f6ren Hakk\u0131 S\u00fcha Gezgin i\u00e7tenlikle s\u00f6yler.  Bin gaza ve bin zafer yadig\u00e2r\u0131 bir k\u0131l\u0131\u00e7la so\u011fan do\u011framak gibi bir \u015feydi bu. \u0130\u00e7im yand\u0131.  \u00d6mer Tu\u011frul \u0130nan\u00e7er\u2018in takdimiyle, Turan Karata\u015f\u2018\u0131n kaleminden her y\u00f6n\u00fcyle bir H\u00fcseyin S\u00eeret portresi. <\/p>\n","protected":false},"excerpt":{"rendered":"<p>Muhalifli\u011fi, J\u00f6n T\u00fcrk l\u00fc\u011f\u00fc, Ad\u0131yaman s\u00fcrg\u00fcn\u00fc, Paris\u2018te, \u0130svi\u00e7re\u2018de ve Selanik\u2018te ya\u015fad\u0131klar\u0131, Osmanl\u0131\u2018n\u0131n son d\u00f6nemindeki \u015fahitlikleri, II. Me\u015frutiyet ve Cumhuriyet\u2018in ilk g\u00fcnlerindeki tavr\u0131 ve duru\u015fuyla bir \u015fair:<span class=\"excerpt-hellip\"> [\u2026]<\/span><\/p>\n","protected":false},"featured_media":0,"template":"","meta":{"_monsterinsights_skip_tracking":false,"_monsterinsights_sitenote_active":false,"_monsterinsights_sitenote_note":"","_monsterinsights_sitenote_category":0},"product_brand":[],"product_cat":[14009,12291],"product_tag":[],"class_list":{"0":"post-693533","1":"product","2":"type-product","3":"status-publish","5":"product_cat-biyografi-otobiyografi-edebiyat","6":"product_cat-edebiyat","7":"pa_tur-kitap","8":"pa_yayinevi-timas-yayinlari","9":"pa_yazar-turan-karatas","11":"first","12":"instock","13":"sale","14":"shipping-taxable","15":"purchasable","16":"product-type-simple"},"_links":{"self":[{"href":"https:\/\/roveyayinevi.com.tr\/index.php\/wp-json\/wp\/v2\/product\/693533","targetHints":{"allow":["GET"]}}],"collection":[{"href":"https:\/\/roveyayinevi.com.tr\/index.php\/wp-json\/wp\/v2\/product"}],"about":[{"href":"https:\/\/roveyayinevi.com.tr\/index.php\/wp-json\/wp\/v2\/types\/product"}],"wp:attachment":[{"href":"https:\/\/roveyayinevi.com.tr\/index.php\/wp-json\/wp\/v2\/media?parent=693533"}],"wp:term":[{"taxonomy":"product_brand","embeddable":true,"href":"https:\/\/roveyayinevi.com.tr\/index.php\/wp-json\/wp\/v2\/product_brand?post=693533"},{"taxonomy":"product_cat","embeddable":true,"href":"https:\/\/roveyayinevi.com.tr\/index.php\/wp-json\/wp\/v2\/product_cat?post=693533"},{"taxonomy":"product_tag","embeddable":true,"href":"https:\/\/roveyayinevi.com.tr\/index.php\/wp-json\/wp\/v2\/product_tag?post=693533"}],"curies":[{"name":"wp","href":"https:\/\/api.w.org\/{rel}","templated":true}]}}