{"id":693529,"date":"2025-08-27T14:14:54","date_gmt":"2025-08-27T11:14:54","guid":{"rendered":"https:\/\/roveyayinevi.com.tr\/index.php\/urun\/his-ve-fikir\/"},"modified":"2026-04-16T02:03:10","modified_gmt":"2026-04-15T23:03:10","slug":"his-ve-fikir","status":"publish","type":"product","link":"https:\/\/roveyayinevi.com.tr\/index.php\/urun\/his-ve-fikir\/","title":{"rendered":"His ve Fikir"},"content":{"rendered":"<p>\u0130ttihad, 1960\u2018l\u0131 y\u0131llar\u0131n T\u00fcrkiyesi\u2018nde fikir d\u00fcnyas\u0131na y\u00f6n veren yay\u0131nlardan biriydi. Sadece bir gazete de\u011fil, Z\u00fcbeyir G\u00fcnd\u00fczalp\u2018lerin, Bekir Berk\u2018lerin, Mustafa Polat\u2018lar\u0131n Gayretiyle g\u00fcn\u00fcn meselelerini ele alan, zaman\u0131n toplumsal ve siyasal olaylar\u0131n\u0131 yorumlayan, tavr\u0131n\u0131 koyan, adeta okuyucusuna rehberlik eden bir ocakt\u0131r. Hekimo\u011flu \u0130smail, gazetecili\u011fe \u0130ttihad\u2018da ba\u015flad\u0131. Yaz\u0131lar\u0131 ilk kez  His ve Fikir  ba\u015fl\u0131kl\u0131 k\u00f6\u015fesinde ne\u015fredildi. Elinizdeki kitap, Hekimo\u011flu \u0130smail\u2018in 1967 &#8211; 1971 y\u0131llar\u0131 aras\u0131nda \u0130ttihad gazetesinde yazd\u0131\u011f\u0131 yaz\u0131lar\u0131n derlemesiyle olu\u015ftu. T\u0131pk\u0131 o g\u00fcn\u00fcn \u0130ttihad\u2018\u0131nda oldu\u011fu gibi, yine  His ve Fikir  ba\u015fl\u0131\u011f\u0131yla ve yine o g\u00fcnlerin samimiyetiyle, cesaretiyle&#8230; <\/p>\n","protected":false},"excerpt":{"rendered":"<p>\u0130ttihad, 1960\u2018l\u0131 y\u0131llar\u0131n T\u00fcrkiyesi\u2018nde fikir d\u00fcnyas\u0131na y\u00f6n veren yay\u0131nlardan biriydi. Sadece bir gazete de\u011fil, Z\u00fcbeyir G\u00fcnd\u00fczalp\u2018lerin, Bekir Berk\u2018lerin, Mustafa Polat\u2018lar\u0131n Gayretiyle g\u00fcn\u00fcn meselelerini ele alan, zaman\u0131n<span class=\"excerpt-hellip\"> [\u2026]<\/span><\/p>\n","protected":false},"featured_media":0,"template":"","meta":{"_monsterinsights_skip_tracking":false,"_monsterinsights_sitenote_active":false,"_monsterinsights_sitenote_note":"","_monsterinsights_sitenote_category":0},"product_brand":[],"product_cat":[12782,12291],"product_tag":[],"class_list":{"0":"post-693529","1":"product","2":"type-product","3":"status-publish","5":"product_cat-alman-edebiyati","6":"product_cat-edebiyat","7":"pa_tur-kitap","8":"pa_yayinevi-timas-yayinlari","9":"pa_yazar-hekimoglu-ismail","11":"first","12":"instock","13":"sale","14":"shipping-taxable","15":"purchasable","16":"product-type-simple"},"_links":{"self":[{"href":"https:\/\/roveyayinevi.com.tr\/index.php\/wp-json\/wp\/v2\/product\/693529","targetHints":{"allow":["GET"]}}],"collection":[{"href":"https:\/\/roveyayinevi.com.tr\/index.php\/wp-json\/wp\/v2\/product"}],"about":[{"href":"https:\/\/roveyayinevi.com.tr\/index.php\/wp-json\/wp\/v2\/types\/product"}],"wp:attachment":[{"href":"https:\/\/roveyayinevi.com.tr\/index.php\/wp-json\/wp\/v2\/media?parent=693529"}],"wp:term":[{"taxonomy":"product_brand","embeddable":true,"href":"https:\/\/roveyayinevi.com.tr\/index.php\/wp-json\/wp\/v2\/product_brand?post=693529"},{"taxonomy":"product_cat","embeddable":true,"href":"https:\/\/roveyayinevi.com.tr\/index.php\/wp-json\/wp\/v2\/product_cat?post=693529"},{"taxonomy":"product_tag","embeddable":true,"href":"https:\/\/roveyayinevi.com.tr\/index.php\/wp-json\/wp\/v2\/product_tag?post=693529"}],"curies":[{"name":"wp","href":"https:\/\/api.w.org\/{rel}","templated":true}]}}