{"id":693494,"date":"2025-08-27T14:14:47","date_gmt":"2025-08-27T11:14:47","guid":{"rendered":"https:\/\/roveyayinevi.com.tr\/index.php\/urun\/balkanlarda-osmanli-mirasi-ve-milliyetcilik\/"},"modified":"2026-04-16T02:03:09","modified_gmt":"2026-04-15T23:03:09","slug":"balkanlarda-osmanli-mirasi-ve-milliyetcilik","status":"publish","type":"product","link":"https:\/\/roveyayinevi.com.tr\/index.php\/urun\/balkanlarda-osmanli-mirasi-ve-milliyetcilik\/","title":{"rendered":"Balkanlar\u2019da Osmanl\u0131 Miras\u0131 ve Milliyet\u00e7ilik"},"content":{"rendered":"<p>2012 senesi, Balkan Sava\u015f\u0131\u2018n\u0131n y\u00fcz\u00fcnc\u00fc y\u0131ld\u00f6n\u00fcm\u00fcd\u00fcr. Bu tarih, Osmanl\u0131 Devleti\u2018nin u\u011frad\u0131\u011f\u0131 en b\u00fcy\u00fck hezimetlerden biri oldu\u011fu gibi Balkanlar\u2018dan \u00e7ekili\u015finin ve da\u011f\u0131lmas\u0131n\u0131n da son habercisidir. Nitekim 1912 Balkan Sava\u015f\u0131\u2018ndan iki y\u0131l sonra Osmanl\u0131, D\u00fcnya Sava\u015f\u0131\u2018na kat\u0131lm\u0131\u015f ve Almanya\u2018n\u0131n bir di\u011fer m\u00fcttefiki olan Bulgaristan\u2018\u0131n, 1918\u2018in sonbahar\u0131nda sava\u015ftan \u00e7ekilmesi \u00fczerine m\u00fcttefiklere (\u0130ngiltere, Fransa, vs.) teslim olmu\u015ftur. Dikkatle g\u00f6z \u00f6n\u00fcnde tutulacak nokta, Birinci D\u00fcnya Sava\u015f\u0131\u2018n\u0131 tetikleyen olay\u0131n yani Avusturya Veliaht\u0131\u2018n\u0131n Saraybosna\u2018da katledilmesi hadisesinin Balkanlarda olmu\u015f ve Osmanl\u0131\u2018n\u0131n sonunun yine orada Bulgaristan\u2018\u0131n teslimiyle ger\u00e7ekle\u015fmi\u015f olmas\u0131d\u0131r. Osmanl\u0131\u2018n\u0131n ger\u00e7ek anlamda bir devlet haline gelmesi, g\u00fc\u00e7lenmesi ve b\u00fcy\u00fcmesinin, 1360-1444\u2018te Balkanlar\u0131n, 1453\u2018te de \u0130stanbul\u2018un fethi ile ger\u00e7ekle\u015fti\u011fi d\u00fc\u015f\u00fcn\u00fcl\u00fcrse, Balkanlar\u2018\u0131n Osmanl\u0131 ve T\u00fcrk tarihindeki \u00f6nemi kendili\u011finden ortaya \u00e7\u0131kar. -Kemal H. Karpat- Balkanlar\u2018da Osmanl\u0131 Miras\u0131 ve Milliyet\u00e7ilik, Balkanlar\u2018daki hakimiyeti yakla\u015f\u0131k 500 y\u0131l s\u00fcren Osmanl\u0131 \u0130mparatorlu\u011fu\u2018nun ard\u0131ndan, bu topraklarda ortaya \u00e7\u0131kan siyasal, toplumsal ve ekonomik yap\u0131lar\u0131n tarihidir. Kemal H. Karpat, Balkan tarihinin, Osmanl\u0131 tarihinden ayr\u0131 d\u00fc\u015f\u00fcn\u00fclemeyece\u011fini \u00f6nemle vurgulay\u0131p; Balkan Sava\u015flar\u0131\u2018ndan sonra yap\u0131lan her t\u00fcrl\u00fc siyasi, hukuki ve kurumsal yeniden yap\u0131lanmada Osmanl\u0131\u2018n\u0131n etkilerini analitik bir bak\u0131\u015f a\u00e7\u0131s\u0131yla inceleyerek muhte\u015fem bir eser ortaya koymu\u015ftur. Bu eser, Balkan Sava\u015flar\u0131\u2018n\u0131n 100. Y\u0131ld\u00f6n\u00fcm\u00fc\u2018nde b\u00fct\u00fcn g\u00f6zlerin, h\u00e2l\u00e2 her \u015fehrinde, her soka\u011f\u0131nda, her t\u00fcrk\u00fcs\u00fcnde, her yeme\u011finde Osmanl\u0131 k\u00fclt\u00fcr\u00fcnden, Osmanl\u0131 sanat\u0131ndan, Osmanl\u0131 mimarisinden bir\u00e7ok n\u00fcve bar\u0131nd\u0131ran Balkanlar\u2018a \u00e7evrilmesine sebep olacakt\u0131r&#8230; \ufffc<\/p>\n","protected":false},"excerpt":{"rendered":"<p>2012 senesi, Balkan Sava\u015f\u0131\u2018n\u0131n y\u00fcz\u00fcnc\u00fc y\u0131ld\u00f6n\u00fcm\u00fcd\u00fcr. Bu tarih, Osmanl\u0131 Devleti\u2018nin u\u011frad\u0131\u011f\u0131 en b\u00fcy\u00fck hezimetlerden biri oldu\u011fu gibi Balkanlar\u2018dan \u00e7ekili\u015finin ve da\u011f\u0131lmas\u0131n\u0131n da son habercisidir. Nitekim 1912<span class=\"excerpt-hellip\"> [\u2026]<\/span><\/p>\n","protected":false},"featured_media":0,"template":"","meta":{"_monsterinsights_skip_tracking":false,"_monsterinsights_sitenote_active":false,"_monsterinsights_sitenote_note":"","_monsterinsights_sitenote_category":0},"product_brand":[],"product_cat":[12370,12304],"product_tag":[],"class_list":{"0":"post-693494","1":"product","2":"type-product","3":"status-publish","5":"product_cat-arastirma-inceleme","6":"product_cat-tarih","7":"pa_cilt-ciltsiz","8":"pa_tur-kitap","9":"pa_yayinevi-timas-yayinlari","10":"pa_yazar-kemal-h-karpat","12":"first","13":"instock","14":"sale","15":"shipping-taxable","16":"purchasable","17":"product-type-simple"},"_links":{"self":[{"href":"https:\/\/roveyayinevi.com.tr\/index.php\/wp-json\/wp\/v2\/product\/693494","targetHints":{"allow":["GET"]}}],"collection":[{"href":"https:\/\/roveyayinevi.com.tr\/index.php\/wp-json\/wp\/v2\/product"}],"about":[{"href":"https:\/\/roveyayinevi.com.tr\/index.php\/wp-json\/wp\/v2\/types\/product"}],"wp:attachment":[{"href":"https:\/\/roveyayinevi.com.tr\/index.php\/wp-json\/wp\/v2\/media?parent=693494"}],"wp:term":[{"taxonomy":"product_brand","embeddable":true,"href":"https:\/\/roveyayinevi.com.tr\/index.php\/wp-json\/wp\/v2\/product_brand?post=693494"},{"taxonomy":"product_cat","embeddable":true,"href":"https:\/\/roveyayinevi.com.tr\/index.php\/wp-json\/wp\/v2\/product_cat?post=693494"},{"taxonomy":"product_tag","embeddable":true,"href":"https:\/\/roveyayinevi.com.tr\/index.php\/wp-json\/wp\/v2\/product_tag?post=693494"}],"curies":[{"name":"wp","href":"https:\/\/api.w.org\/{rel}","templated":true}]}}