{"id":693458,"date":"2025-08-27T14:14:40","date_gmt":"2025-08-27T11:14:40","guid":{"rendered":"https:\/\/roveyayinevi.com.tr\/index.php\/urun\/latin-amerikada-isyanin-tarihi\/"},"modified":"2026-01-29T02:05:55","modified_gmt":"2026-01-28T23:05:55","slug":"latin-amerikada-isyanin-tarihi","status":"publish","type":"product","link":"https:\/\/roveyayinevi.com.tr\/index.php\/urun\/latin-amerikada-isyanin-tarihi\/","title":{"rendered":"Latin Amerika\u2019da \u0130syan\u0131n Tarihi"},"content":{"rendered":"<p>&#8230;XXI. y\u00fczy\u0131l ba\u015flang\u0131c\u0131nda neo-liberal k\u00fcresel piyasa ekonomisinin yoksullu\u011fu ve d\u0131\u015flanmay\u0131 derinle\u015ftirip yayg\u0131nla\u015ft\u0131ran, yerk\u00fcre kaynaklar\u0131n\u0131 geri d\u00f6n\u00fc\u015fs\u00fcz bi\u00e7imde ya\u011fmalay\u0131p do\u011fay\u0131 t\u00fcketen dayatmalar\u0131 kar\u015f\u0131s\u0131nda, Latin Amerika\u2019n\u0131n isyan\u0131n\u0131 yak\u0131ndan izlemeliyiz. Bu isyan\u0131n bir \u2018tarihi\u2019 oldu\u011funu, kendi tarihinin s\u00fcregenlik ve kopu\u015f dinamikleri i\u00e7erisinde o bereketli topraklarda yeniden ve yeniden boyverdi\u011fini hi\u00e7 mi hi\u00e7 akl\u0131m\u0131zdan \u00e7\u0131kartmadan&#8230; K\u00fcresel piyasa ekonomisinin hepimizi d\u00f6n\u00fc\u015ft\u00fcrmeye \u00e7abalad\u0131\u011f\u0131 \u2018seyir toplumu\u2019nun en \u00f6nemli zaaflar\u0131ndan biri \u2018belleksizlik\/belleksizle\u015f(tiril)me\u2019 \u00e7\u00fcnk\u00fc. Bu belleksizle\u015f(tiril)me, kimilerine \u2018Emek, s\u0131n\u0131f, sosyalizm, devrim, kamula\u015ft\u0131rma, demokrasi, milliyet\u00e7ilik, ulusalc\u0131l\u0131k, ba\u011f\u0131ms\u0131zl\u0131k gibi b\u00fct\u00fcn hayat\u0131m\u0131z\u0131 belirleyen s\u00f6zc\u00fcklerin anlam\u0131 de\u011fi\u015fti,\u2019 dedirten bir \u2018yenilik\u00e7ilik\u2019 tutkusu k\u0131l\u0131\u011f\u0131nda dola\u015f\u0131yor aram\u0131zda \u015fimdilerde. Belle\u011fimizi kendi ellerimizle sili\u015fimiz, insanla\u015fmaya de\u011fin her kavram\u0131m\u0131z\u0131, her \u00f6zlemimizi (\u2018eskidi\u2019 diyerek) piyasa tanr\u0131lar\u0131n\u0131n \u00f6n\u00fcne f\u0131rlat\u0131p at\u0131\u015f\u0131m\u0131z, bizi yetilerimizin en insan\u00ee olan\u0131ndan, \u2018yapabilme\u2019 yetimizden soyuyor oysa. Bu kitapta Latin Amerika\u2019n\u0131n iki y\u00fczy\u0131ll\u0131k isyan tarihi -\u00f6nderlerinin a\u011fz\u0131ndan- okura sunulurken, k\u0131ta yoksullar\u0131n\u0131n s\u00f6m\u00fcrgecili\u011fe, emperyalizme ve g\u00fcn\u00fcm\u00fcz neo-liberal kapitalizmine kar\u015f\u0131 s\u00fcrd\u00fcrd\u00fc\u011f\u00fc kesintisiz ba\u015fkald\u0131r\u0131n\u0131n k\u00f6\u015fe ta\u015flar\u0131n\u0131 veriliyor &#8211; \u00fclke \u00fclke ve kronolojik dizini i\u00e7erisinde. Latin Amerikal\u0131 devrimcilerin sat\u0131rlar\u0131n\u0131 okurken, \u0130spanyol s\u00f6m\u00fcrgecili\u011finin amans\u0131z d\u00fc\u015fman\u0131 Sim\u00f3n Bol\u00edvar\u2019\u0131n, Perulu kom\u00fcnist Carlos Mari\u00e1tegui\u2019nin antiemperyalizminde yeniden hayat buldu\u011funu; Meksikal\u0131 k\u00f6yl\u00fc isyanc\u0131 Emiliano Zapata\u2019n\u0131n, Nikaragual\u0131 gerilla \u00f6nder Carlos Fonseca\u2019n\u0131n a\u011fz\u0131ndan bize seslendi\u011fine; Flora Tristan\u2019\u0131n egemenlere olan \u00f6fke ve nefretinin K\u00fcba\u2019da Hayd\u00e9e Santamaria\u2019n\u0131n da aralar\u0131nda bulundu\u011fu gerillalar\u0131n bask\u0131n\u0131yla Moncado Garnizonu\u2019nun duvarlar\u0131nda patlad\u0131\u011f\u0131na tan\u0131k oluyoruz&#8230; <\/p>\n","protected":false},"excerpt":{"rendered":"<p>&#8230;XXI. y\u00fczy\u0131l ba\u015flang\u0131c\u0131nda neo-liberal k\u00fcresel piyasa ekonomisinin yoksullu\u011fu ve d\u0131\u015flanmay\u0131 derinle\u015ftirip yayg\u0131nla\u015ft\u0131ran, yerk\u00fcre kaynaklar\u0131n\u0131 geri d\u00f6n\u00fc\u015fs\u00fcz bi\u00e7imde ya\u011fmalay\u0131p do\u011fay\u0131 t\u00fcketen dayatmalar\u0131 kar\u015f\u0131s\u0131nda, Latin Amerika\u2019n\u0131n isyan\u0131n\u0131 yak\u0131ndan<span class=\"excerpt-hellip\"> [\u2026]<\/span><\/p>\n","protected":false},"featured_media":0,"template":"","meta":{"_monsterinsights_skip_tracking":false,"_monsterinsights_sitenote_active":false,"_monsterinsights_sitenote_note":"","_monsterinsights_sitenote_category":0},"product_brand":[],"product_cat":[12312,12304],"product_tag":[],"class_list":{"0":"post-693458","1":"product","2":"type-product","3":"status-publish","5":"product_cat-diger","6":"product_cat-tarih","7":"pa_cilt-ciltsiz","8":"pa_tur-kitap","9":"pa_yayinevi-utopya-yayinevi","10":"pa_yazar-kolektif","12":"first","13":"instock","14":"sale","15":"shipping-taxable","16":"purchasable","17":"product-type-simple"},"_links":{"self":[{"href":"https:\/\/roveyayinevi.com.tr\/index.php\/wp-json\/wp\/v2\/product\/693458","targetHints":{"allow":["GET"]}}],"collection":[{"href":"https:\/\/roveyayinevi.com.tr\/index.php\/wp-json\/wp\/v2\/product"}],"about":[{"href":"https:\/\/roveyayinevi.com.tr\/index.php\/wp-json\/wp\/v2\/types\/product"}],"wp:attachment":[{"href":"https:\/\/roveyayinevi.com.tr\/index.php\/wp-json\/wp\/v2\/media?parent=693458"}],"wp:term":[{"taxonomy":"product_brand","embeddable":true,"href":"https:\/\/roveyayinevi.com.tr\/index.php\/wp-json\/wp\/v2\/product_brand?post=693458"},{"taxonomy":"product_cat","embeddable":true,"href":"https:\/\/roveyayinevi.com.tr\/index.php\/wp-json\/wp\/v2\/product_cat?post=693458"},{"taxonomy":"product_tag","embeddable":true,"href":"https:\/\/roveyayinevi.com.tr\/index.php\/wp-json\/wp\/v2\/product_tag?post=693458"}],"curies":[{"name":"wp","href":"https:\/\/api.w.org\/{rel}","templated":true}]}}