{"id":693443,"date":"2025-08-27T14:14:37","date_gmt":"2025-08-27T11:14:37","guid":{"rendered":"https:\/\/roveyayinevi.com.tr\/index.php\/urun\/ortakci-toplumdan-bugune-kizilbaslik\/"},"modified":"2026-01-29T02:05:55","modified_gmt":"2026-01-28T23:05:55","slug":"ortakci-toplumdan-bugune-kizilbaslik","status":"publish","type":"product","link":"https:\/\/roveyayinevi.com.tr\/index.php\/urun\/ortakci-toplumdan-bugune-kizilbaslik\/","title":{"rendered":"Ortak\u00e7\u0131 Toplumdan Bug\u00fcne K\u0131z\u0131lba\u015fl\u0131k"},"content":{"rendered":"<p>\u0130nsan\u0131 ve insan eme\u011fini merkeze alan bir felsefi anlay\u0131\u015ftan k\u00f6klenen Alevilik &#8211; K\u0131z\u0131lba\u015fl\u0131k, bu \u00f6zelli\u011finden dolay\u0131, kadim \u00e7a\u011flardan bu yana inan\u00e7sal ve y\u00f6netimsel d\u00fczlemdeki egemen ortodoksilerin h\u0131\u015fm\u0131na u\u011fram\u0131\u015f, K\u0131z\u0131lba\u015fl\u0131\u011f\u0131n tarihi neredeyse s\u00fcrekli olarak ya\u015fanan  ka\u00e7gunlarla  \u00f6zde\u015f hale gelmi\u015ftir. G\u00fcn\u00fcm\u00fczdeyse, ortakla\u015fmac\u0131 \/ e\u015fitlik\u00e7i \/ \u00f6zg\u00fcrl\u00fck\u00e7\u00fc bir toplumsal d\u00fczeni \u00f6ng\u00f6ren K\u0131z\u0131lba\u015fl\u0131\u011f\u0131n (Alevili\u011fin) \u0130slaml\u0131k &#8211; T\u00fcrkl\u00fck \u00e7er\u00e7evesi i\u00e7erisine hapsedilmeye, muhalif \u00f6\u011felerinin t\u00f6rp\u00fclenerek ehlile\u015ftirmeye, folklorik bir renge indirgemeye \u00e7al\u0131\u015f\u0131ld\u0131\u011f\u0131na tan\u0131k oluyoruz. Bu kitap, bu k\u00f6kl\u00fc ya\u015fama felsefesinin tarihsel izlerini s\u00fcrmeyi, i\u00e7erdi\u011fi devrimci dinamikleri emperyalizmin ve onun olmazsa olmaz\u0131 dinci gericili\u011fin yaratt\u0131\u011f\u0131  ak\u0131l tutulmas\u0131na  kar\u015f\u0131 bir manifesto bi\u00e7iminde dillendirmeyi ama\u00e7l\u0131yor. <\/p>\n","protected":false},"excerpt":{"rendered":"<p>\u0130nsan\u0131 ve insan eme\u011fini merkeze alan bir felsefi anlay\u0131\u015ftan k\u00f6klenen Alevilik &#8211; K\u0131z\u0131lba\u015fl\u0131k, bu \u00f6zelli\u011finden dolay\u0131, kadim \u00e7a\u011flardan bu yana inan\u00e7sal ve y\u00f6netimsel d\u00fczlemdeki egemen ortodoksilerin<span class=\"excerpt-hellip\"> [\u2026]<\/span><\/p>\n","protected":false},"featured_media":0,"template":"","meta":{"_monsterinsights_skip_tracking":false,"_monsterinsights_sitenote_active":false,"_monsterinsights_sitenote_note":"","_monsterinsights_sitenote_category":0},"product_brand":[],"product_cat":[12305,12304],"product_tag":[],"class_list":{"0":"post-693443","1":"product","2":"type-product","3":"status-publish","5":"product_cat-dunya-tarihi","6":"product_cat-tarih","7":"pa_cilt-ciltsiz","8":"pa_tur-kitap","9":"pa_yayinevi-utopya-yayinevi","10":"pa_yazar-serpil-koksal","12":"first","13":"instock","14":"sale","15":"shipping-taxable","16":"purchasable","17":"product-type-simple"},"_links":{"self":[{"href":"https:\/\/roveyayinevi.com.tr\/index.php\/wp-json\/wp\/v2\/product\/693443","targetHints":{"allow":["GET"]}}],"collection":[{"href":"https:\/\/roveyayinevi.com.tr\/index.php\/wp-json\/wp\/v2\/product"}],"about":[{"href":"https:\/\/roveyayinevi.com.tr\/index.php\/wp-json\/wp\/v2\/types\/product"}],"wp:attachment":[{"href":"https:\/\/roveyayinevi.com.tr\/index.php\/wp-json\/wp\/v2\/media?parent=693443"}],"wp:term":[{"taxonomy":"product_brand","embeddable":true,"href":"https:\/\/roveyayinevi.com.tr\/index.php\/wp-json\/wp\/v2\/product_brand?post=693443"},{"taxonomy":"product_cat","embeddable":true,"href":"https:\/\/roveyayinevi.com.tr\/index.php\/wp-json\/wp\/v2\/product_cat?post=693443"},{"taxonomy":"product_tag","embeddable":true,"href":"https:\/\/roveyayinevi.com.tr\/index.php\/wp-json\/wp\/v2\/product_tag?post=693443"}],"curies":[{"name":"wp","href":"https:\/\/api.w.org\/{rel}","templated":true}]}}