{"id":693434,"date":"2025-08-27T14:14:00","date_gmt":"2025-08-27T11:14:00","guid":{"rendered":"https:\/\/roveyayinevi.com.tr\/index.php\/urun\/iletisim-teknolojileri-ve-toplumsal-gelisme\/"},"modified":"2026-01-29T02:05:55","modified_gmt":"2026-01-28T23:05:55","slug":"iletisim-teknolojileri-ve-toplumsal-gelisme","status":"publish","type":"product","link":"https:\/\/roveyayinevi.com.tr\/index.php\/urun\/iletisim-teknolojileri-ve-toplumsal-gelisme\/","title":{"rendered":"\u0130leti\u015fim Teknolojileri ve Toplumsal Geli\u015fme"},"content":{"rendered":"<p>G\u00fcn\u00fcm\u00fczde neo-liberal ekonomi yanl\u0131lar\u0131, t\u00fcm \u00fclkelere serbest piyasay\u0131 genel bir ilke olarak sunarken bunu toplumsal geli\u015fme ad\u0131na yapt\u0131klar\u0131n\u0131 \u00f6ne s\u00fcrmektedirler. Ancak g\u00fcn\u00fcm\u00fczdeki geli\u015fme kavramsalla\u015ft\u0131rmas\u0131 da, t\u0131pk\u0131 1960\u2019lardaki gibi \u00fcretim s\u00fcrecinde kullan\u0131lacak ya da do\u011frudan t\u00fcketime sunulacak teknolojilerin yay\u0131lmas\u0131 \u00fczerine kurulu olmaya devam etmektedir. Temel ama\u00e7 i\u015f b\u00f6l\u00fcm\u00fcnde ya da \u00fcretimde de\u011fi\u015fiklik yaratan belli teknolojik geli\u015fmelere uyum sa\u011flanmas\u0131 ve b\u00f6ylelikle toplumsal ve ekonomik geli\u015fme kaydedilmesi olmaktad\u0131r. De\u011fi\u015fen, geli\u015fmenin, dolay\u0131s\u0131yla da teknolojik yeniliklerin yay\u0131lmas\u0131n\u0131n ba\u015fl\u0131ca akt\u00f6r\u00fcn\u00fcn piyasa ve piyasa g\u00fc\u00e7leri haline gelmi\u015f olmas\u0131, enformasyon ve ileti\u015fim teknolojilerinin yay\u0131lmas\u0131n\u0131n piyasa ko\u015fullar\u0131na b\u0131rak\u0131lmas\u0131d\u0131r. Yay\u0131lman\u0131n piyasa ko\u015fullar\u0131na b\u0131rak\u0131lmas\u0131, toplumsal geli\u015fme a\u00e7\u0131s\u0131ndan \u00f6nem verilen enformasyon ve ileti\u015fim teknolojilerinin geli\u015fmi\u015f ve geli\u015fmekte olan \u00fclkeler aras\u0131nda nicelik ve nitelik olarak farkl\u0131 bi\u00e7imlerde yay\u0131lmas\u0131n\u0131 beraberinde getirmektedir. Bu \u00e7al\u0131\u015fmada, geli\u015fmi\u015f \u00fclkeler ile geli\u015fmekte olan \u00fclkeler aras\u0131nda enformasyon ve ileti\u015fim teknolojilerinin yay\u0131lmas\u0131 a\u00e7\u0131s\u0131ndan olu\u015fan farkl\u0131l\u0131klar\u0131n ya da e\u015fitsizliklerin nedenleri, b\u00fct\u00fcn bunlar\u0131n uluslararas\u0131 d\u00fczeyde daha derin ve tarihsel e\u015fitsizliklerin yans\u0131mas\u0131 oldu\u011funu unutmaks\u0131z\u0131n, yayg\u0131nla\u015ft\u0131rma politikalar\u0131 ve bu politikalar\u0131n temel ald\u0131\u011f\u0131 modeller ba\u011flam\u0131nda ortaya konmaktad\u0131r. Farkl\u0131l\u0131k ve e\u015fitsizliklerin nedenlerinin a\u00e7\u0131\u011fa \u00e7\u0131kart\u0131lmas\u0131n\u0131n, bu farkl\u0131l\u0131k ve e\u015fitsizlikleri ortadan kald\u0131rmak i\u00e7in verilecek u\u011fra\u015fa g\u00fc\u00e7 vermesi umut edilmektedir. <\/p>\n","protected":false},"excerpt":{"rendered":"<p>G\u00fcn\u00fcm\u00fczde neo-liberal ekonomi yanl\u0131lar\u0131, t\u00fcm \u00fclkelere serbest piyasay\u0131 genel bir ilke olarak sunarken bunu toplumsal geli\u015fme ad\u0131na yapt\u0131klar\u0131n\u0131 \u00f6ne s\u00fcrmektedirler. Ancak g\u00fcn\u00fcm\u00fczdeki geli\u015fme kavramsalla\u015ft\u0131rmas\u0131 da, t\u0131pk\u0131<span class=\"excerpt-hellip\"> [\u2026]<\/span><\/p>\n","protected":false},"featured_media":0,"template":"","meta":{"_monsterinsights_skip_tracking":false,"_monsterinsights_sitenote_active":false,"_monsterinsights_sitenote_note":"","_monsterinsights_sitenote_category":0},"product_brand":[],"product_cat":[15983,13488],"product_tag":[],"class_list":{"0":"post-693434","1":"product","2":"type-product","3":"status-publish","5":"product_cat-iletisim-ve-medya","6":"product_cat-toplum-ve-insan","7":"pa_cilt-ciltsiz","8":"pa_tur-kitap","9":"pa_yayinevi-utopya-yayinevi","10":"pa_yazar-funda-basaran","12":"first","13":"instock","14":"sale","15":"shipping-taxable","16":"purchasable","17":"product-type-simple"},"_links":{"self":[{"href":"https:\/\/roveyayinevi.com.tr\/index.php\/wp-json\/wp\/v2\/product\/693434","targetHints":{"allow":["GET"]}}],"collection":[{"href":"https:\/\/roveyayinevi.com.tr\/index.php\/wp-json\/wp\/v2\/product"}],"about":[{"href":"https:\/\/roveyayinevi.com.tr\/index.php\/wp-json\/wp\/v2\/types\/product"}],"wp:attachment":[{"href":"https:\/\/roveyayinevi.com.tr\/index.php\/wp-json\/wp\/v2\/media?parent=693434"}],"wp:term":[{"taxonomy":"product_brand","embeddable":true,"href":"https:\/\/roveyayinevi.com.tr\/index.php\/wp-json\/wp\/v2\/product_brand?post=693434"},{"taxonomy":"product_cat","embeddable":true,"href":"https:\/\/roveyayinevi.com.tr\/index.php\/wp-json\/wp\/v2\/product_cat?post=693434"},{"taxonomy":"product_tag","embeddable":true,"href":"https:\/\/roveyayinevi.com.tr\/index.php\/wp-json\/wp\/v2\/product_tag?post=693434"}],"curies":[{"name":"wp","href":"https:\/\/api.w.org\/{rel}","templated":true}]}}